{"id":9,"date":"2013-07-06T08:28:37","date_gmt":"2013-07-06T06:28:37","guid":{"rendered":"http:\/\/curlydemo.staging.wpengine.com\/equestrian-v2\/?page_id=9"},"modified":"2021-12-22T12:04:30","modified_gmt":"2021-12-22T11:04:30","slug":"calendrier","status":"publish","type":"page","link":"https:\/\/jeunes-ailes.asso.fr\/site\/index.php\/calendrier\/","title":{"rendered":"Calendrier"},"content":{"rendered":"[vc_row][vc_column css=&#8221;.vc_custom_1583398399216{background-color: rgba(255,255,255,0.29) !important;*background-color: rgb(255,255,255) !important;border-radius: 15px !important;}&#8221;][\/vc_column][vc_column_text]\n<h4 class=\"special-title\">Le calendrier de nos \u00e9v\u00e8nements<\/h4>\n<h5>Passez du virtuel au r\u00e9el et venez \u00e0 la rencontre des Jeunes Ailes au cours des diff\u00e9rents \u00e9v\u00e8nements organis\u00e9s tout au long de l&#8217;ann\u00e9e (visites, rassemblements, stages, vols, voyages a\u00e9ro, etc..).<\/h5>\n[\/vc_column_text][\/vc_row][vc_row][\/vc_row][vc_row][\/vc_row][vc_row][vc_column_text][\/vc_column_text][\/vc_row][vc_row][vc_column][vc_raw_html]JTNDaWZyYW1lJTIwc3JjJTNEJTIyaHR0cHMlM0ElMkYlMkZjYWxlbmRhci5nb29nbGUuY29tJTJGY2FsZW5kYXIlMkZlbWJlZCUzRmhlaWdodCUzRDYwMCUyNmFtcCUzQndrc3QlM0QyJTI2YW1wJTNCYmdjb2xvciUzRCUyNTIzOGZkZGZmJTI2YW1wJTNCY3R6JTNERXVyb3BlJTI1MkZQYXJpcyUyNmFtcCUzQnNyYyUzRFkyOXVkR0ZqZEVCcVpYVnVaWE10WVdsc1pYTXVZWE56Ynk1bWNnJTI2YW1wJTNCc3JjJTNEZEd4dVlYTnBiams1WW5adGEyYzRNMkYxT0djd09HWnphVFJBWjNKdmRYQXVZMkZzWlc1a1lYSXVaMjl2WjJ4bExtTnZiUSUyNmFtcCUzQnNyYyUzRGFuTnBhbXMxYlhCdmJqaHZhR3c0TkRkaVoycHVaMm95YXpSQVozSnZkWEF1WTJGc1pXNWtZWEl1WjI5dloyeGxMbU52YlElMjZhbXAlM0JzcmMlM0Rabkl1Wm5KbGJtTm9JMmh2Ykdsa1lYbEFaM0p2ZFhBdWRpNWpZV3hsYm1SaGNpNW5iMjluYkdVdVkyOXQlMjZhbXAlM0Jjb2xvciUzRCUyNTIzRDUwMDAwJTI2YW1wJTNCY29sb3IlM0QlMjUyM0YwOTMwMCUyNmFtcCUzQmNvbG9yJTNEJTI1MjMwMzlCRTUlMjZhbXAlM0Jjb2xvciUzRCUyNTIzM0Y1MUI1JTI2YW1wJTNCdGl0bGUlM0RBc3NvY2lhdGlvbiUyNTIwSmV1bmVzJTI1MjBBaWxlcyUyMiUyMHN0eWxlJTNEJTIyYm9yZGVyJTNBc29saWQlMjAxcHglMjAlMjM3NzclMjIlMjB3aWR0aCUzRCUyMjkwMCUyMiUyMGhlaWdodCUzRCUyMjYwMCUyMiUyMGZyYW1lYm9yZGVyJTNEJTIyMCUyMiUyMHNjcm9sbGluZyUzRCUyMm5vJTIyJTNFJTNDJTJGaWZyYW1lJTNF[\/vc_raw_html][\/vc_column][\/vc_row][vc_row][\/vc_row][vc_row][\/vc_row][vc_row][vc_column_text][\/vc_column_text][\/vc_row][vc_row][vc_column][vc_column_text]\n<h4 style=\"text-align: left;\">Agenda Jeunes Ailes 2022<\/h4>\n<p>Ci-dessous le fichier PDF r\u00e9capitulatif des prochains \u00e9v\u00e9nements Jeunes Ailes (le JAlendrier 2022). Il sera mis \u00e0 jour r\u00e9guli\u00e8rement par notre ami J\u00e9r\u00f4me.<\/p>\n<p><strong>N&#8217;h\u00e9sitez pas \u00e0 le partager autour de vous (a\u00e9roclubs, amis, etc..) !<br \/>\n<\/strong>[\/vc_column_text][\/vc_column][\/vc_row][vc_message message_box_style=&#8221;solid&#8221; message_box_color=&#8221;warning&#8221; icon_fontawesome=&#8221;&#8221;]<span style=\"font-size: 12pt; color: #000000;\"><strong>En raison de la pand\u00e9mie actuelle du covid-19, certains \u00e9v\u00e8nements sont susceptibles d&#8217;\u00eatre modifi\u00e9s, report\u00e9s voire annul\u00e9s. <\/strong><\/span><\/p>\n<p><span style=\"font-size: 12pt; color: #000000;\"><strong>L&#8217;\u00e9quipe Jeunes Ailes vous tiendra inform\u00e9 des \u00e9volutions via sa Newsletter les &#8220;Nouv&#8217;Ailes&#8221; (n&#8217;oubliez pas de vous y inscrire) ainsi que sur les r\u00e9seaux sociaux. <\/strong><\/span><\/p>\n<p><span style=\"font-size: 12pt; color: #000000;\"><strong>En attendant, prenez soin de vous et des autres !<br \/>\n<\/strong><\/span>[\/vc_message][vc_column_text][vc_row][vc_column width=&#8221;1\/1&#8243;][vc_column_text][vc_row][vc_column width=&#8221;1\/1&#8243;][vc_column_text]\n<h3 style=\"text-align: center;\"><a href=\"https:\/\/jeunes-ailes.asso.fr\/site\/wp-content\/uploads\/2021\/12\/JALENDRIER-2022-1.pdf\"><span style=\"color: #ff0000;\">Cliquer ici pour t\u00e9l\u00e9charger le PDF<\/span><\/a><\/h3>\n<a href=\"https:\/\/jeunes-ailes.asso.fr\/site\/wp-content\/uploads\/2021\/12\/JALENDRIER-2022-1.pdf\" class=\"pdfemb-viewer\" style=\"\" data-width=\"max\" data-height=\"max\" data-mobile-width=\"500\"  data-scrollbar=\"both\" data-download=\"on\" data-tracking=\"on\" data-newwindow=\"on\" data-pagetextbox=\"off\" data-scrolltotop=\"off\" data-startzoom=\"100\" data-startfpzoom=\"100\" data-toolbar=\"bottom\" data-toolbar-fixed=\"on\">JALENDRIER 2022<br\/><\/a>\n","protected":false},"excerpt":{"rendered":"<p>[vc_row][vc_column css=&#8221;.vc_custom_1583398399216{background-color: rgba(255,255,255,0.29) !important;*background-color: rgb(255,255,255) !important;border-radius: 15px !important;}&#8221;][\/vc_column][vc_column_text] Le calendrier de nos \u00e9v\u00e8nements Passez du virtuel au r\u00e9el et venez \u00e0 la rencontre des Jeunes Ailes au cours des diff\u00e9rents \u00e9v\u00e8nements organis\u00e9s tout au long de l&#8217;ann\u00e9e (visites, rassemblements, stages, vols, voyages a\u00e9ro, etc..). [\/vc_column_text][\/vc_row][vc_row][\/vc_row][vc_row][\/vc_row][vc_row][vc_column_text][\/vc_column_text][\/vc_row][vc_row][vc_column][vc_raw_html]JTNDaWZyYW1lJTIwc3JjJTNEJTIyaHR0cHMlM0ElMkYlMkZjYWxlbmRhci5nb29nbGUuY29tJTJGY2FsZW5kYXIlMkZlbWJlZCUzRmhlaWdodCUzRDYwMCUyNmFtcCUzQndrc3QlM0QyJTI2YW1wJTNCYmdjb2xvciUzRCUyNTIzOGZkZGZmJTI2YW1wJTNCY3R6JTNERXVyb3BlJTI1MkZQYXJpcyUyNmFtcCUzQnNyYyUzRFkyOXVkR0ZqZEVCcVpYVnVaWE10WVdsc1pYTXVZWE56Ynk1bWNnJTI2YW1wJTNCc3JjJTNEZEd4dVlYTnBiams1WW5adGEyYzRNMkYxT0djd09HWnphVFJBWjNKdmRYQXVZMkZzWlc1a1lYSXVaMjl2WjJ4bExtTnZiUSUyNmFtcCUzQnNyYyUzRGFuTnBhbXMxYlhCdmJqaHZhR3c0TkRkaVoycHVaMm95YXpSQVozSnZkWEF1WTJGc1pXNWtZWEl1WjI5dloyeGxMbU52YlElMjZhbXAlM0JzcmMlM0Rabkl1Wm5KbGJtTm9JMmh2Ykdsa1lYbEFaM0p2ZFhBdWRpNWpZV3hsYm1SaGNpNW5iMjluYkdVdVkyOXQlMjZhbXAlM0Jjb2xvciUzRCUyNTIzRDUwMDAwJTI2YW1wJTNCY29sb3IlM0QlMjUyM0YwOTMwMCUyNmFtcCUzQmNvbG9yJTNEJTI1MjMwMzlCRTUlMjZhbXAlM0Jjb2xvciUzRCUyNTIzM0Y1MUI1JTI2YW1wJTNCdGl0bGUlM0RBc3NvY2lhdGlvbiUyNTIwSmV1bmVzJTI1MjBBaWxlcyUyMiUyMHN0eWxlJTNEJTIyYm9yZGVyJTNBc29saWQlMjAxcHglMjAlMjM3NzclMjIlMjB3aWR0aCUzRCUyMjkwMCUyMiUyMGhlaWdodCUzRCUyMjYwMCUyMiUyMGZyYW1lYm9yZGVyJTNEJTIyMCUyMiUyMHNjcm9sbGluZyUzRCUyMm5vJTIyJTNFJTNDJTJGaWZyYW1lJTNF[\/vc_raw_html][\/vc_column][\/vc_row][vc_row][\/vc_row][vc_row][\/vc_row][vc_row][vc_column_text][\/vc_column_text][\/vc_row][vc_row][vc_column][vc_column_text] Agenda Jeunes Ailes 2022 Ci-dessous le fichier PDF r\u00e9capitulatif des prochains \u00e9v\u00e9nements Jeunes Ailes (le JAlendrier 2022). Il sera mis \u00e0 jour r\u00e9guli\u00e8rement par notre ami J\u00e9r\u00f4me. N&#8217;h\u00e9sitez pas \u00e0 le partager autour de vous (a\u00e9roclubs, amis, etc..) ! [\/vc_column_text][\/vc_column][\/vc_row][vc_message message_box_style=&#8221;solid&#8221; message_box_color=&#8221;warning&#8221; icon_fontawesome=&#8221;&#8221;]En raison de la pand\u00e9mie actuelle du covid-19, certains \u00e9v\u00e8nements sont susceptibles d&#8217;\u00eatre modifi\u00e9s, report\u00e9s voire annul\u00e9s. L&#8217;\u00e9quipe Jeunes Ailes vous tiendra inform\u00e9 des \u00e9volutions via sa Newsletter les &#8220;Nouv&#8217;Ailes&#8221; (n&#8217;oubliez pas de vous y inscrire) ainsi que sur les r\u00e9seaux sociaux. En attendant, prenez soin de vous et des autres ! [\/vc_message][vc_column_text][vc_row][vc_column width=&#8221;1\/1&#8243;][vc_column_text][vc_row][vc_column width=&#8221;1\/1&#8243;][vc_column_text] Cliquer ici pour t\u00e9l\u00e9charger le PDF<\/p>\n","protected":false},"author":1,"featured_media":4644,"parent":0,"menu_order":0,"comment_status":"closed","ping_status":"closed","template":"","meta":{"_mi_skip_tracking":false,"footnotes":""},"class_list":["post-9","page","type-page","status-publish","has-post-thumbnail","hentry"],"yoast_head":"<!-- This site is optimized with the Yoast SEO plugin v17.8 - https:\/\/yoast.com\/wordpress\/plugins\/seo\/ -->\n<title>Calendrier - Jeunes Ailes<\/title>\n<meta name=\"robots\" content=\"index, follow, max-snippet:-1, max-image-preview:large, max-video-preview:-1\" \/>\n<link rel=\"canonical\" href=\"https:\/\/jeunes-ailes.asso.fr\/site\/index.php\/calendrier\/\" \/>\n<meta property=\"og:locale\" content=\"fr_FR\" \/>\n<meta property=\"og:type\" content=\"article\" \/>\n<meta property=\"og:title\" content=\"Calendrier - Jeunes Ailes\" \/>\n<meta property=\"og:description\" content=\"[vc_row][vc_column css=&#8221;.vc_custom_1583398399216{background-color: rgba(255,255,255,0.29) !important;*background-color: rgb(255,255,255) !important;border-radius: 15px !important;}&#8221;][\/vc_column][vc_column_text] Le calendrier de nos \u00e9v\u00e8nements Passez du virtuel au r\u00e9el et venez \u00e0 la rencontre des Jeunes Ailes au cours des diff\u00e9rents \u00e9v\u00e8nements organis\u00e9s tout au long de l&#8217;ann\u00e9e (visites, rassemblements, stages, vols, voyages a\u00e9ro, etc..). [\/vc_column_text][\/vc_row][vc_row][\/vc_row][vc_row][\/vc_row][vc_row][vc_column_text][\/vc_column_text][\/vc_row][vc_row][vc_column][vc_raw_html]JTNDaWZyYW1lJTIwc3JjJTNEJTIyaHR0cHMlM0ElMkYlMkZjYWxlbmRhci5nb29nbGUuY29tJTJGY2FsZW5kYXIlMkZlbWJlZCUzRmhlaWdodCUzRDYwMCUyNmFtcCUzQndrc3QlM0QyJTI2YW1wJTNCYmdjb2xvciUzRCUyNTIzOGZkZGZmJTI2YW1wJTNCY3R6JTNERXVyb3BlJTI1MkZQYXJpcyUyNmFtcCUzQnNyYyUzRFkyOXVkR0ZqZEVCcVpYVnVaWE10WVdsc1pYTXVZWE56Ynk1bWNnJTI2YW1wJTNCc3JjJTNEZEd4dVlYTnBiams1WW5adGEyYzRNMkYxT0djd09HWnphVFJBWjNKdmRYQXVZMkZzWlc1a1lYSXVaMjl2WjJ4bExtTnZiUSUyNmFtcCUzQnNyYyUzRGFuTnBhbXMxYlhCdmJqaHZhR3c0TkRkaVoycHVaMm95YXpSQVozSnZkWEF1WTJGc1pXNWtZWEl1WjI5dloyeGxMbU52YlElMjZhbXAlM0JzcmMlM0Rabkl1Wm5KbGJtTm9JMmh2Ykdsa1lYbEFaM0p2ZFhBdWRpNWpZV3hsYm1SaGNpNW5iMjluYkdVdVkyOXQlMjZhbXAlM0Jjb2xvciUzRCUyNTIzRDUwMDAwJTI2YW1wJTNCY29sb3IlM0QlMjUyM0YwOTMwMCUyNmFtcCUzQmNvbG9yJTNEJTI1MjMwMzlCRTUlMjZhbXAlM0Jjb2xvciUzRCUyNTIzM0Y1MUI1JTI2YW1wJTNCdGl0bGUlM0RBc3NvY2lhdGlvbiUyNTIwSmV1bmVzJTI1MjBBaWxlcyUyMiUyMHN0eWxlJTNEJTIyYm9yZGVyJTNBc29saWQlMjAxcHglMjAlMjM3NzclMjIlMjB3aWR0aCUzRCUyMjkwMCUyMiUyMGhlaWdodCUzRCUyMjYwMCUyMiUyMGZyYW1lYm9yZGVyJTNEJTIyMCUyMiUyMHNjcm9sbGluZyUzRCUyMm5vJTIyJTNFJTNDJTJGaWZyYW1lJTNF[\/vc_raw_html][\/vc_column][\/vc_row][vc_row][\/vc_row][vc_row][\/vc_row][vc_row][vc_column_text][\/vc_column_text][\/vc_row][vc_row][vc_column][vc_column_text] Agenda Jeunes Ailes 2022 Ci-dessous le fichier PDF r\u00e9capitulatif des prochains \u00e9v\u00e9nements Jeunes Ailes (le JAlendrier 2022). Il sera mis \u00e0 jour r\u00e9guli\u00e8rement par notre ami J\u00e9r\u00f4me. N&#8217;h\u00e9sitez pas \u00e0 le partager autour de vous (a\u00e9roclubs, amis, etc..) ! [\/vc_column_text][\/vc_column][\/vc_row][vc_message message_box_style=&#8221;solid&#8221; message_box_color=&#8221;warning&#8221; icon_fontawesome=&#8221;&#8221;]En raison de la pand\u00e9mie actuelle du covid-19, certains \u00e9v\u00e8nements sont susceptibles d&#8217;\u00eatre modifi\u00e9s, report\u00e9s voire annul\u00e9s. L&#8217;\u00e9quipe Jeunes Ailes vous tiendra inform\u00e9 des \u00e9volutions via sa Newsletter les &#8220;Nouv&#8217;Ailes&#8221; (n&#8217;oubliez pas de vous y inscrire) ainsi que sur les r\u00e9seaux sociaux. En attendant, prenez soin de vous et des autres ! [\/vc_message][vc_column_text][vc_row][vc_column width=&#8221;1\/1&#8243;][vc_column_text][vc_row][vc_column width=&#8221;1\/1&#8243;][vc_column_text] Cliquer ici pour t\u00e9l\u00e9charger le PDF\" \/>\n<meta property=\"og:url\" content=\"https:\/\/jeunes-ailes.asso.fr\/site\/index.php\/calendrier\/\" \/>\n<meta property=\"og:site_name\" content=\"Jeunes Ailes\" \/>\n<meta property=\"article:publisher\" content=\"https:\/\/fr-fr.facebook.com\/groups\/jeunesailes\" \/>\n<meta property=\"article:modified_time\" content=\"2021-12-22T11:04:30+00:00\" \/>\n<meta property=\"og:image\" content=\"https:\/\/jeunes-ailes.asso.fr\/site\/wp-content\/uploads\/2021\/04\/Image-site-JA.png\" \/>\n\t<meta property=\"og:image:width\" content=\"640\" \/>\n\t<meta property=\"og:image:height\" content=\"413\" \/>\n<meta name=\"twitter:card\" content=\"summary_large_image\" \/>\n<meta name=\"twitter:label1\" content=\"Dur\u00e9e de lecture estim\u00e9e\" \/>\n\t<meta name=\"twitter:data1\" content=\"1 minute\" \/>\n<script type=\"application\/ld+json\" class=\"yoast-schema-graph\">{\"@context\":\"https:\/\/schema.org\",\"@graph\":[{\"@type\":\"Organization\",\"@id\":\"https:\/\/jeunes-ailes.asso.fr\/site\/#organization\",\"name\":\"Jeunes Ailes\",\"url\":\"https:\/\/jeunes-ailes.asso.fr\/site\/\",\"sameAs\":[\"https:\/\/fr-fr.facebook.com\/groups\/jeunesailes\",\"https:\/\/www.instagram.com\/jeunes_ailes_association\/\",\"https:\/\/www.linkedin.com\/company\/jeunes-ailes\",\"https:\/\/www.youtube.com\/playlist?list=PLMEx60-fXLQt8yMxQ0iUZznXvUdgvr6WR\",\"https:\/\/fr.wikipedia.org\/wiki\/JA\"],\"logo\":{\"@type\":\"ImageObject\",\"@id\":\"https:\/\/jeunes-ailes.asso.fr\/site\/#logo\",\"inLanguage\":\"fr-FR\",\"url\":\"https:\/\/jeunes-ailes.asso.fr\/site\/wp-content\/uploads\/2018\/05\/logo-jeunes-ailes.png\",\"contentUrl\":\"https:\/\/jeunes-ailes.asso.fr\/site\/wp-content\/uploads\/2018\/05\/logo-jeunes-ailes.png\",\"width\":500,\"height\":464,\"caption\":\"Jeunes Ailes\"},\"image\":{\"@id\":\"https:\/\/jeunes-ailes.asso.fr\/site\/#logo\"}},{\"@type\":\"WebSite\",\"@id\":\"https:\/\/jeunes-ailes.asso.fr\/site\/#website\",\"url\":\"https:\/\/jeunes-ailes.asso.fr\/site\/\",\"name\":\"Jeunes Ailes\",\"description\":\"le site officiel de l&#039;association Jeunes Ailes, les passionn\\u00e9s d&#039;a\\u00e9ronautique\",\"publisher\":{\"@id\":\"https:\/\/jeunes-ailes.asso.fr\/site\/#organization\"},\"potentialAction\":[{\"@type\":\"SearchAction\",\"target\":{\"@type\":\"EntryPoint\",\"urlTemplate\":\"https:\/\/jeunes-ailes.asso.fr\/site\/?s={search_term_string}\"},\"query-input\":\"required name=search_term_string\"}],\"inLanguage\":\"fr-FR\"},{\"@type\":\"ImageObject\",\"@id\":\"https:\/\/jeunes-ailes.asso.fr\/site\/index.php\/calendrier\/#primaryimage\",\"inLanguage\":\"fr-FR\",\"url\":\"https:\/\/jeunes-ailes.asso.fr\/site\/wp-content\/uploads\/2021\/04\/Image-site-JA.png\",\"contentUrl\":\"https:\/\/jeunes-ailes.asso.fr\/site\/wp-content\/uploads\/2021\/04\/Image-site-JA.png\",\"width\":640,\"height\":413},{\"@type\":\"WebPage\",\"@id\":\"https:\/\/jeunes-ailes.asso.fr\/site\/index.php\/calendrier\/#webpage\",\"url\":\"https:\/\/jeunes-ailes.asso.fr\/site\/index.php\/calendrier\/\",\"name\":\"Calendrier - Jeunes Ailes\",\"isPartOf\":{\"@id\":\"https:\/\/jeunes-ailes.asso.fr\/site\/#website\"},\"primaryImageOfPage\":{\"@id\":\"https:\/\/jeunes-ailes.asso.fr\/site\/index.php\/calendrier\/#primaryimage\"},\"datePublished\":\"2013-07-06T06:28:37+00:00\",\"dateModified\":\"2021-12-22T11:04:30+00:00\",\"breadcrumb\":{\"@id\":\"https:\/\/jeunes-ailes.asso.fr\/site\/index.php\/calendrier\/#breadcrumb\"},\"inLanguage\":\"fr-FR\",\"potentialAction\":[{\"@type\":\"ReadAction\",\"target\":[\"https:\/\/jeunes-ailes.asso.fr\/site\/index.php\/calendrier\/\"]}]},{\"@type\":\"BreadcrumbList\",\"@id\":\"https:\/\/jeunes-ailes.asso.fr\/site\/index.php\/calendrier\/#breadcrumb\",\"itemListElement\":[{\"@type\":\"ListItem\",\"position\":1,\"name\":\"Home\",\"item\":\"https:\/\/jeunes-ailes.asso.fr\/site\/\"},{\"@type\":\"ListItem\",\"position\":2,\"name\":\"Calendrier\"}]}]}<\/script>\n<!-- \/ Yoast SEO plugin. -->","yoast_head_json":{"title":"Calendrier - Jeunes Ailes","robots":{"index":"index","follow":"follow","max-snippet":"max-snippet:-1","max-image-preview":"max-image-preview:large","max-video-preview":"max-video-preview:-1"},"canonical":"https:\/\/jeunes-ailes.asso.fr\/site\/index.php\/calendrier\/","og_locale":"fr_FR","og_type":"article","og_title":"Calendrier - Jeunes Ailes","og_description":"[vc_row][vc_column css=&#8221;.vc_custom_1583398399216{background-color: rgba(255,255,255,0.29) !important;*background-color: rgb(255,255,255) !important;border-radius: 15px !important;}&#8221;][\/vc_column][vc_column_text] Le calendrier de nos \u00e9v\u00e8nements Passez du virtuel au r\u00e9el et venez \u00e0 la rencontre des Jeunes Ailes au cours des diff\u00e9rents \u00e9v\u00e8nements organis\u00e9s tout au long de l&#8217;ann\u00e9e (visites, rassemblements, stages, vols, voyages a\u00e9ro, etc..). [\/vc_column_text][\/vc_row][vc_row][\/vc_row][vc_row][\/vc_row][vc_row][vc_column_text][\/vc_column_text][\/vc_row][vc_row][vc_column][vc_raw_html]JTNDaWZyYW1lJTIwc3JjJTNEJTIyaHR0cHMlM0ElMkYlMkZjYWxlbmRhci5nb29nbGUuY29tJTJGY2FsZW5kYXIlMkZlbWJlZCUzRmhlaWdodCUzRDYwMCUyNmFtcCUzQndrc3QlM0QyJTI2YW1wJTNCYmdjb2xvciUzRCUyNTIzOGZkZGZmJTI2YW1wJTNCY3R6JTNERXVyb3BlJTI1MkZQYXJpcyUyNmFtcCUzQnNyYyUzRFkyOXVkR0ZqZEVCcVpYVnVaWE10WVdsc1pYTXVZWE56Ynk1bWNnJTI2YW1wJTNCc3JjJTNEZEd4dVlYTnBiams1WW5adGEyYzRNMkYxT0djd09HWnphVFJBWjNKdmRYQXVZMkZzWlc1a1lYSXVaMjl2WjJ4bExtTnZiUSUyNmFtcCUzQnNyYyUzRGFuTnBhbXMxYlhCdmJqaHZhR3c0TkRkaVoycHVaMm95YXpSQVozSnZkWEF1WTJGc1pXNWtZWEl1WjI5dloyeGxMbU52YlElMjZhbXAlM0JzcmMlM0Rabkl1Wm5KbGJtTm9JMmh2Ykdsa1lYbEFaM0p2ZFhBdWRpNWpZV3hsYm1SaGNpNW5iMjluYkdVdVkyOXQlMjZhbXAlM0Jjb2xvciUzRCUyNTIzRDUwMDAwJTI2YW1wJTNCY29sb3IlM0QlMjUyM0YwOTMwMCUyNmFtcCUzQmNvbG9yJTNEJTI1MjMwMzlCRTUlMjZhbXAlM0Jjb2xvciUzRCUyNTIzM0Y1MUI1JTI2YW1wJTNCdGl0bGUlM0RBc3NvY2lhdGlvbiUyNTIwSmV1bmVzJTI1MjBBaWxlcyUyMiUyMHN0eWxlJTNEJTIyYm9yZGVyJTNBc29saWQlMjAxcHglMjAlMjM3NzclMjIlMjB3aWR0aCUzRCUyMjkwMCUyMiUyMGhlaWdodCUzRCUyMjYwMCUyMiUyMGZyYW1lYm9yZGVyJTNEJTIyMCUyMiUyMHNjcm9sbGluZyUzRCUyMm5vJTIyJTNFJTNDJTJGaWZyYW1lJTNF[\/vc_raw_html][\/vc_column][\/vc_row][vc_row][\/vc_row][vc_row][\/vc_row][vc_row][vc_column_text][\/vc_column_text][\/vc_row][vc_row][vc_column][vc_column_text] Agenda Jeunes Ailes 2022 Ci-dessous le fichier PDF r\u00e9capitulatif des prochains \u00e9v\u00e9nements Jeunes Ailes (le JAlendrier 2022). Il sera mis \u00e0 jour r\u00e9guli\u00e8rement par notre ami J\u00e9r\u00f4me. N&#8217;h\u00e9sitez pas \u00e0 le partager autour de vous (a\u00e9roclubs, amis, etc..) ! [\/vc_column_text][\/vc_column][\/vc_row][vc_message message_box_style=&#8221;solid&#8221; message_box_color=&#8221;warning&#8221; icon_fontawesome=&#8221;&#8221;]En raison de la pand\u00e9mie actuelle du covid-19, certains \u00e9v\u00e8nements sont susceptibles d&#8217;\u00eatre modifi\u00e9s, report\u00e9s voire annul\u00e9s. L&#8217;\u00e9quipe Jeunes Ailes vous tiendra inform\u00e9 des \u00e9volutions via sa Newsletter les &#8220;Nouv&#8217;Ailes&#8221; (n&#8217;oubliez pas de vous y inscrire) ainsi que sur les r\u00e9seaux sociaux. En attendant, prenez soin de vous et des autres ! [\/vc_message][vc_column_text][vc_row][vc_column width=&#8221;1\/1&#8243;][vc_column_text][vc_row][vc_column width=&#8221;1\/1&#8243;][vc_column_text] Cliquer ici pour t\u00e9l\u00e9charger le PDF","og_url":"https:\/\/jeunes-ailes.asso.fr\/site\/index.php\/calendrier\/","og_site_name":"Jeunes Ailes","article_publisher":"https:\/\/fr-fr.facebook.com\/groups\/jeunesailes","article_modified_time":"2021-12-22T11:04:30+00:00","og_image":[{"width":640,"height":413,"url":"https:\/\/jeunes-ailes.asso.fr\/site\/wp-content\/uploads\/2021\/04\/Image-site-JA.png","type":"image\/png"}],"twitter_card":"summary_large_image","twitter_misc":{"Dur\u00e9e de lecture estim\u00e9e":"1 minute"},"schema":{"@context":"https:\/\/schema.org","@graph":[{"@type":"Organization","@id":"https:\/\/jeunes-ailes.asso.fr\/site\/#organization","name":"Jeunes Ailes","url":"https:\/\/jeunes-ailes.asso.fr\/site\/","sameAs":["https:\/\/fr-fr.facebook.com\/groups\/jeunesailes","https:\/\/www.instagram.com\/jeunes_ailes_association\/","https:\/\/www.linkedin.com\/company\/jeunes-ailes","https:\/\/www.youtube.com\/playlist?list=PLMEx60-fXLQt8yMxQ0iUZznXvUdgvr6WR","https:\/\/fr.wikipedia.org\/wiki\/JA"],"logo":{"@type":"ImageObject","@id":"https:\/\/jeunes-ailes.asso.fr\/site\/#logo","inLanguage":"fr-FR","url":"https:\/\/jeunes-ailes.asso.fr\/site\/wp-content\/uploads\/2018\/05\/logo-jeunes-ailes.png","contentUrl":"https:\/\/jeunes-ailes.asso.fr\/site\/wp-content\/uploads\/2018\/05\/logo-jeunes-ailes.png","width":500,"height":464,"caption":"Jeunes Ailes"},"image":{"@id":"https:\/\/jeunes-ailes.asso.fr\/site\/#logo"}},{"@type":"WebSite","@id":"https:\/\/jeunes-ailes.asso.fr\/site\/#website","url":"https:\/\/jeunes-ailes.asso.fr\/site\/","name":"Jeunes Ailes","description":"le site officiel de l&#039;association Jeunes Ailes, les passionn\u00e9s d&#039;a\u00e9ronautique","publisher":{"@id":"https:\/\/jeunes-ailes.asso.fr\/site\/#organization"},"potentialAction":[{"@type":"SearchAction","target":{"@type":"EntryPoint","urlTemplate":"https:\/\/jeunes-ailes.asso.fr\/site\/?s={search_term_string}"},"query-input":"required name=search_term_string"}],"inLanguage":"fr-FR"},{"@type":"ImageObject","@id":"https:\/\/jeunes-ailes.asso.fr\/site\/index.php\/calendrier\/#primaryimage","inLanguage":"fr-FR","url":"https:\/\/jeunes-ailes.asso.fr\/site\/wp-content\/uploads\/2021\/04\/Image-site-JA.png","contentUrl":"https:\/\/jeunes-ailes.asso.fr\/site\/wp-content\/uploads\/2021\/04\/Image-site-JA.png","width":640,"height":413},{"@type":"WebPage","@id":"https:\/\/jeunes-ailes.asso.fr\/site\/index.php\/calendrier\/#webpage","url":"https:\/\/jeunes-ailes.asso.fr\/site\/index.php\/calendrier\/","name":"Calendrier - Jeunes Ailes","isPartOf":{"@id":"https:\/\/jeunes-ailes.asso.fr\/site\/#website"},"primaryImageOfPage":{"@id":"https:\/\/jeunes-ailes.asso.fr\/site\/index.php\/calendrier\/#primaryimage"},"datePublished":"2013-07-06T06:28:37+00:00","dateModified":"2021-12-22T11:04:30+00:00","breadcrumb":{"@id":"https:\/\/jeunes-ailes.asso.fr\/site\/index.php\/calendrier\/#breadcrumb"},"inLanguage":"fr-FR","potentialAction":[{"@type":"ReadAction","target":["https:\/\/jeunes-ailes.asso.fr\/site\/index.php\/calendrier\/"]}]},{"@type":"BreadcrumbList","@id":"https:\/\/jeunes-ailes.asso.fr\/site\/index.php\/calendrier\/#breadcrumb","itemListElement":[{"@type":"ListItem","position":1,"name":"Home","item":"https:\/\/jeunes-ailes.asso.fr\/site\/"},{"@type":"ListItem","position":2,"name":"Calendrier"}]}]}},"_links":{"self":[{"href":"https:\/\/jeunes-ailes.asso.fr\/site\/index.php\/wp-json\/wp\/v2\/pages\/9","targetHints":{"allow":["GET"]}}],"collection":[{"href":"https:\/\/jeunes-ailes.asso.fr\/site\/index.php\/wp-json\/wp\/v2\/pages"}],"about":[{"href":"https:\/\/jeunes-ailes.asso.fr\/site\/index.php\/wp-json\/wp\/v2\/types\/page"}],"author":[{"embeddable":true,"href":"https:\/\/jeunes-ailes.asso.fr\/site\/index.php\/wp-json\/wp\/v2\/users\/1"}],"replies":[{"embeddable":true,"href":"https:\/\/jeunes-ailes.asso.fr\/site\/index.php\/wp-json\/wp\/v2\/comments?post=9"}],"version-history":[{"count":31,"href":"https:\/\/jeunes-ailes.asso.fr\/site\/index.php\/wp-json\/wp\/v2\/pages\/9\/revisions"}],"predecessor-version":[{"id":5309,"href":"https:\/\/jeunes-ailes.asso.fr\/site\/index.php\/wp-json\/wp\/v2\/pages\/9\/revisions\/5309"}],"wp:featuredmedia":[{"embeddable":true,"href":"https:\/\/jeunes-ailes.asso.fr\/site\/index.php\/wp-json\/wp\/v2\/media\/4644"}],"wp:attachment":[{"href":"https:\/\/jeunes-ailes.asso.fr\/site\/index.php\/wp-json\/wp\/v2\/media?parent=9"}],"curies":[{"name":"wp","href":"https:\/\/api.w.org\/{rel}","templated":true}]}}