{"id":5664,"date":"2022-07-10T10:42:44","date_gmt":"2022-07-10T08:42:44","guid":{"rendered":"https:\/\/jeunes-ailes.asso.fr\/site\/?page_id=5664"},"modified":"2022-07-10T11:15:49","modified_gmt":"2022-07-10T09:15:49","slug":"aerobivouac-3eme-edition-aerodrome-de-sollieres-sardieres-lfkd","status":"publish","type":"page","link":"https:\/\/jeunes-ailes.asso.fr\/site\/index.php\/aerobivouac-3eme-edition-aerodrome-de-sollieres-sardieres-lfkd\/","title":{"rendered":"A\u00e9robivouac 3\u00e8me \u00e9dition &#8211; A\u00e9rodrome de Solli\u00e8res-Sardi\u00e8res LFKD"},"content":{"rendered":"[vc_row][vc_column][tm_image align=&#8221;center&#8221; image=&#8221;4854&#8243;][tm_countdown align=&#8221;center&#8221; datetime=&#8221;2022\/07\/30 09:00&#8243;][\/vc_column][\/vc_row][vc_row][vc_column][\/vc_column][\/vc_row][vc_row][vc_column][\/vc_column][\/vc_row][vc_row][vc_column][tm_spacer size=&#8221;lg:20&#8243;][tm_spacer size=&#8221;lg:10&#8243;][vc_column_text]\n<h3 style=\"text-align: center;\"><span style=\"color: #006ec2;\">30-31 Juillet 2022 &#8211; <\/span><span style=\"color: #006ec2;\">A\u00e9rodrome de Solli\u00e8res-Sardi\u00e8res LFKD<br \/>\n<\/span><\/h3>\n[\/vc_column_text][vc_separator border_width=&#8221;2&#8243;][\/vc_column][\/vc_row][vc_row][vc_column][vc_column_text]\n<div class=\"Campaign--Presentation Card\" data-v-3d092355=\"\">\n<div class=\"Generated--Content\">\n<p>\ud83d\udcc6 Apr\u00e8s les premi\u00e8res \u00e9ditions \u00e0 Saint Roch May\u00e8res face au Mont Blanc et Superdevoluy face \u00e0 l\u2019Obiou, la saison 2 arrive enfin avec de nouveaux a\u00e9robivouacs !<\/p>\n<p>La <strong>3\u00e8me \u00e9dition d\u2019A\u00e9robivouac <\/strong>aura lieu le week-end des 30 et 31 Juillet prochain sur l\u2019a<strong>\u00e9rodrome de Solli\u00e8res Sardi\u00e8res LFKD<\/strong> situ\u00e9 dans les Alpes du Nord.<br \/>\nCette rencontre de pilotes de montagne orient\u00e9e jeunes (mais ouverte \u00e0 tous!) est organis\u00e9e par l\u2019association <strong>Jeunes Ailes<\/strong> avec le soutient de l\u2019AFPM <a href=\"https:\/\/www.afpm.fr\/\"><strong>Association Fran\u00e7aise des Pilotes de Montagne<\/strong><\/a>.<\/p>\n<p>Vid\u00e9o d&#8217;intro :<\/p>\n<p><iframe loading=\"lazy\" src=\"\/\/www.youtube.com\/embed\/yv4qdngGH28\" width=\"560\" height=\"314\" allowfullscreen=\"allowfullscreen\"><\/iframe><\/p>\n<p>Affiche saison 2 :<\/p>\n<\/div>\n<\/div>\n[\/vc_column_text][tm_image image_size=&#8221;custom&#8221; action=&#8221;popup&#8221; image=&#8221;5517&#8243; image_size_width=&#8221;750&#8243;][tm_spacer size=&#8221;lg:80&#8243;][vc_btn title=&#8221;Programme pr\u00e9visionnel&#8221; color=&#8221;white&#8221; size=&#8221;lg&#8221; i_type=&#8221;typicons&#8221; i_icon_typicons=&#8221;typcn typcn-calendar&#8221; add_icon=&#8221;true&#8221;][vc_column_text]\n<div class=\"Campaign--Presentation Card\" data-v-3d092355=\"\">\n<div class=\"Generated--Content\">\n<div class=\"Campaign--Presentation Card\" data-v-3d092355=\"\">\n<div class=\"Generated--Content\">\n<div>Programme pr\u00e9visionnel (sous r\u00e9serve de changements li\u00e9s aux al\u00e9as m\u00e9t\u00e9o et de l&#8217;organisation g\u00e9n\u00e9rale) :<\/div>\n<\/div>\n<\/div>\n<\/div>\n<\/div>\n<div>&#8211;<\/div>\n<div><strong>Samedi 30 Juillet :<\/strong><\/div>\n<div>Arriv\u00e9e des participants dans la matin\u00e9e.<\/div>\n<div>Pique-nique tir\u00e9 du sac.<\/div>\n<div>Randonn\u00e9e dans les environs du parc de la Vanoise.<\/div>\n<div>Soir\u00e9e BBQ<\/div>\n<div>Bivouac au pied des avions<\/div>\n<div>&#8211;<\/div>\n<div><strong>Dimanche 31 Juillet :<\/strong><\/div>\n<div>Petit d\u00e9jeuner<\/div>\n<div>D\u00e9part des participants dans la matin\u00e9e<\/div>\n<div>&#8211;<\/div>\n<div class=\"Campaign--Presentation Card\" data-v-3d092355=\"\">\n<div class=\"Generated--Content\">\n<div><\/div>\n<div class=\"Campaign--Presentation Card\" data-v-3d092355=\"\">\n<div class=\"kvgmc6g5 cxmmr5t8 oygrvhab hcukyx3x c1et5uql\"><span style=\"text-decoration: underline;\"><strong>Voici quelques infos pour que tout se d\u00e9roule dans les meilleurs conditions :<\/strong><\/span><\/div>\n<ul>\n<li class=\"cxmmr5t8 oygrvhab hcukyx3x c1et5uql o9v6fnle\">fuel : SP95 dispo sur le terrain de sollieres, paiement ch\u00e8que ou esp\u00e8ce, merci de donner un estimatif des besoins par machine.<br \/>\n100ll dispo par carte Total sur le terrain d&#8217;Albertville LFKA ou en d\u00e9pannage sur le terrain de St R\u00e9my LFKR (paiement esp\u00e8ce uniquement et pr\u00e9venir \u00e0 l&#8217;avance pour qu&#8217;on s&#8217;arrange avec St R\u00e9my au besoin). Privil\u00e9gier LFKA si possible.<\/li>\n<li class=\"cxmmr5t8 oygrvhab hcukyx3x c1et5uql o9v6fnle\">r\u00e9duction des nuisances : merci de bien \u00e9tudier la carte VAC avant l&#8217;arriv\u00e9e et \u00e9viter au maximum le survol des villages \u00e0 proximit\u00e9 du terrain, \u00e0 savoir Bramans, Sollieres et Termignon. Soyez \u00e9galement vigilement avec les limites du Parc de la Vanoise \u00e0 l&#8217;Ouest du terrain (survol interdit \u00e0 moins de 3300ft sol)<\/li>\n<li class=\"cxmmr5t8 oygrvhab hcukyx3x c1et5uql o9v6fnle\">aerologie : privil\u00e9gier au maximum les arriv\u00e9es le matin avant 11h ou le soir apr\u00e8s 19h. En journ\u00e9e, possibilit\u00e9 de forte brise de vall\u00e9e. Aerologie devient tr\u00e8s turbulente par vent de secteur Sud \/ Est.<\/li>\n<\/ul>\n<\/div>\n<\/div>\n<\/div>\n[\/vc_column_text][tm_spacer size=&#8221;lg:50&#8243;][vc_column_text]\n<div class=\"Campaign--Presentation Card\" data-v-3d092355=\"\">\n<div class=\"Generated--Content\">\n<div class=\"Campaign--Presentation Card\" data-v-3d092355=\"\">\n<div class=\"Generated--Content\"><span style=\"color: #ff6600;\"><strong>Le GO\/NOGO m\u00e9t\u00e9o sera donn\u00e9 2-3 jours avant l&#8217;\u00e9v\u00e8nement. Si n\u00e9cessaire un report m\u00e9t\u00e9o sera pr\u00e9vu.<\/strong><\/span><\/div>\n<\/div>\n<\/div>\n<\/div>\n[\/vc_column_text][tm_spacer size=&#8221;lg:60&#8243;][vc_btn title=&#8221;Tarifs&#8221; color=&#8221;white&#8221; size=&#8221;lg&#8221; i_icon_fontawesome=&#8221;fas fa-euro-sign&#8221; add_icon=&#8221;true&#8221;][vc_column_text]\n<div class=\"Campaign--Presentation Card\" data-v-3d092355=\"\">\n<div class=\"Generated--Content\">\n<div class=\"Campaign--Presentation Card\" data-v-3d092355=\"\">\n<div class=\"Generated--Content\">Une petite participation financi\u00e8re de <strong>15-20 \u20ac<\/strong> (montant sera fix\u00e9 en fonction du nbre de participants) vous sera demand\u00e9 pour le BBQ du samedi soir et le petit d\u00e9jeuner du dimanche matin.<strong><br \/>\n<\/strong><\/div>\n<\/div>\n<\/div>\n<\/div>\n<div><\/div>\n<div>\u00a0En cas d&#8217;annulation de l&#8217;\u00e9v\u00e8nement cause m\u00e9t\u00e9o vous serez \u00e9videmment rembours\u00e9.<\/div>\n[\/vc_column_text][tm_spacer size=&#8221;lg:80&#8243;][vc_btn title=&#8221;Inscriptions&#8221; color=&#8221;white&#8221; size=&#8221;lg&#8221; i_icon_fontawesome=&#8221;fas fa-user-plus&#8221; add_icon=&#8221;true&#8221;][vc_column_text]\n<div class=\"Campaign--Presentation Card\" data-v-3d092355=\"\">\n<div class=\"Generated--Content\">\n<div class=\"Campaign--Presentation Card\" data-v-3d092355=\"\">\n<div class=\"Generated--Content\">\n<div class=\"Campaign--Presentation Card\" data-v-3d092355=\"\">\n<div class=\"Generated--Content\">\n<p>OUVERTURE DES INSCRIPTIONS le 10 JUILLET \u00e0 12H00 jusqu&#8217;au 27 Juillet 22h00 (cliquer sur le bouton orange ci-dessous &#8220;S&#8217;inscrire&#8221;) :<\/p>\n<\/div>\n<\/div>\n<\/div>\n<\/div>\n<\/div>\n<\/div>\n[\/vc_column_text][tm_spacer size=&#8221;lg:20&#8243;][vc_btn title=&#8221;S&#8217;INSCRIRE&#8221; color=&#8221;warning&#8221; size=&#8221;lg&#8221; i_icon_fontawesome=&#8221;fas fa-paper-plane&#8221; add_icon=&#8221;true&#8221; link=&#8221;url:https%3A%2F%2Fwww.helloasso.com%2Fassociations%2Fassociation-jeunes-ailes%2Fevenements%2Faerobivouac-3eme-edition-aerome-de-sollieres-sardieres-lfkd|target:_blank&#8221;][tm_spacer size=&#8221;lg:80&#8243;][vc_column_text]\n<div class=\"Campaign--Presentation Card\" data-v-3d092355=\"\">\n<p><strong>\u00ab Et pour moi pilote de plaine qui ne suis pas qualifi\u00e9 montagne mais souhaite participer \u00e0 cet \u00e9v\u00e9nement ? \u00bb<\/strong><\/p>\n<p>Plusieurs possibilit\u00e9s s&#8217;offre \u00e0 vous :<\/p>\n<ul>\n<li><strong>Coavionnage :<\/strong> Prendre place \u00e0 bord de l\u2019avion d\u2019un pilote qualifi\u00e9 montagne (&#8220;Avionstoppeur&#8221; choisir le billet &#8220;<strong>coavionnage<\/strong>&#8221; dans le formulaire d&#8217;inscription).<\/li>\n<li>Venir en <strong>voiture ou covoiturage<\/strong> avec d\u2019autres participants jusqu\u2019\u00e0 l\u2019a\u00e9rodrome.<\/li>\n<\/ul>\n<p>En 2021, lors des premi\u00e8res \u00e9ditions, plusieurs Jeunes Ailes de province nous ont rejoint comme Alice et J\u00e9r\u00e9my venus tout deux de Paris d\u00e9couvrir le vol montagne. Tout comme eux n&#8217;h\u00e9sitez pas \u00e0 nous rejoindre !<\/p>\n<\/div>\n[\/vc_column_text][tm_spacer size=&#8221;lg:80&#8243;][vc_btn title=&#8221;Ambiance A\u00e9robivouac&#8221; color=&#8221;white&#8221; size=&#8221;lg&#8221; i_icon_fontawesome=&#8221;fas fa-campground&#8221; add_icon=&#8221;true&#8221;][vc_masonry_media_grid style=&#8221;lazy&#8221; element_width=&#8221;3&#8243; initial_loading_animation=&#8221;fadeIn&#8221; grid_id=&#8221;vc_gid:1657444482402-5871c6837c93e4468a589e952e9dbce8-9&#8243; include=&#8221;5055,5054,5051,5050,5047,5042,5036,5032,5031,5029,5024,5014,5019,5009,5011,5021,5020,5039,4792,4791,4778,4775,4776,4786,5025,5093,5026,5604,5605,5606,5607,5608,5609,5610,5611,5612,5613,5614,5615&#8243;][tm_spacer size=&#8221;lg:10&#8243;][vc_btn title=&#8221;Aper\u00e7u en image de l&#8217;a\u00e9rodrome de Solli\u00e8res&#8221; color=&#8221;white&#8221; size=&#8221;lg&#8221; i_icon_fontawesome=&#8221;fas fa-images&#8221; add_icon=&#8221;true&#8221;][\/vc_column][\/vc_row][vc_row][vc_column][tm_spacer size=&#8221;lg:10&#8243;][vc_masonry_media_grid style=&#8221;lazy&#8221; element_width=&#8221;3&#8243; initial_loading_animation=&#8221;fadeIn&#8221; grid_id=&#8221;vc_gid:1657444482436-bac05950a37ee05fed2954860ccec7f4-10&#8243; include=&#8221;5656,5653,5654,5655,5658,5659,5660,5657&#8243;][tm_spacer size=&#8221;lg:80&#8243;][vc_btn title=&#8221;L&#8217;\u00e9quipe&#8221; color=&#8221;white&#8221; size=&#8221;lg&#8221; i_icon_fontawesome=&#8221;fas fa-users&#8221; add_icon=&#8221;true&#8221;][vc_column_text]<a href=\"https:\/\/jeunes-ailes.asso.fr\/site\/wp-content\/uploads\/2022\/07\/46f62ee0-b56f-42cd-93ef-53a35ad17031.jpg\" rel=\"lightbox[5664]\"><img loading=\"lazy\" decoding=\"async\" class=\"alignnone wp-image-5667 size-large\" src=\"https:\/\/jeunes-ailes.asso.fr\/site\/wp-content\/uploads\/2022\/07\/46f62ee0-b56f-42cd-93ef-53a35ad17031-1024x768.jpg\" alt=\"\" width=\"640\" height=\"480\" srcset=\"https:\/\/jeunes-ailes.asso.fr\/site\/wp-content\/uploads\/2022\/07\/46f62ee0-b56f-42cd-93ef-53a35ad17031-1024x768.jpg 1024w, https:\/\/jeunes-ailes.asso.fr\/site\/wp-content\/uploads\/2022\/07\/46f62ee0-b56f-42cd-93ef-53a35ad17031-300x225.jpg 300w, https:\/\/jeunes-ailes.asso.fr\/site\/wp-content\/uploads\/2022\/07\/46f62ee0-b56f-42cd-93ef-53a35ad17031-768x576.jpg 768w, https:\/\/jeunes-ailes.asso.fr\/site\/wp-content\/uploads\/2022\/07\/46f62ee0-b56f-42cd-93ef-53a35ad17031-1536x1152.jpg 1536w, https:\/\/jeunes-ailes.asso.fr\/site\/wp-content\/uploads\/2022\/07\/46f62ee0-b56f-42cd-93ef-53a35ad17031-760x570.jpg 760w, https:\/\/jeunes-ailes.asso.fr\/site\/wp-content\/uploads\/2022\/07\/46f62ee0-b56f-42cd-93ef-53a35ad17031.jpg 1600w\" sizes=\"auto, (max-width: 640px) 100vw, 640px\" \/><\/a><\/p>\n<p>JB (Pr\u00e9sident de l&#8217;AC de Solli\u00e8res), Maxime et Kim vous accueillerions pour cette nouvelle \u00e9dition !<\/p>\n<p>Tous les 3 locaux, membres de l&#8217;a\u00e9roclub de Solli\u00e8res et \u00e9galement de l&#8217;association Jeunes Ailes.[\/vc_column_text][tm_spacer size=&#8221;lg:80&#8243;][vc_btn title=&#8221;On en parle dans la presse&#8221; color=&#8221;white&#8221; size=&#8221;lg&#8221; i_icon_fontawesome=&#8221;fas fa-newspaper&#8221; add_icon=&#8221;true&#8221;][\/vc_column][\/vc_row][vc_row][vc_column][vc_masonry_media_grid style=&#8221;lazy&#8221; element_width=&#8221;3&#8243; initial_loading_animation=&#8221;fadeIn&#8221; grid_id=&#8221;vc_gid:1657444482474-cd7885625f295ac03715d2bbd5c3b0f5-10&#8243; include=&#8221;5005,5632&#8243;][tm_spacer size=&#8221;lg:80&#8243;][vc_btn title=&#8221;Questions&#8221; color=&#8221;white&#8221; size=&#8221;lg&#8221; i_icon_fontawesome=&#8221;fas fa-question&#8221; add_icon=&#8221;true&#8221;][\/vc_column][\/vc_row][vc_row][vc_column][vc_column_text]Si vous avez des questions n&#8217;h\u00e9sitez pas \u00e0 nous contacter via notre formulaire de contact <a href=\"https:\/\/jeunes-ailes.asso.fr\/site\/index.php\/contact\/\">en cliquant ici<\/a>.[\/vc_column_text][\/vc_column][\/vc_row]\n","protected":false},"excerpt":{"rendered":"<p>[vc_row][vc_column][tm_image align=&#8221;center&#8221; image=&#8221;4854&#8243;][tm_countdown align=&#8221;center&#8221; datetime=&#8221;2022\/07\/30 09:00&#8243;][\/vc_column][\/vc_row][vc_row][vc_column][\/vc_column][\/vc_row][vc_row][vc_column][\/vc_column][\/vc_row][vc_row][vc_column][tm_spacer size=&#8221;lg:20&#8243;][tm_spacer size=&#8221;lg:10&#8243;][vc_column_text] 30-31 Juillet 2022 &#8211; A\u00e9rodrome de Solli\u00e8res-Sardi\u00e8res LFKD [\/vc_column_text][vc_separator border_width=&#8221;2&#8243;][\/vc_column][\/vc_row][vc_row][vc_column][vc_column_text] \ud83d\udcc6 Apr\u00e8s les premi\u00e8res \u00e9ditions \u00e0 Saint Roch May\u00e8res face au Mont Blanc et Superdevoluy face \u00e0 l\u2019Obiou, la saison 2 arrive enfin avec de nouveaux a\u00e9robivouacs ! La 3\u00e8me \u00e9dition d\u2019A\u00e9robivouac aura lieu le week-end des 30 et 31 Juillet prochain sur l\u2019a\u00e9rodrome de Solli\u00e8res Sardi\u00e8res LFKD situ\u00e9 dans les Alpes du Nord. Cette rencontre de pilotes de montagne orient\u00e9e jeunes (mais ouverte \u00e0 tous!) est organis\u00e9e par l\u2019association Jeunes Ailes avec le soutient de l\u2019AFPM Association Fran\u00e7aise des Pilotes de Montagne. Vid\u00e9o d&#8217;intro : Affiche saison 2 : [\/vc_column_text][tm_image image_size=&#8221;custom&#8221; action=&#8221;popup&#8221; image=&#8221;5517&#8243; image_size_width=&#8221;750&#8243;][tm_spacer size=&#8221;lg:80&#8243;][vc_btn title=&#8221;Programme pr\u00e9visionnel&#8221; color=&#8221;white&#8221; size=&#8221;lg&#8221; i_type=&#8221;typicons&#8221; i_icon_typicons=&#8221;typcn typcn-calendar&#8221; add_icon=&#8221;true&#8221;][vc_column_text] Programme pr\u00e9visionnel (sous r\u00e9serve de changements li\u00e9s aux al\u00e9as m\u00e9t\u00e9o et de l&#8217;organisation g\u00e9n\u00e9rale) : &#8211; Samedi 30 Juillet : Arriv\u00e9e des participants dans la matin\u00e9e. Pique-nique tir\u00e9 du sac. Randonn\u00e9e dans les environs du parc de la Vanoise. Soir\u00e9e BBQ Bivouac au pied des avions &#8211; Dimanche 31 Juillet : Petit d\u00e9jeuner D\u00e9part des participants dans la matin\u00e9e &#8211; Voici quelques infos pour que tout se d\u00e9roule dans les meilleurs conditions : fuel : SP95 dispo sur le terrain de sollieres, paiement ch\u00e8que ou esp\u00e8ce, merci de donner un estimatif des besoins par machine. 100ll dispo par carte Total sur le terrain d&#8217;Albertville LFKA ou en d\u00e9pannage sur le terrain de St R\u00e9my LFKR (paiement esp\u00e8ce uniquement et pr\u00e9venir \u00e0 l&#8217;avance pour qu&#8217;on s&#8217;arrange avec St R\u00e9my au besoin). Privil\u00e9gier LFKA si possible. r\u00e9duction des nuisances : merci de bien \u00e9tudier la carte VAC avant l&#8217;arriv\u00e9e et \u00e9viter au maximum le survol des villages \u00e0 proximit\u00e9 du terrain, \u00e0 savoir Bramans, Sollieres et Termignon. Soyez \u00e9galement vigilement avec les limites du Parc de la Vanoise \u00e0 l&#8217;Ouest du terrain (survol interdit \u00e0 moins de 3300ft sol) aerologie : privil\u00e9gier au maximum les arriv\u00e9es le matin avant 11h ou le soir apr\u00e8s 19h. En journ\u00e9e, possibilit\u00e9 de forte brise de vall\u00e9e. Aerologie devient tr\u00e8s turbulente par vent de secteur Sud \/ Est. [\/vc_column_text][tm_spacer size=&#8221;lg:50&#8243;][vc_column_text] Le GO\/NOGO m\u00e9t\u00e9o sera donn\u00e9 2-3 jours avant l&#8217;\u00e9v\u00e8nement. Si n\u00e9cessaire un report m\u00e9t\u00e9o sera pr\u00e9vu. [\/vc_column_text][tm_spacer size=&#8221;lg:60&#8243;][vc_btn title=&#8221;Tarifs&#8221; color=&#8221;white&#8221; size=&#8221;lg&#8221; i_icon_fontawesome=&#8221;fas fa-euro-sign&#8221; add_icon=&#8221;true&#8221;][vc_column_text] Une petite participation financi\u00e8re de 15-20 \u20ac (montant sera fix\u00e9 en fonction du nbre de participants) vous sera demand\u00e9 pour le BBQ du samedi soir et le petit d\u00e9jeuner du dimanche matin. \u00a0En cas d&#8217;annulation de l&#8217;\u00e9v\u00e8nement cause m\u00e9t\u00e9o vous serez \u00e9videmment rembours\u00e9. [\/vc_column_text][tm_spacer size=&#8221;lg:80&#8243;][vc_btn title=&#8221;Inscriptions&#8221; color=&#8221;white&#8221; size=&#8221;lg&#8221; i_icon_fontawesome=&#8221;fas fa-user-plus&#8221; add_icon=&#8221;true&#8221;][vc_column_text] OUVERTURE DES INSCRIPTIONS le 10 JUILLET \u00e0 12H00 jusqu&#8217;au 27 Juillet 22h00 (cliquer sur le bouton orange ci-dessous &#8220;S&#8217;inscrire&#8221;) : [\/vc_column_text][tm_spacer size=&#8221;lg:20&#8243;][vc_btn title=&#8221;S&#8217;INSCRIRE&#8221; color=&#8221;warning&#8221; size=&#8221;lg&#8221; i_icon_fontawesome=&#8221;fas fa-paper-plane&#8221; add_icon=&#8221;true&#8221; link=&#8221;url:https%3A%2F%2Fwww.helloasso.com%2Fassociations%2Fassociation-jeunes-ailes%2Fevenements%2Faerobivouac-3eme-edition-aerome-de-sollieres-sardieres-lfkd|target:_blank&#8221;][tm_spacer size=&#8221;lg:80&#8243;][vc_column_text] \u00ab Et pour moi pilote de plaine qui ne suis pas qualifi\u00e9 montagne mais souhaite participer \u00e0 cet \u00e9v\u00e9nement ? \u00bb Plusieurs possibilit\u00e9s s&#8217;offre \u00e0 vous : Coavionnage : Prendre place \u00e0 bord de l\u2019avion d\u2019un pilote qualifi\u00e9 montagne (&#8220;Avionstoppeur&#8221; choisir le billet &#8220;coavionnage&#8221; dans le formulaire d&#8217;inscription). Venir en voiture ou covoiturage avec d\u2019autres participants jusqu\u2019\u00e0 l\u2019a\u00e9rodrome. En 2021, lors des premi\u00e8res \u00e9ditions, plusieurs Jeunes Ailes de province nous ont rejoint comme Alice et J\u00e9r\u00e9my venus tout deux de Paris d\u00e9couvrir le vol montagne. Tout comme eux n&#8217;h\u00e9sitez pas \u00e0 nous rejoindre ! [\/vc_column_text][tm_spacer size=&#8221;lg:80&#8243;][vc_btn title=&#8221;Ambiance A\u00e9robivouac&#8221; color=&#8221;white&#8221; size=&#8221;lg&#8221; i_icon_fontawesome=&#8221;fas fa-campground&#8221; add_icon=&#8221;true&#8221;][vc_masonry_media_grid style=&#8221;lazy&#8221; element_width=&#8221;3&#8243; initial_loading_animation=&#8221;fadeIn&#8221; grid_id=&#8221;vc_gid:1657444482402-5871c6837c93e4468a589e952e9dbce8-9&#8243; include=&#8221;5055,5054,5051,5050,5047,5042,5036,5032,5031,5029,5024,5014,5019,5009,5011,5021,5020,5039,4792,4791,4778,4775,4776,4786,5025,5093,5026,5604,5605,5606,5607,5608,5609,5610,5611,5612,5613,5614,5615&#8243;][tm_spacer size=&#8221;lg:10&#8243;][vc_btn title=&#8221;Aper\u00e7u en image de l&#8217;a\u00e9rodrome de Solli\u00e8res&#8221; color=&#8221;white&#8221; size=&#8221;lg&#8221; i_icon_fontawesome=&#8221;fas fa-images&#8221; add_icon=&#8221;true&#8221;][\/vc_column][\/vc_row][vc_row][vc_column][tm_spacer size=&#8221;lg:10&#8243;][vc_masonry_media_grid style=&#8221;lazy&#8221; element_width=&#8221;3&#8243; initial_loading_animation=&#8221;fadeIn&#8221; grid_id=&#8221;vc_gid:1657444482436-bac05950a37ee05fed2954860ccec7f4-10&#8243; include=&#8221;5656,5653,5654,5655,5658,5659,5660,5657&#8243;][tm_spacer size=&#8221;lg:80&#8243;][vc_btn title=&#8221;L&#8217;\u00e9quipe&#8221; color=&#8221;white&#8221; size=&#8221;lg&#8221; i_icon_fontawesome=&#8221;fas fa-users&#8221; add_icon=&#8221;true&#8221;][vc_column_text] JB (Pr\u00e9sident de l&#8217;AC de Solli\u00e8res), Maxime et Kim vous accueillerions pour cette nouvelle \u00e9dition ! Tous les 3 locaux, membres de l&#8217;a\u00e9roclub de Solli\u00e8res et \u00e9galement de l&#8217;association Jeunes Ailes.[\/vc_column_text][tm_spacer size=&#8221;lg:80&#8243;][vc_btn title=&#8221;On en parle dans la presse&#8221; color=&#8221;white&#8221; size=&#8221;lg&#8221; i_icon_fontawesome=&#8221;fas fa-newspaper&#8221; add_icon=&#8221;true&#8221;][\/vc_column][\/vc_row][vc_row][vc_column][vc_masonry_media_grid style=&#8221;lazy&#8221; element_width=&#8221;3&#8243; initial_loading_animation=&#8221;fadeIn&#8221; grid_id=&#8221;vc_gid:1657444482474-cd7885625f295ac03715d2bbd5c3b0f5-10&#8243; include=&#8221;5005,5632&#8243;][tm_spacer size=&#8221;lg:80&#8243;][vc_btn title=&#8221;Questions&#8221; color=&#8221;white&#8221; size=&#8221;lg&#8221; i_icon_fontawesome=&#8221;fas fa-question&#8221; add_icon=&#8221;true&#8221;][\/vc_column][\/vc_row][vc_row][vc_column][vc_column_text]Si vous avez des questions n&#8217;h\u00e9sitez pas \u00e0 nous contacter via notre formulaire de contact en cliquant ici.[\/vc_column_text][\/vc_column][\/vc_row]<\/p>\n","protected":false},"author":1,"featured_media":0,"parent":0,"menu_order":0,"comment_status":"closed","ping_status":"closed","template":"","meta":{"_mi_skip_tracking":false,"footnotes":""},"class_list":["post-5664","page","type-page","status-publish","hentry","post-no-thumbnail"],"yoast_head":"<!-- This site is optimized with the Yoast SEO plugin v17.8 - https:\/\/yoast.com\/wordpress\/plugins\/seo\/ -->\n<title>A\u00e9robivouac 3\u00e8me \u00e9dition - A\u00e9rodrome de Solli\u00e8res-Sardi\u00e8res LFKD - Jeunes Ailes<\/title>\n<meta name=\"robots\" content=\"index, follow, max-snippet:-1, max-image-preview:large, max-video-preview:-1\" \/>\n<link rel=\"canonical\" href=\"https:\/\/jeunes-ailes.asso.fr\/site\/index.php\/aerobivouac-3eme-edition-aerodrome-de-sollieres-sardieres-lfkd\/\" \/>\n<meta property=\"og:locale\" content=\"fr_FR\" \/>\n<meta property=\"og:type\" content=\"article\" \/>\n<meta property=\"og:title\" content=\"A\u00e9robivouac 3\u00e8me \u00e9dition - A\u00e9rodrome de Solli\u00e8res-Sardi\u00e8res LFKD - Jeunes Ailes\" \/>\n<meta property=\"og:description\" content=\"[vc_row][vc_column][tm_image align=&#8221;center&#8221; image=&#8221;4854&#8243;][tm_countdown align=&#8221;center&#8221; datetime=&#8221;2022\/07\/30 09:00&#8243;][\/vc_column][\/vc_row][vc_row][vc_column][\/vc_column][\/vc_row][vc_row][vc_column][\/vc_column][\/vc_row][vc_row][vc_column][tm_spacer size=&#8221;lg:20&#8243;][tm_spacer size=&#8221;lg:10&#8243;][vc_column_text] 30-31 Juillet 2022 &#8211; A\u00e9rodrome de Solli\u00e8res-Sardi\u00e8res LFKD [\/vc_column_text][vc_separator border_width=&#8221;2&#8243;][\/vc_column][\/vc_row][vc_row][vc_column][vc_column_text] \ud83d\udcc6 Apr\u00e8s les premi\u00e8res \u00e9ditions \u00e0 Saint Roch May\u00e8res face au Mont Blanc et Superdevoluy face \u00e0 l\u2019Obiou, la saison 2 arrive enfin avec de nouveaux a\u00e9robivouacs ! La 3\u00e8me \u00e9dition d\u2019A\u00e9robivouac aura lieu le week-end des 30 et 31 Juillet prochain sur l\u2019a\u00e9rodrome de Solli\u00e8res Sardi\u00e8res LFKD situ\u00e9 dans les Alpes du Nord. Cette rencontre de pilotes de montagne orient\u00e9e jeunes (mais ouverte \u00e0 tous!) est organis\u00e9e par l\u2019association Jeunes Ailes avec le soutient de l\u2019AFPM Association Fran\u00e7aise des Pilotes de Montagne. Vid\u00e9o d&#8217;intro : Affiche saison 2 : [\/vc_column_text][tm_image image_size=&#8221;custom&#8221; action=&#8221;popup&#8221; image=&#8221;5517&#8243; image_size_width=&#8221;750&#8243;][tm_spacer size=&#8221;lg:80&#8243;][vc_btn title=&#8221;Programme pr\u00e9visionnel&#8221; color=&#8221;white&#8221; size=&#8221;lg&#8221; i_type=&#8221;typicons&#8221; i_icon_typicons=&#8221;typcn typcn-calendar&#8221; add_icon=&#8221;true&#8221;][vc_column_text] Programme pr\u00e9visionnel (sous r\u00e9serve de changements li\u00e9s aux al\u00e9as m\u00e9t\u00e9o et de l&#8217;organisation g\u00e9n\u00e9rale) : &#8211; Samedi 30 Juillet : Arriv\u00e9e des participants dans la matin\u00e9e. Pique-nique tir\u00e9 du sac. Randonn\u00e9e dans les environs du parc de la Vanoise. Soir\u00e9e BBQ Bivouac au pied des avions &#8211; Dimanche 31 Juillet : Petit d\u00e9jeuner D\u00e9part des participants dans la matin\u00e9e &#8211; Voici quelques infos pour que tout se d\u00e9roule dans les meilleurs conditions : fuel : SP95 dispo sur le terrain de sollieres, paiement ch\u00e8que ou esp\u00e8ce, merci de donner un estimatif des besoins par machine. 100ll dispo par carte Total sur le terrain d&#8217;Albertville LFKA ou en d\u00e9pannage sur le terrain de St R\u00e9my LFKR (paiement esp\u00e8ce uniquement et pr\u00e9venir \u00e0 l&#8217;avance pour qu&#8217;on s&#8217;arrange avec St R\u00e9my au besoin). Privil\u00e9gier LFKA si possible. r\u00e9duction des nuisances : merci de bien \u00e9tudier la carte VAC avant l&#8217;arriv\u00e9e et \u00e9viter au maximum le survol des villages \u00e0 proximit\u00e9 du terrain, \u00e0 savoir Bramans, Sollieres et Termignon. Soyez \u00e9galement vigilement avec les limites du Parc de la Vanoise \u00e0 l&#8217;Ouest du terrain (survol interdit \u00e0 moins de 3300ft sol) aerologie : privil\u00e9gier au maximum les arriv\u00e9es le matin avant 11h ou le soir apr\u00e8s 19h. En journ\u00e9e, possibilit\u00e9 de forte brise de vall\u00e9e. Aerologie devient tr\u00e8s turbulente par vent de secteur Sud \/ Est. [\/vc_column_text][tm_spacer size=&#8221;lg:50&#8243;][vc_column_text] Le GO\/NOGO m\u00e9t\u00e9o sera donn\u00e9 2-3 jours avant l&#8217;\u00e9v\u00e8nement. Si n\u00e9cessaire un report m\u00e9t\u00e9o sera pr\u00e9vu. [\/vc_column_text][tm_spacer size=&#8221;lg:60&#8243;][vc_btn title=&#8221;Tarifs&#8221; color=&#8221;white&#8221; size=&#8221;lg&#8221; i_icon_fontawesome=&#8221;fas fa-euro-sign&#8221; add_icon=&#8221;true&#8221;][vc_column_text] Une petite participation financi\u00e8re de 15-20 \u20ac (montant sera fix\u00e9 en fonction du nbre de participants) vous sera demand\u00e9 pour le BBQ du samedi soir et le petit d\u00e9jeuner du dimanche matin. \u00a0En cas d&#8217;annulation de l&#8217;\u00e9v\u00e8nement cause m\u00e9t\u00e9o vous serez \u00e9videmment rembours\u00e9. [\/vc_column_text][tm_spacer size=&#8221;lg:80&#8243;][vc_btn title=&#8221;Inscriptions&#8221; color=&#8221;white&#8221; size=&#8221;lg&#8221; i_icon_fontawesome=&#8221;fas fa-user-plus&#8221; add_icon=&#8221;true&#8221;][vc_column_text] OUVERTURE DES INSCRIPTIONS le 10 JUILLET \u00e0 12H00 jusqu&#8217;au 27 Juillet 22h00 (cliquer sur le bouton orange ci-dessous &#8220;S&#8217;inscrire&#8221;) : [\/vc_column_text][tm_spacer size=&#8221;lg:20&#8243;][vc_btn title=&#8221;S&#8217;INSCRIRE&#8221; color=&#8221;warning&#8221; size=&#8221;lg&#8221; i_icon_fontawesome=&#8221;fas fa-paper-plane&#8221; add_icon=&#8221;true&#8221; link=&#8221;url:https%3A%2F%2Fwww.helloasso.com%2Fassociations%2Fassociation-jeunes-ailes%2Fevenements%2Faerobivouac-3eme-edition-aerome-de-sollieres-sardieres-lfkd|target:_blank&#8221;][tm_spacer size=&#8221;lg:80&#8243;][vc_column_text] \u00ab Et pour moi pilote de plaine qui ne suis pas qualifi\u00e9 montagne mais souhaite participer \u00e0 cet \u00e9v\u00e9nement ? \u00bb Plusieurs possibilit\u00e9s s&#8217;offre \u00e0 vous : Coavionnage : Prendre place \u00e0 bord de l\u2019avion d\u2019un pilote qualifi\u00e9 montagne (&#8220;Avionstoppeur&#8221; choisir le billet &#8220;coavionnage&#8221; dans le formulaire d&#8217;inscription). Venir en voiture ou covoiturage avec d\u2019autres participants jusqu\u2019\u00e0 l\u2019a\u00e9rodrome. En 2021, lors des premi\u00e8res \u00e9ditions, plusieurs Jeunes Ailes de province nous ont rejoint comme Alice et J\u00e9r\u00e9my venus tout deux de Paris d\u00e9couvrir le vol montagne. Tout comme eux n&#8217;h\u00e9sitez pas \u00e0 nous rejoindre ! [\/vc_column_text][tm_spacer size=&#8221;lg:80&#8243;][vc_btn title=&#8221;Ambiance A\u00e9robivouac&#8221; color=&#8221;white&#8221; size=&#8221;lg&#8221; i_icon_fontawesome=&#8221;fas fa-campground&#8221; add_icon=&#8221;true&#8221;][vc_masonry_media_grid style=&#8221;lazy&#8221; element_width=&#8221;3&#8243; initial_loading_animation=&#8221;fadeIn&#8221; grid_id=&#8221;vc_gid:1657444482402-5871c6837c93e4468a589e952e9dbce8-9&#8243; include=&#8221;5055,5054,5051,5050,5047,5042,5036,5032,5031,5029,5024,5014,5019,5009,5011,5021,5020,5039,4792,4791,4778,4775,4776,4786,5025,5093,5026,5604,5605,5606,5607,5608,5609,5610,5611,5612,5613,5614,5615&#8243;][tm_spacer size=&#8221;lg:10&#8243;][vc_btn title=&#8221;Aper\u00e7u en image de l&#8217;a\u00e9rodrome de Solli\u00e8res&#8221; color=&#8221;white&#8221; size=&#8221;lg&#8221; i_icon_fontawesome=&#8221;fas fa-images&#8221; add_icon=&#8221;true&#8221;][\/vc_column][\/vc_row][vc_row][vc_column][tm_spacer size=&#8221;lg:10&#8243;][vc_masonry_media_grid style=&#8221;lazy&#8221; element_width=&#8221;3&#8243; initial_loading_animation=&#8221;fadeIn&#8221; grid_id=&#8221;vc_gid:1657444482436-bac05950a37ee05fed2954860ccec7f4-10&#8243; include=&#8221;5656,5653,5654,5655,5658,5659,5660,5657&#8243;][tm_spacer size=&#8221;lg:80&#8243;][vc_btn title=&#8221;L&#8217;\u00e9quipe&#8221; color=&#8221;white&#8221; size=&#8221;lg&#8221; i_icon_fontawesome=&#8221;fas fa-users&#8221; add_icon=&#8221;true&#8221;][vc_column_text] JB (Pr\u00e9sident de l&#8217;AC de Solli\u00e8res), Maxime et Kim vous accueillerions pour cette nouvelle \u00e9dition ! Tous les 3 locaux, membres de l&#8217;a\u00e9roclub de Solli\u00e8res et \u00e9galement de l&#8217;association Jeunes Ailes.[\/vc_column_text][tm_spacer size=&#8221;lg:80&#8243;][vc_btn title=&#8221;On en parle dans la presse&#8221; color=&#8221;white&#8221; size=&#8221;lg&#8221; i_icon_fontawesome=&#8221;fas fa-newspaper&#8221; add_icon=&#8221;true&#8221;][\/vc_column][\/vc_row][vc_row][vc_column][vc_masonry_media_grid style=&#8221;lazy&#8221; element_width=&#8221;3&#8243; initial_loading_animation=&#8221;fadeIn&#8221; grid_id=&#8221;vc_gid:1657444482474-cd7885625f295ac03715d2bbd5c3b0f5-10&#8243; include=&#8221;5005,5632&#8243;][tm_spacer size=&#8221;lg:80&#8243;][vc_btn title=&#8221;Questions&#8221; color=&#8221;white&#8221; size=&#8221;lg&#8221; i_icon_fontawesome=&#8221;fas fa-question&#8221; add_icon=&#8221;true&#8221;][\/vc_column][\/vc_row][vc_row][vc_column][vc_column_text]Si vous avez des questions n&#8217;h\u00e9sitez pas \u00e0 nous contacter via notre formulaire de contact en cliquant ici.[\/vc_column_text][\/vc_column][\/vc_row]\" \/>\n<meta property=\"og:url\" content=\"https:\/\/jeunes-ailes.asso.fr\/site\/index.php\/aerobivouac-3eme-edition-aerodrome-de-sollieres-sardieres-lfkd\/\" \/>\n<meta property=\"og:site_name\" content=\"Jeunes Ailes\" \/>\n<meta property=\"article:publisher\" content=\"https:\/\/fr-fr.facebook.com\/groups\/jeunesailes\" \/>\n<meta property=\"article:modified_time\" content=\"2022-07-10T09:15:49+00:00\" \/>\n<meta property=\"og:image\" content=\"https:\/\/jeunes-ailes.asso.fr\/site\/wp-content\/uploads\/2022\/07\/46f62ee0-b56f-42cd-93ef-53a35ad17031-1024x768.jpg\" \/>\n<meta name=\"twitter:card\" content=\"summary_large_image\" \/>\n<meta name=\"twitter:label1\" content=\"Dur\u00e9e de lecture estim\u00e9e\" \/>\n\t<meta name=\"twitter:data1\" content=\"5 minutes\" \/>\n<script type=\"application\/ld+json\" class=\"yoast-schema-graph\">{\"@context\":\"https:\/\/schema.org\",\"@graph\":[{\"@type\":\"Organization\",\"@id\":\"https:\/\/jeunes-ailes.asso.fr\/site\/#organization\",\"name\":\"Jeunes Ailes\",\"url\":\"https:\/\/jeunes-ailes.asso.fr\/site\/\",\"sameAs\":[\"https:\/\/fr-fr.facebook.com\/groups\/jeunesailes\",\"https:\/\/www.instagram.com\/jeunes_ailes_association\/\",\"https:\/\/www.linkedin.com\/company\/jeunes-ailes\",\"https:\/\/www.youtube.com\/playlist?list=PLMEx60-fXLQt8yMxQ0iUZznXvUdgvr6WR\",\"https:\/\/fr.wikipedia.org\/wiki\/JA\"],\"logo\":{\"@type\":\"ImageObject\",\"@id\":\"https:\/\/jeunes-ailes.asso.fr\/site\/#logo\",\"inLanguage\":\"fr-FR\",\"url\":\"https:\/\/jeunes-ailes.asso.fr\/site\/wp-content\/uploads\/2018\/05\/logo-jeunes-ailes.png\",\"contentUrl\":\"https:\/\/jeunes-ailes.asso.fr\/site\/wp-content\/uploads\/2018\/05\/logo-jeunes-ailes.png\",\"width\":500,\"height\":464,\"caption\":\"Jeunes Ailes\"},\"image\":{\"@id\":\"https:\/\/jeunes-ailes.asso.fr\/site\/#logo\"}},{\"@type\":\"WebSite\",\"@id\":\"https:\/\/jeunes-ailes.asso.fr\/site\/#website\",\"url\":\"https:\/\/jeunes-ailes.asso.fr\/site\/\",\"name\":\"Jeunes Ailes\",\"description\":\"le site officiel de l&#039;association Jeunes Ailes, les passionn\\u00e9s d&#039;a\\u00e9ronautique\",\"publisher\":{\"@id\":\"https:\/\/jeunes-ailes.asso.fr\/site\/#organization\"},\"potentialAction\":[{\"@type\":\"SearchAction\",\"target\":{\"@type\":\"EntryPoint\",\"urlTemplate\":\"https:\/\/jeunes-ailes.asso.fr\/site\/?s={search_term_string}\"},\"query-input\":\"required name=search_term_string\"}],\"inLanguage\":\"fr-FR\"},{\"@type\":\"ImageObject\",\"@id\":\"https:\/\/jeunes-ailes.asso.fr\/site\/index.php\/aerobivouac-3eme-edition-aerodrome-de-sollieres-sardieres-lfkd\/#primaryimage\",\"inLanguage\":\"fr-FR\",\"url\":\"https:\/\/jeunes-ailes.asso.fr\/site\/wp-content\/uploads\/2022\/07\/46f62ee0-b56f-42cd-93ef-53a35ad17031.jpg\",\"contentUrl\":\"https:\/\/jeunes-ailes.asso.fr\/site\/wp-content\/uploads\/2022\/07\/46f62ee0-b56f-42cd-93ef-53a35ad17031.jpg\",\"width\":1600,\"height\":1200},{\"@type\":\"WebPage\",\"@id\":\"https:\/\/jeunes-ailes.asso.fr\/site\/index.php\/aerobivouac-3eme-edition-aerodrome-de-sollieres-sardieres-lfkd\/#webpage\",\"url\":\"https:\/\/jeunes-ailes.asso.fr\/site\/index.php\/aerobivouac-3eme-edition-aerodrome-de-sollieres-sardieres-lfkd\/\",\"name\":\"A\\u00e9robivouac 3\\u00e8me \\u00e9dition - A\\u00e9rodrome de Solli\\u00e8res-Sardi\\u00e8res LFKD - Jeunes Ailes\",\"isPartOf\":{\"@id\":\"https:\/\/jeunes-ailes.asso.fr\/site\/#website\"},\"primaryImageOfPage\":{\"@id\":\"https:\/\/jeunes-ailes.asso.fr\/site\/index.php\/aerobivouac-3eme-edition-aerodrome-de-sollieres-sardieres-lfkd\/#primaryimage\"},\"datePublished\":\"2022-07-10T08:42:44+00:00\",\"dateModified\":\"2022-07-10T09:15:49+00:00\",\"breadcrumb\":{\"@id\":\"https:\/\/jeunes-ailes.asso.fr\/site\/index.php\/aerobivouac-3eme-edition-aerodrome-de-sollieres-sardieres-lfkd\/#breadcrumb\"},\"inLanguage\":\"fr-FR\",\"potentialAction\":[{\"@type\":\"ReadAction\",\"target\":[\"https:\/\/jeunes-ailes.asso.fr\/site\/index.php\/aerobivouac-3eme-edition-aerodrome-de-sollieres-sardieres-lfkd\/\"]}]},{\"@type\":\"BreadcrumbList\",\"@id\":\"https:\/\/jeunes-ailes.asso.fr\/site\/index.php\/aerobivouac-3eme-edition-aerodrome-de-sollieres-sardieres-lfkd\/#breadcrumb\",\"itemListElement\":[{\"@type\":\"ListItem\",\"position\":1,\"name\":\"Home\",\"item\":\"https:\/\/jeunes-ailes.asso.fr\/site\/\"},{\"@type\":\"ListItem\",\"position\":2,\"name\":\"A\\u00e9robivouac 3\\u00e8me \\u00e9dition &#8211; A\\u00e9rodrome de Solli\\u00e8res-Sardi\\u00e8res LFKD\"}]}]}<\/script>\n<!-- \/ Yoast SEO plugin. -->","yoast_head_json":{"title":"A\u00e9robivouac 3\u00e8me \u00e9dition - A\u00e9rodrome de Solli\u00e8res-Sardi\u00e8res LFKD - Jeunes Ailes","robots":{"index":"index","follow":"follow","max-snippet":"max-snippet:-1","max-image-preview":"max-image-preview:large","max-video-preview":"max-video-preview:-1"},"canonical":"https:\/\/jeunes-ailes.asso.fr\/site\/index.php\/aerobivouac-3eme-edition-aerodrome-de-sollieres-sardieres-lfkd\/","og_locale":"fr_FR","og_type":"article","og_title":"A\u00e9robivouac 3\u00e8me \u00e9dition - A\u00e9rodrome de Solli\u00e8res-Sardi\u00e8res LFKD - Jeunes Ailes","og_description":"[vc_row][vc_column][tm_image align=&#8221;center&#8221; image=&#8221;4854&#8243;][tm_countdown align=&#8221;center&#8221; datetime=&#8221;2022\/07\/30 09:00&#8243;][\/vc_column][\/vc_row][vc_row][vc_column][\/vc_column][\/vc_row][vc_row][vc_column][\/vc_column][\/vc_row][vc_row][vc_column][tm_spacer size=&#8221;lg:20&#8243;][tm_spacer size=&#8221;lg:10&#8243;][vc_column_text] 30-31 Juillet 2022 &#8211; A\u00e9rodrome de Solli\u00e8res-Sardi\u00e8res LFKD [\/vc_column_text][vc_separator border_width=&#8221;2&#8243;][\/vc_column][\/vc_row][vc_row][vc_column][vc_column_text] \ud83d\udcc6 Apr\u00e8s les premi\u00e8res \u00e9ditions \u00e0 Saint Roch May\u00e8res face au Mont Blanc et Superdevoluy face \u00e0 l\u2019Obiou, la saison 2 arrive enfin avec de nouveaux a\u00e9robivouacs ! La 3\u00e8me \u00e9dition d\u2019A\u00e9robivouac aura lieu le week-end des 30 et 31 Juillet prochain sur l\u2019a\u00e9rodrome de Solli\u00e8res Sardi\u00e8res LFKD situ\u00e9 dans les Alpes du Nord. Cette rencontre de pilotes de montagne orient\u00e9e jeunes (mais ouverte \u00e0 tous!) est organis\u00e9e par l\u2019association Jeunes Ailes avec le soutient de l\u2019AFPM Association Fran\u00e7aise des Pilotes de Montagne. Vid\u00e9o d&#8217;intro : Affiche saison 2 : [\/vc_column_text][tm_image image_size=&#8221;custom&#8221; action=&#8221;popup&#8221; image=&#8221;5517&#8243; image_size_width=&#8221;750&#8243;][tm_spacer size=&#8221;lg:80&#8243;][vc_btn title=&#8221;Programme pr\u00e9visionnel&#8221; color=&#8221;white&#8221; size=&#8221;lg&#8221; i_type=&#8221;typicons&#8221; i_icon_typicons=&#8221;typcn typcn-calendar&#8221; add_icon=&#8221;true&#8221;][vc_column_text] Programme pr\u00e9visionnel (sous r\u00e9serve de changements li\u00e9s aux al\u00e9as m\u00e9t\u00e9o et de l&#8217;organisation g\u00e9n\u00e9rale) : &#8211; Samedi 30 Juillet : Arriv\u00e9e des participants dans la matin\u00e9e. Pique-nique tir\u00e9 du sac. Randonn\u00e9e dans les environs du parc de la Vanoise. Soir\u00e9e BBQ Bivouac au pied des avions &#8211; Dimanche 31 Juillet : Petit d\u00e9jeuner D\u00e9part des participants dans la matin\u00e9e &#8211; Voici quelques infos pour que tout se d\u00e9roule dans les meilleurs conditions : fuel : SP95 dispo sur le terrain de sollieres, paiement ch\u00e8que ou esp\u00e8ce, merci de donner un estimatif des besoins par machine. 100ll dispo par carte Total sur le terrain d&#8217;Albertville LFKA ou en d\u00e9pannage sur le terrain de St R\u00e9my LFKR (paiement esp\u00e8ce uniquement et pr\u00e9venir \u00e0 l&#8217;avance pour qu&#8217;on s&#8217;arrange avec St R\u00e9my au besoin). Privil\u00e9gier LFKA si possible. r\u00e9duction des nuisances : merci de bien \u00e9tudier la carte VAC avant l&#8217;arriv\u00e9e et \u00e9viter au maximum le survol des villages \u00e0 proximit\u00e9 du terrain, \u00e0 savoir Bramans, Sollieres et Termignon. Soyez \u00e9galement vigilement avec les limites du Parc de la Vanoise \u00e0 l&#8217;Ouest du terrain (survol interdit \u00e0 moins de 3300ft sol) aerologie : privil\u00e9gier au maximum les arriv\u00e9es le matin avant 11h ou le soir apr\u00e8s 19h. En journ\u00e9e, possibilit\u00e9 de forte brise de vall\u00e9e. Aerologie devient tr\u00e8s turbulente par vent de secteur Sud \/ Est. [\/vc_column_text][tm_spacer size=&#8221;lg:50&#8243;][vc_column_text] Le GO\/NOGO m\u00e9t\u00e9o sera donn\u00e9 2-3 jours avant l&#8217;\u00e9v\u00e8nement. Si n\u00e9cessaire un report m\u00e9t\u00e9o sera pr\u00e9vu. [\/vc_column_text][tm_spacer size=&#8221;lg:60&#8243;][vc_btn title=&#8221;Tarifs&#8221; color=&#8221;white&#8221; size=&#8221;lg&#8221; i_icon_fontawesome=&#8221;fas fa-euro-sign&#8221; add_icon=&#8221;true&#8221;][vc_column_text] Une petite participation financi\u00e8re de 15-20 \u20ac (montant sera fix\u00e9 en fonction du nbre de participants) vous sera demand\u00e9 pour le BBQ du samedi soir et le petit d\u00e9jeuner du dimanche matin. \u00a0En cas d&#8217;annulation de l&#8217;\u00e9v\u00e8nement cause m\u00e9t\u00e9o vous serez \u00e9videmment rembours\u00e9. [\/vc_column_text][tm_spacer size=&#8221;lg:80&#8243;][vc_btn title=&#8221;Inscriptions&#8221; color=&#8221;white&#8221; size=&#8221;lg&#8221; i_icon_fontawesome=&#8221;fas fa-user-plus&#8221; add_icon=&#8221;true&#8221;][vc_column_text] OUVERTURE DES INSCRIPTIONS le 10 JUILLET \u00e0 12H00 jusqu&#8217;au 27 Juillet 22h00 (cliquer sur le bouton orange ci-dessous &#8220;S&#8217;inscrire&#8221;) : [\/vc_column_text][tm_spacer size=&#8221;lg:20&#8243;][vc_btn title=&#8221;S&#8217;INSCRIRE&#8221; color=&#8221;warning&#8221; size=&#8221;lg&#8221; i_icon_fontawesome=&#8221;fas fa-paper-plane&#8221; add_icon=&#8221;true&#8221; link=&#8221;url:https%3A%2F%2Fwww.helloasso.com%2Fassociations%2Fassociation-jeunes-ailes%2Fevenements%2Faerobivouac-3eme-edition-aerome-de-sollieres-sardieres-lfkd|target:_blank&#8221;][tm_spacer size=&#8221;lg:80&#8243;][vc_column_text] \u00ab Et pour moi pilote de plaine qui ne suis pas qualifi\u00e9 montagne mais souhaite participer \u00e0 cet \u00e9v\u00e9nement ? \u00bb Plusieurs possibilit\u00e9s s&#8217;offre \u00e0 vous : Coavionnage : Prendre place \u00e0 bord de l\u2019avion d\u2019un pilote qualifi\u00e9 montagne (&#8220;Avionstoppeur&#8221; choisir le billet &#8220;coavionnage&#8221; dans le formulaire d&#8217;inscription). Venir en voiture ou covoiturage avec d\u2019autres participants jusqu\u2019\u00e0 l\u2019a\u00e9rodrome. En 2021, lors des premi\u00e8res \u00e9ditions, plusieurs Jeunes Ailes de province nous ont rejoint comme Alice et J\u00e9r\u00e9my venus tout deux de Paris d\u00e9couvrir le vol montagne. Tout comme eux n&#8217;h\u00e9sitez pas \u00e0 nous rejoindre ! [\/vc_column_text][tm_spacer size=&#8221;lg:80&#8243;][vc_btn title=&#8221;Ambiance A\u00e9robivouac&#8221; color=&#8221;white&#8221; size=&#8221;lg&#8221; i_icon_fontawesome=&#8221;fas fa-campground&#8221; add_icon=&#8221;true&#8221;][vc_masonry_media_grid style=&#8221;lazy&#8221; element_width=&#8221;3&#8243; initial_loading_animation=&#8221;fadeIn&#8221; grid_id=&#8221;vc_gid:1657444482402-5871c6837c93e4468a589e952e9dbce8-9&#8243; include=&#8221;5055,5054,5051,5050,5047,5042,5036,5032,5031,5029,5024,5014,5019,5009,5011,5021,5020,5039,4792,4791,4778,4775,4776,4786,5025,5093,5026,5604,5605,5606,5607,5608,5609,5610,5611,5612,5613,5614,5615&#8243;][tm_spacer size=&#8221;lg:10&#8243;][vc_btn title=&#8221;Aper\u00e7u en image de l&#8217;a\u00e9rodrome de Solli\u00e8res&#8221; color=&#8221;white&#8221; size=&#8221;lg&#8221; i_icon_fontawesome=&#8221;fas fa-images&#8221; add_icon=&#8221;true&#8221;][\/vc_column][\/vc_row][vc_row][vc_column][tm_spacer size=&#8221;lg:10&#8243;][vc_masonry_media_grid style=&#8221;lazy&#8221; element_width=&#8221;3&#8243; initial_loading_animation=&#8221;fadeIn&#8221; grid_id=&#8221;vc_gid:1657444482436-bac05950a37ee05fed2954860ccec7f4-10&#8243; include=&#8221;5656,5653,5654,5655,5658,5659,5660,5657&#8243;][tm_spacer size=&#8221;lg:80&#8243;][vc_btn title=&#8221;L&#8217;\u00e9quipe&#8221; color=&#8221;white&#8221; size=&#8221;lg&#8221; i_icon_fontawesome=&#8221;fas fa-users&#8221; add_icon=&#8221;true&#8221;][vc_column_text] JB (Pr\u00e9sident de l&#8217;AC de Solli\u00e8res), Maxime et Kim vous accueillerions pour cette nouvelle \u00e9dition ! Tous les 3 locaux, membres de l&#8217;a\u00e9roclub de Solli\u00e8res et \u00e9galement de l&#8217;association Jeunes Ailes.[\/vc_column_text][tm_spacer size=&#8221;lg:80&#8243;][vc_btn title=&#8221;On en parle dans la presse&#8221; color=&#8221;white&#8221; size=&#8221;lg&#8221; i_icon_fontawesome=&#8221;fas fa-newspaper&#8221; add_icon=&#8221;true&#8221;][\/vc_column][\/vc_row][vc_row][vc_column][vc_masonry_media_grid style=&#8221;lazy&#8221; element_width=&#8221;3&#8243; initial_loading_animation=&#8221;fadeIn&#8221; grid_id=&#8221;vc_gid:1657444482474-cd7885625f295ac03715d2bbd5c3b0f5-10&#8243; include=&#8221;5005,5632&#8243;][tm_spacer size=&#8221;lg:80&#8243;][vc_btn title=&#8221;Questions&#8221; color=&#8221;white&#8221; size=&#8221;lg&#8221; i_icon_fontawesome=&#8221;fas fa-question&#8221; add_icon=&#8221;true&#8221;][\/vc_column][\/vc_row][vc_row][vc_column][vc_column_text]Si vous avez des questions n&#8217;h\u00e9sitez pas \u00e0 nous contacter via notre formulaire de contact en cliquant ici.[\/vc_column_text][\/vc_column][\/vc_row]","og_url":"https:\/\/jeunes-ailes.asso.fr\/site\/index.php\/aerobivouac-3eme-edition-aerodrome-de-sollieres-sardieres-lfkd\/","og_site_name":"Jeunes Ailes","article_publisher":"https:\/\/fr-fr.facebook.com\/groups\/jeunesailes","article_modified_time":"2022-07-10T09:15:49+00:00","og_image":[{"url":"https:\/\/jeunes-ailes.asso.fr\/site\/wp-content\/uploads\/2022\/07\/46f62ee0-b56f-42cd-93ef-53a35ad17031-1024x768.jpg"}],"twitter_card":"summary_large_image","twitter_misc":{"Dur\u00e9e de lecture estim\u00e9e":"5 minutes"},"schema":{"@context":"https:\/\/schema.org","@graph":[{"@type":"Organization","@id":"https:\/\/jeunes-ailes.asso.fr\/site\/#organization","name":"Jeunes Ailes","url":"https:\/\/jeunes-ailes.asso.fr\/site\/","sameAs":["https:\/\/fr-fr.facebook.com\/groups\/jeunesailes","https:\/\/www.instagram.com\/jeunes_ailes_association\/","https:\/\/www.linkedin.com\/company\/jeunes-ailes","https:\/\/www.youtube.com\/playlist?list=PLMEx60-fXLQt8yMxQ0iUZznXvUdgvr6WR","https:\/\/fr.wikipedia.org\/wiki\/JA"],"logo":{"@type":"ImageObject","@id":"https:\/\/jeunes-ailes.asso.fr\/site\/#logo","inLanguage":"fr-FR","url":"https:\/\/jeunes-ailes.asso.fr\/site\/wp-content\/uploads\/2018\/05\/logo-jeunes-ailes.png","contentUrl":"https:\/\/jeunes-ailes.asso.fr\/site\/wp-content\/uploads\/2018\/05\/logo-jeunes-ailes.png","width":500,"height":464,"caption":"Jeunes Ailes"},"image":{"@id":"https:\/\/jeunes-ailes.asso.fr\/site\/#logo"}},{"@type":"WebSite","@id":"https:\/\/jeunes-ailes.asso.fr\/site\/#website","url":"https:\/\/jeunes-ailes.asso.fr\/site\/","name":"Jeunes Ailes","description":"le site officiel de l&#039;association Jeunes Ailes, les passionn\u00e9s d&#039;a\u00e9ronautique","publisher":{"@id":"https:\/\/jeunes-ailes.asso.fr\/site\/#organization"},"potentialAction":[{"@type":"SearchAction","target":{"@type":"EntryPoint","urlTemplate":"https:\/\/jeunes-ailes.asso.fr\/site\/?s={search_term_string}"},"query-input":"required name=search_term_string"}],"inLanguage":"fr-FR"},{"@type":"ImageObject","@id":"https:\/\/jeunes-ailes.asso.fr\/site\/index.php\/aerobivouac-3eme-edition-aerodrome-de-sollieres-sardieres-lfkd\/#primaryimage","inLanguage":"fr-FR","url":"https:\/\/jeunes-ailes.asso.fr\/site\/wp-content\/uploads\/2022\/07\/46f62ee0-b56f-42cd-93ef-53a35ad17031.jpg","contentUrl":"https:\/\/jeunes-ailes.asso.fr\/site\/wp-content\/uploads\/2022\/07\/46f62ee0-b56f-42cd-93ef-53a35ad17031.jpg","width":1600,"height":1200},{"@type":"WebPage","@id":"https:\/\/jeunes-ailes.asso.fr\/site\/index.php\/aerobivouac-3eme-edition-aerodrome-de-sollieres-sardieres-lfkd\/#webpage","url":"https:\/\/jeunes-ailes.asso.fr\/site\/index.php\/aerobivouac-3eme-edition-aerodrome-de-sollieres-sardieres-lfkd\/","name":"A\u00e9robivouac 3\u00e8me \u00e9dition - A\u00e9rodrome de Solli\u00e8res-Sardi\u00e8res LFKD - Jeunes Ailes","isPartOf":{"@id":"https:\/\/jeunes-ailes.asso.fr\/site\/#website"},"primaryImageOfPage":{"@id":"https:\/\/jeunes-ailes.asso.fr\/site\/index.php\/aerobivouac-3eme-edition-aerodrome-de-sollieres-sardieres-lfkd\/#primaryimage"},"datePublished":"2022-07-10T08:42:44+00:00","dateModified":"2022-07-10T09:15:49+00:00","breadcrumb":{"@id":"https:\/\/jeunes-ailes.asso.fr\/site\/index.php\/aerobivouac-3eme-edition-aerodrome-de-sollieres-sardieres-lfkd\/#breadcrumb"},"inLanguage":"fr-FR","potentialAction":[{"@type":"ReadAction","target":["https:\/\/jeunes-ailes.asso.fr\/site\/index.php\/aerobivouac-3eme-edition-aerodrome-de-sollieres-sardieres-lfkd\/"]}]},{"@type":"BreadcrumbList","@id":"https:\/\/jeunes-ailes.asso.fr\/site\/index.php\/aerobivouac-3eme-edition-aerodrome-de-sollieres-sardieres-lfkd\/#breadcrumb","itemListElement":[{"@type":"ListItem","position":1,"name":"Home","item":"https:\/\/jeunes-ailes.asso.fr\/site\/"},{"@type":"ListItem","position":2,"name":"A\u00e9robivouac 3\u00e8me \u00e9dition &#8211; A\u00e9rodrome de Solli\u00e8res-Sardi\u00e8res LFKD"}]}]}},"_links":{"self":[{"href":"https:\/\/jeunes-ailes.asso.fr\/site\/index.php\/wp-json\/wp\/v2\/pages\/5664","targetHints":{"allow":["GET"]}}],"collection":[{"href":"https:\/\/jeunes-ailes.asso.fr\/site\/index.php\/wp-json\/wp\/v2\/pages"}],"about":[{"href":"https:\/\/jeunes-ailes.asso.fr\/site\/index.php\/wp-json\/wp\/v2\/types\/page"}],"author":[{"embeddable":true,"href":"https:\/\/jeunes-ailes.asso.fr\/site\/index.php\/wp-json\/wp\/v2\/users\/1"}],"replies":[{"embeddable":true,"href":"https:\/\/jeunes-ailes.asso.fr\/site\/index.php\/wp-json\/wp\/v2\/comments?post=5664"}],"version-history":[{"count":7,"href":"https:\/\/jeunes-ailes.asso.fr\/site\/index.php\/wp-json\/wp\/v2\/pages\/5664\/revisions"}],"predecessor-version":[{"id":5673,"href":"https:\/\/jeunes-ailes.asso.fr\/site\/index.php\/wp-json\/wp\/v2\/pages\/5664\/revisions\/5673"}],"wp:attachment":[{"href":"https:\/\/jeunes-ailes.asso.fr\/site\/index.php\/wp-json\/wp\/v2\/media?parent=5664"}],"curies":[{"name":"wp","href":"https:\/\/api.w.org\/{rel}","templated":true}]}}