{"id":4761,"date":"2021-04-22T11:33:29","date_gmt":"2021-04-22T09:33:29","guid":{"rendered":"https:\/\/jeunes-ailes.asso.fr\/site\/?page_id=4761"},"modified":"2021-05-08T12:51:15","modified_gmt":"2021-05-08T10:51:15","slug":"aerobivouac-1er-edition-altisurface-de-saint-roch-mayeres","status":"publish","type":"page","link":"https:\/\/jeunes-ailes.asso.fr\/site\/index.php\/aerobivouac-1er-edition-altisurface-de-saint-roch-mayeres\/","title":{"rendered":"A\u00e9robivouac 1er \u00e9dition &#8211; Altisurface de Saint Roch May\u00e8res"},"content":{"rendered":"[vc_row][vc_column][tm_image align=&#8221;center&#8221; image=&#8221;4854&#8243;][tm_countdown align=&#8221;center&#8221; datetime=&#8221;2021\/06\/05 11:00&#8243;][\/vc_column][\/vc_row][vc_row][vc_column][tm_spacer size=&#8221;lg:20&#8243;][tm_spacer size=&#8221;lg:10&#8243;][vc_column_text]\n<h3 style=\"text-align: center;\"><span style=\"color: #006ec2;\">5-6 Juin 2021 &#8211; <\/span><span style=\"color: #006ec2;\">Altisurface de Saint Roch May\u00e8res<\/span><\/h3>\n[\/vc_column_text][vc_column_text]\n<h6><\/h6>\n<h6 style=\"text-align: center;\"><span style=\"color: #ff0000;\"><strong>INFORMATIONS ET INSCRIPTIONS LE SAMEDI 8 MAI \u00e0 15H00 !<br \/>\n<\/strong><\/span><\/h6>\n<p>&nbsp;<\/p>\n<p><center><iframe loading=\"lazy\" src=\"https:\/\/www.youtube.com\/embed\/5N2WFEljbSo?autoplay=1\" width=\"560\" height=\"315\" frameborder=\"0\" allowfullscreen=\"allowfullscreen\"><\/iframe><\/center>[\/vc_column_text][vc_separator border_width=&#8221;2&#8243;][vc_media_grid grid_id=&#8221;vc_gid:1620470974520-9a7938cba9bf11ec7426bc32851e7373-9&#8243;][\/vc_column][\/vc_row][vc_row][vc_column][vc_column_text]\n<div class=\"Campaign--Presentation Card\" data-v-3d092355=\"\">\n<div class=\"Generated--Content\">\n<p>\ud83d\udcc6 La 1i\u00e8re \u00e9dition d\u2019A\u00e9robivouac 2021 aura lieu le week-end du 5 et 6 Juin prochain sur l\u2019altisurface de Saint Roch May\u00e8res. Plus tard en Ao\u00fbt aura lieu la 2nd \u00e9dition sur l\u2019altisurface de Superdevoluy dans les Alpes du Sud.<br \/>\nCette rencontre de pilotes de montagne orient\u00e9e jeunes (mais ouverte \u00e0 tous!) est organis\u00e9e par l\u2019association Jeunes Ailes avec le soutient de l\u2019AFPM <a href=\"https:\/\/www.afpm.fr\/\">Association Fran\u00e7aise des Pilotes de Montagne<\/a>.<\/p>\n<p><strong><a href=\"https:\/\/jeunes-ailes.asso.fr\/site\/wp-content\/uploads\/2021\/05\/logo-AFPM.png\" rel=\"lightbox[4761]\"><img loading=\"lazy\" decoding=\"async\" class=\"alignnone wp-image-4879\" src=\"https:\/\/jeunes-ailes.asso.fr\/site\/wp-content\/uploads\/2021\/05\/logo-AFPM.png\" alt=\"\" width=\"124\" height=\"122\" srcset=\"https:\/\/jeunes-ailes.asso.fr\/site\/wp-content\/uploads\/2021\/05\/logo-AFPM.png 390w, https:\/\/jeunes-ailes.asso.fr\/site\/wp-content\/uploads\/2021\/05\/logo-AFPM-300x294.png 300w, https:\/\/jeunes-ailes.asso.fr\/site\/wp-content\/uploads\/2021\/05\/logo-AFPM-24x24.png 24w, https:\/\/jeunes-ailes.asso.fr\/site\/wp-content\/uploads\/2021\/05\/logo-AFPM-48x48.png 48w\" sizes=\"auto, (max-width: 124px) 100vw, 124px\" \/><\/a><a href=\"https:\/\/jeunes-ailes.asso.fr\/site\/wp-content\/uploads\/2020\/04\/logo-jeunes-ailes-e1586514467260.png\" rel=\"lightbox[4761]\"> \u00a0\u00a0\u00a0\u00a0\u00a0\u00a0\u00a0 <img loading=\"lazy\" decoding=\"async\" class=\"alignnone wp-image-3188\" src=\"https:\/\/jeunes-ailes.asso.fr\/site\/wp-content\/uploads\/2020\/04\/logo-jeunes-ailes-e1586514467260.png\" alt=\"\" width=\"131\" height=\"123\" \/><\/a><\/strong><\/p>\n<\/div>\n<\/div>\n[\/vc_column_text][tm_spacer size=&#8221;lg:80&#8243;][vc_btn title=&#8221;Programme pr\u00e9visionnel&#8221; color=&#8221;white&#8221; size=&#8221;lg&#8221; i_type=&#8221;typicons&#8221; i_icon_typicons=&#8221;typcn typcn-calendar&#8221; add_icon=&#8221;true&#8221;][vc_column_text]\n<div class=\"Campaign--Presentation Card\" data-v-3d092355=\"\">\n<div class=\"Generated--Content\">\n<div class=\"Campaign--Presentation Card\" data-v-3d092355=\"\">\n<div class=\"Generated--Content\">\n<p>Samedi 5 Juin :<\/p>\n<ul>\n<li>Rassemblement des participants sur l\u2019altisurface \u00e0 partir de 11h00.<\/li>\n<li>Repas au refuge de May\u00e8res le midi.<\/li>\n<li>Ballades aux alentours, randonn\u00e9e au Quatres T\u00eates, jeux m\u00f6lkky, etc..<\/li>\n<li>Repas du soir au refuge de May\u00e8res.<\/li>\n<li>Possibilit\u00e9 de dormir en tente aux alentours du refuge. Si les restrictions li\u00e9es au covid19 sont lev\u00e9es il sera \u00e9galement possible de dormir dans les dortoirs du refuge (en demi-pension) nous vous tiendrons inform\u00e9 si le cas se pr\u00e9sente.<\/li>\n<\/ul>\n<p>Dimanche 6 Juin :<\/p>\n<ul>\n<li>petit d\u00e9jeuner au refuge<\/li>\n<li>vols aux alentours.<\/li>\n<li>retour des participants.<\/li>\n<\/ul>\n<\/div>\n<\/div>\n<div class=\"Campaign--Presentation Card\" data-v-3d092355=\"\"><\/div>\n<\/div>\n<\/div>\n[\/vc_column_text][tm_spacer size=&#8221;lg:80&#8243;][vc_btn title=&#8221;Tarifs&#8221; color=&#8221;white&#8221; size=&#8221;lg&#8221; i_icon_fontawesome=&#8221;fas fa-euro-sign&#8221; add_icon=&#8221;true&#8221;][vc_column_text]\n<div class=\"Campaign--Presentation Card\" data-v-3d092355=\"\">\n<div class=\"Generated--Content\">\n<div class=\"Campaign--Presentation Card\" data-v-3d092355=\"\">\n<div class=\"Generated--Content\">\n<p>Voir tarifs restauration et h\u00e9bergement sur le site du refuge de May\u00e8res =&gt;<a href=\"http:\/\/www.refuge-mayeres.com\/\"> http:\/\/www.refuge-mayeres.com\/<\/a><\/p>\n<\/div>\n<\/div>\n<\/div>\n<\/div>\n[\/vc_column_text][tm_spacer size=&#8221;lg:80&#8243;][vc_btn title=&#8221;Inscriptions&#8221; color=&#8221;white&#8221; size=&#8221;lg&#8221; i_icon_fontawesome=&#8221;fas fa-user-plus&#8221; add_icon=&#8221;true&#8221;][vc_column_text]\n<div class=\"Campaign--Presentation Card\" data-v-3d092355=\"\">\n<div class=\"Generated--Content\">\n<div class=\"Campaign--Presentation Card\" data-v-3d092355=\"\">\n<div class=\"Generated--Content\">\n<div class=\"Campaign--Presentation Card\" data-v-3d092355=\"\">\n<div class=\"Generated--Content\">\n<p>OUVERTURE DES INSCRIPTIONS SAMEDI 8 MAI \u00e0 15H00 (cliquer sur le bouton &#8220;<a href=\"https:\/\/www.helloasso.com\/associations\/association-jeunes-ailes\/evenements\/aerobivouac-2021-1iere-edition-altisurface-de-saint-roch-mayeres\">Participer<\/a>&#8220;) :<\/p>\n<p><iframe id=\"haWidget\" style=\"width: 100%; height: 70px; border: none;\" src=\"https:\/\/www.helloasso.com\/associations\/association-jeunes-ailes\/evenements\/aerobivouac-2021-1iere-edition-altisurface-de-saint-roch-mayeres\/widget-bouton\"><\/iframe><\/p>\n<p><span style=\"color: #ff0000;\"><strong>Attention limitation \u00e0 15 a\u00e9ronefs maximum.<\/strong><\/span><\/p>\n<div class=\"Campaign--Presentation Card\" data-v-3d092355=\"\">\n<div class=\"Generated--Content\">\n<p>&nbsp;<\/p>\n<\/div>\n<p><strong>\u00ab Et pour moi pilote de plaine qui ne suis pas qualifi\u00e9 montagne mais souhaite participer \u00e0 cet \u00e9v\u00e9nement ? \u00bb<\/strong><\/p>\n<p>Plusieurs possibilit\u00e9s s&#8217;offre \u00e0 vous :<\/p>\n<ul>\n<li>Prendre place \u00e0 bord de l\u2019avion d\u2019un pilote qualifi\u00e9 montagne (&#8220;Avionstoppeur&#8221; choisir le billet &#8220;<strong>coavionnage<\/strong>&#8221; dans le formulaire d&#8217;inscription).<\/li>\n<li>Venir en <strong>voiture ou covoiturage<\/strong> avec d\u2019autres participants et marcher jusqu\u2019\u00e0 l\u2019altisurface (<strong>randonn\u00e9e<\/strong> facile \ud83e\udd7e de environ 1h30).<\/li>\n<li>Participer au <a href=\"https:\/\/www.afpm.fr\/Formation\/VolRegMont.htm\"><strong>stage sensibilisation au vol montagne<\/strong><\/a>\u00a0dispens\u00e9 par l\u2019<a href=\"https:\/\/www.afpm.fr\/\">AFPM<\/a> Association Fran\u00e7aise des pilotes de Montagne et ses instructeurs qui aura lieu uniquement pour la 2nd \u00e9dition d&#8217;A\u00e9robivouac \u00e0 Superdevoluy. L\u2019occasion parfaite pour les pilotes Jeunes Ailes int\u00e9ress\u00e9s de d\u00e9couvrir le vol montagne et de participer \u00e0 cette rencontre au d\u00e9part de Grenoble le Versoud ou Gap. N\u2019h\u00e9sitez pas \u00e0 nous contacter pour connaitre le programme d\u00e9taill\u00e9, d\u00e9roulement, co\u00fbts, etc&#8230;<\/li>\n<\/ul>\n<\/div>\n<\/div>\n<\/div>\n<\/div>\n<\/div>\n<\/div>\n<\/div>\n[\/vc_column_text][tm_spacer size=&#8221;lg:80&#8243;][vc_btn title=&#8221;Le refuge de May\u00e8res&#8221; color=&#8221;white&#8221; size=&#8221;lg&#8221; i_icon_fontawesome=&#8221;fas fa-home&#8221; add_icon=&#8221;true&#8221;][vc_column_text]\n<blockquote>\n<p>Le refuge de May\u00e8res poss\u00e8de une des derni\u00e8res altisurface de Haute-Savoie.<\/p>\n<p>Elle est situ\u00e9e \u00e0 1580m d&#8217;altitude \u00e0 l&#8217;extr\u00e9mit\u00e9 Est de la chaine des Aravis et offre une incroyable vue panoramique sur le massif du Mt-Blanc.<\/p>\n<p>Ancien alpage datant de 1844, ce magnifique chalet a \u00e9t\u00e9 transform\u00e9 en refuge et restaurant par Raymond Martinatto dans les ann\u00e9es 60.<\/p>\n<p>D&#8217;une capacit\u00e9 de 50 couchages en dortoirs et d&#8217;une grande salle int\u00e9rieure c&#8217;est un endroit id\u00e9al et appr\u00e9ci\u00e9 par les gens du Pays du Mont-Blanc pour l&#8217;organisation de banquets et d&#8217; anniversaires.<br \/>\nSitu\u00e9 sur la commune de Sallanches, le refuge de May\u00e8res adoss\u00e9 \u00e0 la chaine des Aravis b\u00e9n\u00e9ficie d&#8217; un panorama unique sur la chaine du Mont-Blanc.<\/p>\n<p>A ~1h30 de marche \u00e0 pied, \u00e0 travers for\u00eats et alpages par les sentiers pi\u00e9tons U et F. Acc\u00e8s 4&#215;4 autoris\u00e9 depuis Burzier.<\/p>\n<p>Cette piste est r\u00e9serv\u00e9e \u00e0 des pilotes poss\u00e9dant une qualification montagne .<\/p>\n<p>L&#8217;aviation de montagne a toujours tenue une place importante dans l&#8217;histoire du pays du MONT-BLANC et a grandement particip\u00e9 au d\u00e9veloppement du secours en montagne.<\/p>\n<p>Bien avant les h\u00e9licopt\u00e8res ce type d&#8217;avion participait au recherche dans le massif du Mt-Blanc et pouvait \u00e9vacuer un brancard.<\/p>\n<p>En 1999 pendant 3 semaines en Janvier et 10 jours en Mars la production du JAMES BOND N\u00b0 19 &#8220;LE MONDE NE SUFFIT PAS&#8221; a &#8220;envahi&#8221; le plateau de May\u00e8res. 150 techniciens, Sophie Marceau et Pierce Brosnan entour\u00e9s de curieuses machines volantes, ont tourn\u00e9 les sc\u00e8nes d&#8217;hiver du film.<\/p>\n<\/blockquote>\n[\/vc_column_text][vc_btn title=&#8221;Aper\u00e7u en image de l&#8217;altisurface&#8221; color=&#8221;white&#8221; size=&#8221;lg&#8221; i_icon_fontawesome=&#8221;fas fa-images&#8221; add_icon=&#8221;true&#8221;][tm_spacer size=&#8221;lg:10&#8243;][\/vc_column][\/vc_row][vc_row][vc_column][tm_spacer size=&#8221;lg:10&#8243;][vc_masonry_media_grid style=&#8221;lazy&#8221; initial_loading_animation=&#8221;fadeIn&#8221; grid_id=&#8221;vc_gid:1620470974689-8f83d2c9085b825ba83832e9ff2d053e-6&#8243; include=&#8221;4793,4800,4803,4810,4801,4805,4798,4786,4784,4811,4788,4813,4789,4782,4783,4785,4796,4799,4807,4808,4815,4816,4826,4827,4822,4821,4809&#8243;][tm_spacer size=&#8221;lg:80&#8243;][vc_btn title=&#8221;Ambiance A\u00e9robivouac&#8221; color=&#8221;white&#8221; size=&#8221;lg&#8221; i_icon_fontawesome=&#8221;fas fa-campground&#8221; add_icon=&#8221;true&#8221;][tm_spacer size=&#8221;lg:10&#8243;][vc_masonry_media_grid style=&#8221;lazy&#8221; initial_loading_animation=&#8221;fadeIn&#8221; grid_id=&#8221;vc_gid:1620470974726-2df062ab6dc4524254a067f2ffe17e61-2&#8243; include=&#8221;4775,4776,4777,4778,4779,4780,4792,4791,4784,4781,4797,4823&#8243;][vc_masonry_media_grid style=&#8221;lazy&#8221; initial_loading_animation=&#8221;fadeIn&#8221; grid_id=&#8221;vc_gid:1620470974734-73685b5e842db6c93808eaddff9ce6b4-8&#8243; include=&#8221;4775,4776,4777,4778,4779,4780,4781,4791,4792,4797,4823&#8243;][\/vc_column][\/vc_row][vc_row][vc_column][\/vc_column][\/vc_row]\n","protected":false},"excerpt":{"rendered":"<p>[vc_row][vc_column][tm_image align=&#8221;center&#8221; image=&#8221;4854&#8243;][tm_countdown align=&#8221;center&#8221; datetime=&#8221;2021\/06\/05 11:00&#8243;][\/vc_column][\/vc_row][vc_row][vc_column][tm_spacer size=&#8221;lg:20&#8243;][tm_spacer size=&#8221;lg:10&#8243;][vc_column_text] 5-6 Juin 2021 &#8211; Altisurface de Saint Roch May\u00e8res [\/vc_column_text][vc_column_text] INFORMATIONS ET INSCRIPTIONS LE SAMEDI 8 MAI \u00e0 15H00 ! &nbsp; [\/vc_column_text][vc_separator border_width=&#8221;2&#8243;][vc_media_grid grid_id=&#8221;vc_gid:1620470974520-9a7938cba9bf11ec7426bc32851e7373-9&#8243;][\/vc_column][\/vc_row][vc_row][vc_column][vc_column_text] \ud83d\udcc6 La 1i\u00e8re \u00e9dition d\u2019A\u00e9robivouac 2021 aura lieu le week-end du 5 et 6 Juin prochain sur l\u2019altisurface de Saint Roch May\u00e8res. Plus tard en Ao\u00fbt aura lieu la 2nd \u00e9dition sur l\u2019altisurface de Superdevoluy dans les Alpes du Sud. Cette rencontre de pilotes de montagne orient\u00e9e jeunes (mais ouverte \u00e0 tous!) est organis\u00e9e par l\u2019association Jeunes Ailes avec le soutient de l\u2019AFPM Association Fran\u00e7aise des Pilotes de Montagne. \u00a0\u00a0\u00a0\u00a0\u00a0\u00a0\u00a0 [\/vc_column_text][tm_spacer size=&#8221;lg:80&#8243;][vc_btn title=&#8221;Programme pr\u00e9visionnel&#8221; color=&#8221;white&#8221; size=&#8221;lg&#8221; i_type=&#8221;typicons&#8221; i_icon_typicons=&#8221;typcn typcn-calendar&#8221; add_icon=&#8221;true&#8221;][vc_column_text] Samedi 5 Juin : Rassemblement des participants sur l\u2019altisurface \u00e0 partir de 11h00. Repas au refuge de May\u00e8res le midi. Ballades aux alentours, randonn\u00e9e au Quatres T\u00eates, jeux m\u00f6lkky, etc.. Repas du soir au refuge de May\u00e8res. Possibilit\u00e9 de dormir en tente aux alentours du refuge. Si les restrictions li\u00e9es au covid19 sont lev\u00e9es il sera \u00e9galement possible de dormir dans les dortoirs du refuge (en demi-pension) nous vous tiendrons inform\u00e9 si le cas se pr\u00e9sente. Dimanche 6 Juin : petit d\u00e9jeuner au refuge vols aux alentours. retour des participants. [\/vc_column_text][tm_spacer size=&#8221;lg:80&#8243;][vc_btn title=&#8221;Tarifs&#8221; color=&#8221;white&#8221; size=&#8221;lg&#8221; i_icon_fontawesome=&#8221;fas fa-euro-sign&#8221; add_icon=&#8221;true&#8221;][vc_column_text] Voir tarifs restauration et h\u00e9bergement sur le site du refuge de May\u00e8res =&gt; http:\/\/www.refuge-mayeres.com\/ [\/vc_column_text][tm_spacer size=&#8221;lg:80&#8243;][vc_btn title=&#8221;Inscriptions&#8221; color=&#8221;white&#8221; size=&#8221;lg&#8221; i_icon_fontawesome=&#8221;fas fa-user-plus&#8221; add_icon=&#8221;true&#8221;][vc_column_text] OUVERTURE DES INSCRIPTIONS SAMEDI 8 MAI \u00e0 15H00 (cliquer sur le bouton &#8220;Participer&#8220;) : Attention limitation \u00e0 15 a\u00e9ronefs maximum. &nbsp; \u00ab Et pour moi pilote de plaine qui ne suis pas qualifi\u00e9 montagne mais souhaite participer \u00e0 cet \u00e9v\u00e9nement ? \u00bb Plusieurs possibilit\u00e9s s&#8217;offre \u00e0 vous : Prendre place \u00e0 bord de l\u2019avion d\u2019un pilote qualifi\u00e9 montagne (&#8220;Avionstoppeur&#8221; choisir le billet &#8220;coavionnage&#8221; dans le formulaire d&#8217;inscription). Venir en voiture ou covoiturage avec d\u2019autres participants et marcher jusqu\u2019\u00e0 l\u2019altisurface (randonn\u00e9e facile \ud83e\udd7e de environ 1h30). Participer au stage sensibilisation au vol montagne\u00a0dispens\u00e9 par l\u2019AFPM Association Fran\u00e7aise des pilotes de Montagne et ses instructeurs qui aura lieu uniquement pour la 2nd \u00e9dition d&#8217;A\u00e9robivouac \u00e0 Superdevoluy. L\u2019occasion parfaite pour les pilotes Jeunes Ailes int\u00e9ress\u00e9s de d\u00e9couvrir le vol montagne et de participer \u00e0 cette rencontre au d\u00e9part de Grenoble le Versoud ou Gap. N\u2019h\u00e9sitez pas \u00e0 nous contacter pour connaitre le programme d\u00e9taill\u00e9, d\u00e9roulement, co\u00fbts, etc&#8230; [\/vc_column_text][tm_spacer size=&#8221;lg:80&#8243;][vc_btn title=&#8221;Le refuge de May\u00e8res&#8221; color=&#8221;white&#8221; size=&#8221;lg&#8221; i_icon_fontawesome=&#8221;fas fa-home&#8221; add_icon=&#8221;true&#8221;][vc_column_text] Le refuge de May\u00e8res poss\u00e8de une des derni\u00e8res altisurface de Haute-Savoie. Elle est situ\u00e9e \u00e0 1580m d&#8217;altitude \u00e0 l&#8217;extr\u00e9mit\u00e9 Est de la chaine des Aravis et offre une incroyable vue panoramique sur le massif du Mt-Blanc. Ancien alpage datant de 1844, ce magnifique chalet a \u00e9t\u00e9 transform\u00e9 en refuge et restaurant par Raymond Martinatto dans les ann\u00e9es 60. D&#8217;une capacit\u00e9 de 50 couchages en dortoirs et d&#8217;une grande salle int\u00e9rieure c&#8217;est un endroit id\u00e9al et appr\u00e9ci\u00e9 par les gens du Pays du Mont-Blanc pour l&#8217;organisation de banquets et d&#8217; anniversaires. Situ\u00e9 sur la commune de Sallanches, le refuge de May\u00e8res adoss\u00e9 \u00e0 la chaine des Aravis b\u00e9n\u00e9ficie d&#8217; un panorama unique sur la chaine du Mont-Blanc. A ~1h30 de marche \u00e0 pied, \u00e0 travers for\u00eats et alpages par les sentiers pi\u00e9tons U et F. Acc\u00e8s 4&#215;4 autoris\u00e9 depuis Burzier. Cette piste est r\u00e9serv\u00e9e \u00e0 des pilotes poss\u00e9dant une qualification montagne . L&#8217;aviation de montagne a toujours tenue une place importante dans l&#8217;histoire du pays du MONT-BLANC et a grandement particip\u00e9 au d\u00e9veloppement du secours en montagne. Bien avant les h\u00e9licopt\u00e8res ce type d&#8217;avion participait au recherche dans le massif du Mt-Blanc et pouvait \u00e9vacuer un brancard. En 1999 pendant 3 semaines en Janvier et 10 jours en Mars la production du JAMES BOND N\u00b0 19 &#8220;LE MONDE NE SUFFIT PAS&#8221; a &#8220;envahi&#8221; le plateau de May\u00e8res. 150 techniciens, Sophie Marceau et Pierce Brosnan entour\u00e9s de curieuses machines volantes, ont tourn\u00e9 les sc\u00e8nes d&#8217;hiver du film. [\/vc_column_text][vc_btn title=&#8221;Aper\u00e7u en image de l&#8217;altisurface&#8221; color=&#8221;white&#8221; size=&#8221;lg&#8221; i_icon_fontawesome=&#8221;fas fa-images&#8221; add_icon=&#8221;true&#8221;][tm_spacer size=&#8221;lg:10&#8243;][\/vc_column][\/vc_row][vc_row][vc_column][tm_spacer size=&#8221;lg:10&#8243;][vc_masonry_media_grid style=&#8221;lazy&#8221; initial_loading_animation=&#8221;fadeIn&#8221; grid_id=&#8221;vc_gid:1620470974689-8f83d2c9085b825ba83832e9ff2d053e-6&#8243; include=&#8221;4793,4800,4803,4810,4801,4805,4798,4786,4784,4811,4788,4813,4789,4782,4783,4785,4796,4799,4807,4808,4815,4816,4826,4827,4822,4821,4809&#8243;][tm_spacer size=&#8221;lg:80&#8243;][vc_btn title=&#8221;Ambiance A\u00e9robivouac&#8221; color=&#8221;white&#8221; size=&#8221;lg&#8221; i_icon_fontawesome=&#8221;fas fa-campground&#8221; add_icon=&#8221;true&#8221;][tm_spacer size=&#8221;lg:10&#8243;][vc_masonry_media_grid style=&#8221;lazy&#8221; initial_loading_animation=&#8221;fadeIn&#8221; grid_id=&#8221;vc_gid:1620470974726-2df062ab6dc4524254a067f2ffe17e61-2&#8243; include=&#8221;4775,4776,4777,4778,4779,4780,4792,4791,4784,4781,4797,4823&#8243;][vc_masonry_media_grid style=&#8221;lazy&#8221; initial_loading_animation=&#8221;fadeIn&#8221; grid_id=&#8221;vc_gid:1620470974734-73685b5e842db6c93808eaddff9ce6b4-8&#8243; include=&#8221;4775,4776,4777,4778,4779,4780,4781,4791,4792,4797,4823&#8243;][\/vc_column][\/vc_row][vc_row][vc_column][\/vc_column][\/vc_row]<\/p>\n","protected":false},"author":1,"featured_media":0,"parent":0,"menu_order":0,"comment_status":"closed","ping_status":"closed","template":"","meta":{"_mi_skip_tracking":false,"footnotes":""},"class_list":["post-4761","page","type-page","status-publish","hentry","post-no-thumbnail"],"yoast_head":"<!-- This site is optimized with the Yoast SEO plugin v17.8 - https:\/\/yoast.com\/wordpress\/plugins\/seo\/ -->\n<title>A\u00e9robivouac 1er \u00e9dition - Altisurface de Saint Roch May\u00e8res - Jeunes Ailes<\/title>\n<meta name=\"robots\" content=\"index, follow, max-snippet:-1, max-image-preview:large, max-video-preview:-1\" \/>\n<link rel=\"canonical\" href=\"https:\/\/jeunes-ailes.asso.fr\/site\/index.php\/aerobivouac-1er-edition-altisurface-de-saint-roch-mayeres\/\" \/>\n<meta property=\"og:locale\" content=\"fr_FR\" \/>\n<meta property=\"og:type\" content=\"article\" \/>\n<meta property=\"og:title\" content=\"A\u00e9robivouac 1er \u00e9dition - Altisurface de Saint Roch May\u00e8res - Jeunes Ailes\" \/>\n<meta property=\"og:description\" content=\"[vc_row][vc_column][tm_image align=&#8221;center&#8221; image=&#8221;4854&#8243;][tm_countdown align=&#8221;center&#8221; datetime=&#8221;2021\/06\/05 11:00&#8243;][\/vc_column][\/vc_row][vc_row][vc_column][tm_spacer size=&#8221;lg:20&#8243;][tm_spacer size=&#8221;lg:10&#8243;][vc_column_text] 5-6 Juin 2021 &#8211; Altisurface de Saint Roch May\u00e8res [\/vc_column_text][vc_column_text] INFORMATIONS ET INSCRIPTIONS LE SAMEDI 8 MAI \u00e0 15H00 ! &nbsp; [\/vc_column_text][vc_separator border_width=&#8221;2&#8243;][vc_media_grid grid_id=&#8221;vc_gid:1620470974520-9a7938cba9bf11ec7426bc32851e7373-9&#8243;][\/vc_column][\/vc_row][vc_row][vc_column][vc_column_text] \ud83d\udcc6 La 1i\u00e8re \u00e9dition d\u2019A\u00e9robivouac 2021 aura lieu le week-end du 5 et 6 Juin prochain sur l\u2019altisurface de Saint Roch May\u00e8res. Plus tard en Ao\u00fbt aura lieu la 2nd \u00e9dition sur l\u2019altisurface de Superdevoluy dans les Alpes du Sud. Cette rencontre de pilotes de montagne orient\u00e9e jeunes (mais ouverte \u00e0 tous!) est organis\u00e9e par l\u2019association Jeunes Ailes avec le soutient de l\u2019AFPM Association Fran\u00e7aise des Pilotes de Montagne. \u00a0\u00a0\u00a0\u00a0\u00a0\u00a0\u00a0 [\/vc_column_text][tm_spacer size=&#8221;lg:80&#8243;][vc_btn title=&#8221;Programme pr\u00e9visionnel&#8221; color=&#8221;white&#8221; size=&#8221;lg&#8221; i_type=&#8221;typicons&#8221; i_icon_typicons=&#8221;typcn typcn-calendar&#8221; add_icon=&#8221;true&#8221;][vc_column_text] Samedi 5 Juin : Rassemblement des participants sur l\u2019altisurface \u00e0 partir de 11h00. Repas au refuge de May\u00e8res le midi. Ballades aux alentours, randonn\u00e9e au Quatres T\u00eates, jeux m\u00f6lkky, etc.. Repas du soir au refuge de May\u00e8res. Possibilit\u00e9 de dormir en tente aux alentours du refuge. Si les restrictions li\u00e9es au covid19 sont lev\u00e9es il sera \u00e9galement possible de dormir dans les dortoirs du refuge (en demi-pension) nous vous tiendrons inform\u00e9 si le cas se pr\u00e9sente. Dimanche 6 Juin : petit d\u00e9jeuner au refuge vols aux alentours. retour des participants. [\/vc_column_text][tm_spacer size=&#8221;lg:80&#8243;][vc_btn title=&#8221;Tarifs&#8221; color=&#8221;white&#8221; size=&#8221;lg&#8221; i_icon_fontawesome=&#8221;fas fa-euro-sign&#8221; add_icon=&#8221;true&#8221;][vc_column_text] Voir tarifs restauration et h\u00e9bergement sur le site du refuge de May\u00e8res =&gt; http:\/\/www.refuge-mayeres.com\/ [\/vc_column_text][tm_spacer size=&#8221;lg:80&#8243;][vc_btn title=&#8221;Inscriptions&#8221; color=&#8221;white&#8221; size=&#8221;lg&#8221; i_icon_fontawesome=&#8221;fas fa-user-plus&#8221; add_icon=&#8221;true&#8221;][vc_column_text] OUVERTURE DES INSCRIPTIONS SAMEDI 8 MAI \u00e0 15H00 (cliquer sur le bouton &#8220;Participer&#8220;) : Attention limitation \u00e0 15 a\u00e9ronefs maximum. &nbsp; \u00ab Et pour moi pilote de plaine qui ne suis pas qualifi\u00e9 montagne mais souhaite participer \u00e0 cet \u00e9v\u00e9nement ? \u00bb Plusieurs possibilit\u00e9s s&#8217;offre \u00e0 vous : Prendre place \u00e0 bord de l\u2019avion d\u2019un pilote qualifi\u00e9 montagne (&#8220;Avionstoppeur&#8221; choisir le billet &#8220;coavionnage&#8221; dans le formulaire d&#8217;inscription). Venir en voiture ou covoiturage avec d\u2019autres participants et marcher jusqu\u2019\u00e0 l\u2019altisurface (randonn\u00e9e facile \ud83e\udd7e de environ 1h30). Participer au stage sensibilisation au vol montagne\u00a0dispens\u00e9 par l\u2019AFPM Association Fran\u00e7aise des pilotes de Montagne et ses instructeurs qui aura lieu uniquement pour la 2nd \u00e9dition d&#8217;A\u00e9robivouac \u00e0 Superdevoluy. L\u2019occasion parfaite pour les pilotes Jeunes Ailes int\u00e9ress\u00e9s de d\u00e9couvrir le vol montagne et de participer \u00e0 cette rencontre au d\u00e9part de Grenoble le Versoud ou Gap. N\u2019h\u00e9sitez pas \u00e0 nous contacter pour connaitre le programme d\u00e9taill\u00e9, d\u00e9roulement, co\u00fbts, etc&#8230; [\/vc_column_text][tm_spacer size=&#8221;lg:80&#8243;][vc_btn title=&#8221;Le refuge de May\u00e8res&#8221; color=&#8221;white&#8221; size=&#8221;lg&#8221; i_icon_fontawesome=&#8221;fas fa-home&#8221; add_icon=&#8221;true&#8221;][vc_column_text] Le refuge de May\u00e8res poss\u00e8de une des derni\u00e8res altisurface de Haute-Savoie. Elle est situ\u00e9e \u00e0 1580m d&#8217;altitude \u00e0 l&#8217;extr\u00e9mit\u00e9 Est de la chaine des Aravis et offre une incroyable vue panoramique sur le massif du Mt-Blanc. Ancien alpage datant de 1844, ce magnifique chalet a \u00e9t\u00e9 transform\u00e9 en refuge et restaurant par Raymond Martinatto dans les ann\u00e9es 60. D&#8217;une capacit\u00e9 de 50 couchages en dortoirs et d&#8217;une grande salle int\u00e9rieure c&#8217;est un endroit id\u00e9al et appr\u00e9ci\u00e9 par les gens du Pays du Mont-Blanc pour l&#8217;organisation de banquets et d&#8217; anniversaires. Situ\u00e9 sur la commune de Sallanches, le refuge de May\u00e8res adoss\u00e9 \u00e0 la chaine des Aravis b\u00e9n\u00e9ficie d&#8217; un panorama unique sur la chaine du Mont-Blanc. A ~1h30 de marche \u00e0 pied, \u00e0 travers for\u00eats et alpages par les sentiers pi\u00e9tons U et F. Acc\u00e8s 4&#215;4 autoris\u00e9 depuis Burzier. Cette piste est r\u00e9serv\u00e9e \u00e0 des pilotes poss\u00e9dant une qualification montagne . L&#8217;aviation de montagne a toujours tenue une place importante dans l&#8217;histoire du pays du MONT-BLANC et a grandement particip\u00e9 au d\u00e9veloppement du secours en montagne. Bien avant les h\u00e9licopt\u00e8res ce type d&#8217;avion participait au recherche dans le massif du Mt-Blanc et pouvait \u00e9vacuer un brancard. En 1999 pendant 3 semaines en Janvier et 10 jours en Mars la production du JAMES BOND N\u00b0 19 &#8220;LE MONDE NE SUFFIT PAS&#8221; a &#8220;envahi&#8221; le plateau de May\u00e8res. 150 techniciens, Sophie Marceau et Pierce Brosnan entour\u00e9s de curieuses machines volantes, ont tourn\u00e9 les sc\u00e8nes d&#8217;hiver du film. [\/vc_column_text][vc_btn title=&#8221;Aper\u00e7u en image de l&#8217;altisurface&#8221; color=&#8221;white&#8221; size=&#8221;lg&#8221; i_icon_fontawesome=&#8221;fas fa-images&#8221; add_icon=&#8221;true&#8221;][tm_spacer size=&#8221;lg:10&#8243;][\/vc_column][\/vc_row][vc_row][vc_column][tm_spacer size=&#8221;lg:10&#8243;][vc_masonry_media_grid style=&#8221;lazy&#8221; initial_loading_animation=&#8221;fadeIn&#8221; grid_id=&#8221;vc_gid:1620470974689-8f83d2c9085b825ba83832e9ff2d053e-6&#8243; include=&#8221;4793,4800,4803,4810,4801,4805,4798,4786,4784,4811,4788,4813,4789,4782,4783,4785,4796,4799,4807,4808,4815,4816,4826,4827,4822,4821,4809&#8243;][tm_spacer size=&#8221;lg:80&#8243;][vc_btn title=&#8221;Ambiance A\u00e9robivouac&#8221; color=&#8221;white&#8221; size=&#8221;lg&#8221; i_icon_fontawesome=&#8221;fas fa-campground&#8221; add_icon=&#8221;true&#8221;][tm_spacer size=&#8221;lg:10&#8243;][vc_masonry_media_grid style=&#8221;lazy&#8221; initial_loading_animation=&#8221;fadeIn&#8221; grid_id=&#8221;vc_gid:1620470974726-2df062ab6dc4524254a067f2ffe17e61-2&#8243; include=&#8221;4775,4776,4777,4778,4779,4780,4792,4791,4784,4781,4797,4823&#8243;][vc_masonry_media_grid style=&#8221;lazy&#8221; initial_loading_animation=&#8221;fadeIn&#8221; grid_id=&#8221;vc_gid:1620470974734-73685b5e842db6c93808eaddff9ce6b4-8&#8243; include=&#8221;4775,4776,4777,4778,4779,4780,4781,4791,4792,4797,4823&#8243;][\/vc_column][\/vc_row][vc_row][vc_column][\/vc_column][\/vc_row]\" \/>\n<meta property=\"og:url\" content=\"https:\/\/jeunes-ailes.asso.fr\/site\/index.php\/aerobivouac-1er-edition-altisurface-de-saint-roch-mayeres\/\" \/>\n<meta property=\"og:site_name\" content=\"Jeunes Ailes\" \/>\n<meta property=\"article:publisher\" content=\"https:\/\/fr-fr.facebook.com\/groups\/jeunesailes\" \/>\n<meta property=\"article:modified_time\" content=\"2021-05-08T10:51:15+00:00\" \/>\n<meta property=\"og:image\" content=\"https:\/\/jeunes-ailes.asso.fr\/site\/wp-content\/uploads\/2021\/05\/logo-AFPM.png\" \/>\n<meta name=\"twitter:card\" content=\"summary_large_image\" \/>\n<meta name=\"twitter:label1\" content=\"Dur\u00e9e de lecture estim\u00e9e\" \/>\n\t<meta name=\"twitter:data1\" content=\"5 minutes\" \/>\n<script type=\"application\/ld+json\" class=\"yoast-schema-graph\">{\"@context\":\"https:\/\/schema.org\",\"@graph\":[{\"@type\":\"Organization\",\"@id\":\"https:\/\/jeunes-ailes.asso.fr\/site\/#organization\",\"name\":\"Jeunes Ailes\",\"url\":\"https:\/\/jeunes-ailes.asso.fr\/site\/\",\"sameAs\":[\"https:\/\/fr-fr.facebook.com\/groups\/jeunesailes\",\"https:\/\/www.instagram.com\/jeunes_ailes_association\/\",\"https:\/\/www.linkedin.com\/company\/jeunes-ailes\",\"https:\/\/www.youtube.com\/playlist?list=PLMEx60-fXLQt8yMxQ0iUZznXvUdgvr6WR\",\"https:\/\/fr.wikipedia.org\/wiki\/JA\"],\"logo\":{\"@type\":\"ImageObject\",\"@id\":\"https:\/\/jeunes-ailes.asso.fr\/site\/#logo\",\"inLanguage\":\"fr-FR\",\"url\":\"https:\/\/jeunes-ailes.asso.fr\/site\/wp-content\/uploads\/2018\/05\/logo-jeunes-ailes.png\",\"contentUrl\":\"https:\/\/jeunes-ailes.asso.fr\/site\/wp-content\/uploads\/2018\/05\/logo-jeunes-ailes.png\",\"width\":500,\"height\":464,\"caption\":\"Jeunes Ailes\"},\"image\":{\"@id\":\"https:\/\/jeunes-ailes.asso.fr\/site\/#logo\"}},{\"@type\":\"WebSite\",\"@id\":\"https:\/\/jeunes-ailes.asso.fr\/site\/#website\",\"url\":\"https:\/\/jeunes-ailes.asso.fr\/site\/\",\"name\":\"Jeunes Ailes\",\"description\":\"le site officiel de l&#039;association Jeunes Ailes, les passionn\\u00e9s d&#039;a\\u00e9ronautique\",\"publisher\":{\"@id\":\"https:\/\/jeunes-ailes.asso.fr\/site\/#organization\"},\"potentialAction\":[{\"@type\":\"SearchAction\",\"target\":{\"@type\":\"EntryPoint\",\"urlTemplate\":\"https:\/\/jeunes-ailes.asso.fr\/site\/?s={search_term_string}\"},\"query-input\":\"required name=search_term_string\"}],\"inLanguage\":\"fr-FR\"},{\"@type\":\"ImageObject\",\"@id\":\"https:\/\/jeunes-ailes.asso.fr\/site\/index.php\/aerobivouac-1er-edition-altisurface-de-saint-roch-mayeres\/#primaryimage\",\"inLanguage\":\"fr-FR\",\"url\":\"https:\/\/jeunes-ailes.asso.fr\/site\/wp-content\/uploads\/2021\/05\/logo-AFPM.png\",\"contentUrl\":\"https:\/\/jeunes-ailes.asso.fr\/site\/wp-content\/uploads\/2021\/05\/logo-AFPM.png\",\"width\":390,\"height\":382},{\"@type\":\"WebPage\",\"@id\":\"https:\/\/jeunes-ailes.asso.fr\/site\/index.php\/aerobivouac-1er-edition-altisurface-de-saint-roch-mayeres\/#webpage\",\"url\":\"https:\/\/jeunes-ailes.asso.fr\/site\/index.php\/aerobivouac-1er-edition-altisurface-de-saint-roch-mayeres\/\",\"name\":\"A\\u00e9robivouac 1er \\u00e9dition - Altisurface de Saint Roch May\\u00e8res - Jeunes Ailes\",\"isPartOf\":{\"@id\":\"https:\/\/jeunes-ailes.asso.fr\/site\/#website\"},\"primaryImageOfPage\":{\"@id\":\"https:\/\/jeunes-ailes.asso.fr\/site\/index.php\/aerobivouac-1er-edition-altisurface-de-saint-roch-mayeres\/#primaryimage\"},\"datePublished\":\"2021-04-22T09:33:29+00:00\",\"dateModified\":\"2021-05-08T10:51:15+00:00\",\"breadcrumb\":{\"@id\":\"https:\/\/jeunes-ailes.asso.fr\/site\/index.php\/aerobivouac-1er-edition-altisurface-de-saint-roch-mayeres\/#breadcrumb\"},\"inLanguage\":\"fr-FR\",\"potentialAction\":[{\"@type\":\"ReadAction\",\"target\":[\"https:\/\/jeunes-ailes.asso.fr\/site\/index.php\/aerobivouac-1er-edition-altisurface-de-saint-roch-mayeres\/\"]}]},{\"@type\":\"BreadcrumbList\",\"@id\":\"https:\/\/jeunes-ailes.asso.fr\/site\/index.php\/aerobivouac-1er-edition-altisurface-de-saint-roch-mayeres\/#breadcrumb\",\"itemListElement\":[{\"@type\":\"ListItem\",\"position\":1,\"name\":\"Home\",\"item\":\"https:\/\/jeunes-ailes.asso.fr\/site\/\"},{\"@type\":\"ListItem\",\"position\":2,\"name\":\"A\\u00e9robivouac 1er \\u00e9dition &#8211; Altisurface de Saint Roch May\\u00e8res\"}]}]}<\/script>\n<!-- \/ Yoast SEO plugin. -->","yoast_head_json":{"title":"A\u00e9robivouac 1er \u00e9dition - Altisurface de Saint Roch May\u00e8res - Jeunes Ailes","robots":{"index":"index","follow":"follow","max-snippet":"max-snippet:-1","max-image-preview":"max-image-preview:large","max-video-preview":"max-video-preview:-1"},"canonical":"https:\/\/jeunes-ailes.asso.fr\/site\/index.php\/aerobivouac-1er-edition-altisurface-de-saint-roch-mayeres\/","og_locale":"fr_FR","og_type":"article","og_title":"A\u00e9robivouac 1er \u00e9dition - Altisurface de Saint Roch May\u00e8res - Jeunes Ailes","og_description":"[vc_row][vc_column][tm_image align=&#8221;center&#8221; image=&#8221;4854&#8243;][tm_countdown align=&#8221;center&#8221; datetime=&#8221;2021\/06\/05 11:00&#8243;][\/vc_column][\/vc_row][vc_row][vc_column][tm_spacer size=&#8221;lg:20&#8243;][tm_spacer size=&#8221;lg:10&#8243;][vc_column_text] 5-6 Juin 2021 &#8211; Altisurface de Saint Roch May\u00e8res [\/vc_column_text][vc_column_text] INFORMATIONS ET INSCRIPTIONS LE SAMEDI 8 MAI \u00e0 15H00 ! &nbsp; [\/vc_column_text][vc_separator border_width=&#8221;2&#8243;][vc_media_grid grid_id=&#8221;vc_gid:1620470974520-9a7938cba9bf11ec7426bc32851e7373-9&#8243;][\/vc_column][\/vc_row][vc_row][vc_column][vc_column_text] \ud83d\udcc6 La 1i\u00e8re \u00e9dition d\u2019A\u00e9robivouac 2021 aura lieu le week-end du 5 et 6 Juin prochain sur l\u2019altisurface de Saint Roch May\u00e8res. Plus tard en Ao\u00fbt aura lieu la 2nd \u00e9dition sur l\u2019altisurface de Superdevoluy dans les Alpes du Sud. Cette rencontre de pilotes de montagne orient\u00e9e jeunes (mais ouverte \u00e0 tous!) est organis\u00e9e par l\u2019association Jeunes Ailes avec le soutient de l\u2019AFPM Association Fran\u00e7aise des Pilotes de Montagne. \u00a0\u00a0\u00a0\u00a0\u00a0\u00a0\u00a0 [\/vc_column_text][tm_spacer size=&#8221;lg:80&#8243;][vc_btn title=&#8221;Programme pr\u00e9visionnel&#8221; color=&#8221;white&#8221; size=&#8221;lg&#8221; i_type=&#8221;typicons&#8221; i_icon_typicons=&#8221;typcn typcn-calendar&#8221; add_icon=&#8221;true&#8221;][vc_column_text] Samedi 5 Juin : Rassemblement des participants sur l\u2019altisurface \u00e0 partir de 11h00. Repas au refuge de May\u00e8res le midi. Ballades aux alentours, randonn\u00e9e au Quatres T\u00eates, jeux m\u00f6lkky, etc.. Repas du soir au refuge de May\u00e8res. Possibilit\u00e9 de dormir en tente aux alentours du refuge. Si les restrictions li\u00e9es au covid19 sont lev\u00e9es il sera \u00e9galement possible de dormir dans les dortoirs du refuge (en demi-pension) nous vous tiendrons inform\u00e9 si le cas se pr\u00e9sente. Dimanche 6 Juin : petit d\u00e9jeuner au refuge vols aux alentours. retour des participants. [\/vc_column_text][tm_spacer size=&#8221;lg:80&#8243;][vc_btn title=&#8221;Tarifs&#8221; color=&#8221;white&#8221; size=&#8221;lg&#8221; i_icon_fontawesome=&#8221;fas fa-euro-sign&#8221; add_icon=&#8221;true&#8221;][vc_column_text] Voir tarifs restauration et h\u00e9bergement sur le site du refuge de May\u00e8res =&gt; http:\/\/www.refuge-mayeres.com\/ [\/vc_column_text][tm_spacer size=&#8221;lg:80&#8243;][vc_btn title=&#8221;Inscriptions&#8221; color=&#8221;white&#8221; size=&#8221;lg&#8221; i_icon_fontawesome=&#8221;fas fa-user-plus&#8221; add_icon=&#8221;true&#8221;][vc_column_text] OUVERTURE DES INSCRIPTIONS SAMEDI 8 MAI \u00e0 15H00 (cliquer sur le bouton &#8220;Participer&#8220;) : Attention limitation \u00e0 15 a\u00e9ronefs maximum. &nbsp; \u00ab Et pour moi pilote de plaine qui ne suis pas qualifi\u00e9 montagne mais souhaite participer \u00e0 cet \u00e9v\u00e9nement ? \u00bb Plusieurs possibilit\u00e9s s&#8217;offre \u00e0 vous : Prendre place \u00e0 bord de l\u2019avion d\u2019un pilote qualifi\u00e9 montagne (&#8220;Avionstoppeur&#8221; choisir le billet &#8220;coavionnage&#8221; dans le formulaire d&#8217;inscription). Venir en voiture ou covoiturage avec d\u2019autres participants et marcher jusqu\u2019\u00e0 l\u2019altisurface (randonn\u00e9e facile \ud83e\udd7e de environ 1h30). Participer au stage sensibilisation au vol montagne\u00a0dispens\u00e9 par l\u2019AFPM Association Fran\u00e7aise des pilotes de Montagne et ses instructeurs qui aura lieu uniquement pour la 2nd \u00e9dition d&#8217;A\u00e9robivouac \u00e0 Superdevoluy. L\u2019occasion parfaite pour les pilotes Jeunes Ailes int\u00e9ress\u00e9s de d\u00e9couvrir le vol montagne et de participer \u00e0 cette rencontre au d\u00e9part de Grenoble le Versoud ou Gap. N\u2019h\u00e9sitez pas \u00e0 nous contacter pour connaitre le programme d\u00e9taill\u00e9, d\u00e9roulement, co\u00fbts, etc&#8230; [\/vc_column_text][tm_spacer size=&#8221;lg:80&#8243;][vc_btn title=&#8221;Le refuge de May\u00e8res&#8221; color=&#8221;white&#8221; size=&#8221;lg&#8221; i_icon_fontawesome=&#8221;fas fa-home&#8221; add_icon=&#8221;true&#8221;][vc_column_text] Le refuge de May\u00e8res poss\u00e8de une des derni\u00e8res altisurface de Haute-Savoie. Elle est situ\u00e9e \u00e0 1580m d&#8217;altitude \u00e0 l&#8217;extr\u00e9mit\u00e9 Est de la chaine des Aravis et offre une incroyable vue panoramique sur le massif du Mt-Blanc. Ancien alpage datant de 1844, ce magnifique chalet a \u00e9t\u00e9 transform\u00e9 en refuge et restaurant par Raymond Martinatto dans les ann\u00e9es 60. D&#8217;une capacit\u00e9 de 50 couchages en dortoirs et d&#8217;une grande salle int\u00e9rieure c&#8217;est un endroit id\u00e9al et appr\u00e9ci\u00e9 par les gens du Pays du Mont-Blanc pour l&#8217;organisation de banquets et d&#8217; anniversaires. Situ\u00e9 sur la commune de Sallanches, le refuge de May\u00e8res adoss\u00e9 \u00e0 la chaine des Aravis b\u00e9n\u00e9ficie d&#8217; un panorama unique sur la chaine du Mont-Blanc. A ~1h30 de marche \u00e0 pied, \u00e0 travers for\u00eats et alpages par les sentiers pi\u00e9tons U et F. Acc\u00e8s 4&#215;4 autoris\u00e9 depuis Burzier. Cette piste est r\u00e9serv\u00e9e \u00e0 des pilotes poss\u00e9dant une qualification montagne . L&#8217;aviation de montagne a toujours tenue une place importante dans l&#8217;histoire du pays du MONT-BLANC et a grandement particip\u00e9 au d\u00e9veloppement du secours en montagne. Bien avant les h\u00e9licopt\u00e8res ce type d&#8217;avion participait au recherche dans le massif du Mt-Blanc et pouvait \u00e9vacuer un brancard. En 1999 pendant 3 semaines en Janvier et 10 jours en Mars la production du JAMES BOND N\u00b0 19 &#8220;LE MONDE NE SUFFIT PAS&#8221; a &#8220;envahi&#8221; le plateau de May\u00e8res. 150 techniciens, Sophie Marceau et Pierce Brosnan entour\u00e9s de curieuses machines volantes, ont tourn\u00e9 les sc\u00e8nes d&#8217;hiver du film. [\/vc_column_text][vc_btn title=&#8221;Aper\u00e7u en image de l&#8217;altisurface&#8221; color=&#8221;white&#8221; size=&#8221;lg&#8221; i_icon_fontawesome=&#8221;fas fa-images&#8221; add_icon=&#8221;true&#8221;][tm_spacer size=&#8221;lg:10&#8243;][\/vc_column][\/vc_row][vc_row][vc_column][tm_spacer size=&#8221;lg:10&#8243;][vc_masonry_media_grid style=&#8221;lazy&#8221; initial_loading_animation=&#8221;fadeIn&#8221; grid_id=&#8221;vc_gid:1620470974689-8f83d2c9085b825ba83832e9ff2d053e-6&#8243; include=&#8221;4793,4800,4803,4810,4801,4805,4798,4786,4784,4811,4788,4813,4789,4782,4783,4785,4796,4799,4807,4808,4815,4816,4826,4827,4822,4821,4809&#8243;][tm_spacer size=&#8221;lg:80&#8243;][vc_btn title=&#8221;Ambiance A\u00e9robivouac&#8221; color=&#8221;white&#8221; size=&#8221;lg&#8221; i_icon_fontawesome=&#8221;fas fa-campground&#8221; add_icon=&#8221;true&#8221;][tm_spacer size=&#8221;lg:10&#8243;][vc_masonry_media_grid style=&#8221;lazy&#8221; initial_loading_animation=&#8221;fadeIn&#8221; grid_id=&#8221;vc_gid:1620470974726-2df062ab6dc4524254a067f2ffe17e61-2&#8243; include=&#8221;4775,4776,4777,4778,4779,4780,4792,4791,4784,4781,4797,4823&#8243;][vc_masonry_media_grid style=&#8221;lazy&#8221; initial_loading_animation=&#8221;fadeIn&#8221; grid_id=&#8221;vc_gid:1620470974734-73685b5e842db6c93808eaddff9ce6b4-8&#8243; include=&#8221;4775,4776,4777,4778,4779,4780,4781,4791,4792,4797,4823&#8243;][\/vc_column][\/vc_row][vc_row][vc_column][\/vc_column][\/vc_row]","og_url":"https:\/\/jeunes-ailes.asso.fr\/site\/index.php\/aerobivouac-1er-edition-altisurface-de-saint-roch-mayeres\/","og_site_name":"Jeunes Ailes","article_publisher":"https:\/\/fr-fr.facebook.com\/groups\/jeunesailes","article_modified_time":"2021-05-08T10:51:15+00:00","og_image":[{"url":"https:\/\/jeunes-ailes.asso.fr\/site\/wp-content\/uploads\/2021\/05\/logo-AFPM.png"}],"twitter_card":"summary_large_image","twitter_misc":{"Dur\u00e9e de lecture estim\u00e9e":"5 minutes"},"schema":{"@context":"https:\/\/schema.org","@graph":[{"@type":"Organization","@id":"https:\/\/jeunes-ailes.asso.fr\/site\/#organization","name":"Jeunes Ailes","url":"https:\/\/jeunes-ailes.asso.fr\/site\/","sameAs":["https:\/\/fr-fr.facebook.com\/groups\/jeunesailes","https:\/\/www.instagram.com\/jeunes_ailes_association\/","https:\/\/www.linkedin.com\/company\/jeunes-ailes","https:\/\/www.youtube.com\/playlist?list=PLMEx60-fXLQt8yMxQ0iUZznXvUdgvr6WR","https:\/\/fr.wikipedia.org\/wiki\/JA"],"logo":{"@type":"ImageObject","@id":"https:\/\/jeunes-ailes.asso.fr\/site\/#logo","inLanguage":"fr-FR","url":"https:\/\/jeunes-ailes.asso.fr\/site\/wp-content\/uploads\/2018\/05\/logo-jeunes-ailes.png","contentUrl":"https:\/\/jeunes-ailes.asso.fr\/site\/wp-content\/uploads\/2018\/05\/logo-jeunes-ailes.png","width":500,"height":464,"caption":"Jeunes Ailes"},"image":{"@id":"https:\/\/jeunes-ailes.asso.fr\/site\/#logo"}},{"@type":"WebSite","@id":"https:\/\/jeunes-ailes.asso.fr\/site\/#website","url":"https:\/\/jeunes-ailes.asso.fr\/site\/","name":"Jeunes Ailes","description":"le site officiel de l&#039;association Jeunes Ailes, les passionn\u00e9s d&#039;a\u00e9ronautique","publisher":{"@id":"https:\/\/jeunes-ailes.asso.fr\/site\/#organization"},"potentialAction":[{"@type":"SearchAction","target":{"@type":"EntryPoint","urlTemplate":"https:\/\/jeunes-ailes.asso.fr\/site\/?s={search_term_string}"},"query-input":"required name=search_term_string"}],"inLanguage":"fr-FR"},{"@type":"ImageObject","@id":"https:\/\/jeunes-ailes.asso.fr\/site\/index.php\/aerobivouac-1er-edition-altisurface-de-saint-roch-mayeres\/#primaryimage","inLanguage":"fr-FR","url":"https:\/\/jeunes-ailes.asso.fr\/site\/wp-content\/uploads\/2021\/05\/logo-AFPM.png","contentUrl":"https:\/\/jeunes-ailes.asso.fr\/site\/wp-content\/uploads\/2021\/05\/logo-AFPM.png","width":390,"height":382},{"@type":"WebPage","@id":"https:\/\/jeunes-ailes.asso.fr\/site\/index.php\/aerobivouac-1er-edition-altisurface-de-saint-roch-mayeres\/#webpage","url":"https:\/\/jeunes-ailes.asso.fr\/site\/index.php\/aerobivouac-1er-edition-altisurface-de-saint-roch-mayeres\/","name":"A\u00e9robivouac 1er \u00e9dition - Altisurface de Saint Roch May\u00e8res - Jeunes Ailes","isPartOf":{"@id":"https:\/\/jeunes-ailes.asso.fr\/site\/#website"},"primaryImageOfPage":{"@id":"https:\/\/jeunes-ailes.asso.fr\/site\/index.php\/aerobivouac-1er-edition-altisurface-de-saint-roch-mayeres\/#primaryimage"},"datePublished":"2021-04-22T09:33:29+00:00","dateModified":"2021-05-08T10:51:15+00:00","breadcrumb":{"@id":"https:\/\/jeunes-ailes.asso.fr\/site\/index.php\/aerobivouac-1er-edition-altisurface-de-saint-roch-mayeres\/#breadcrumb"},"inLanguage":"fr-FR","potentialAction":[{"@type":"ReadAction","target":["https:\/\/jeunes-ailes.asso.fr\/site\/index.php\/aerobivouac-1er-edition-altisurface-de-saint-roch-mayeres\/"]}]},{"@type":"BreadcrumbList","@id":"https:\/\/jeunes-ailes.asso.fr\/site\/index.php\/aerobivouac-1er-edition-altisurface-de-saint-roch-mayeres\/#breadcrumb","itemListElement":[{"@type":"ListItem","position":1,"name":"Home","item":"https:\/\/jeunes-ailes.asso.fr\/site\/"},{"@type":"ListItem","position":2,"name":"A\u00e9robivouac 1er \u00e9dition &#8211; Altisurface de Saint Roch May\u00e8res"}]}]}},"_links":{"self":[{"href":"https:\/\/jeunes-ailes.asso.fr\/site\/index.php\/wp-json\/wp\/v2\/pages\/4761","targetHints":{"allow":["GET"]}}],"collection":[{"href":"https:\/\/jeunes-ailes.asso.fr\/site\/index.php\/wp-json\/wp\/v2\/pages"}],"about":[{"href":"https:\/\/jeunes-ailes.asso.fr\/site\/index.php\/wp-json\/wp\/v2\/types\/page"}],"author":[{"embeddable":true,"href":"https:\/\/jeunes-ailes.asso.fr\/site\/index.php\/wp-json\/wp\/v2\/users\/1"}],"replies":[{"embeddable":true,"href":"https:\/\/jeunes-ailes.asso.fr\/site\/index.php\/wp-json\/wp\/v2\/comments?post=4761"}],"version-history":[{"count":52,"href":"https:\/\/jeunes-ailes.asso.fr\/site\/index.php\/wp-json\/wp\/v2\/pages\/4761\/revisions"}],"predecessor-version":[{"id":4898,"href":"https:\/\/jeunes-ailes.asso.fr\/site\/index.php\/wp-json\/wp\/v2\/pages\/4761\/revisions\/4898"}],"wp:attachment":[{"href":"https:\/\/jeunes-ailes.asso.fr\/site\/index.php\/wp-json\/wp\/v2\/media?parent=4761"}],"curies":[{"name":"wp","href":"https:\/\/api.w.org\/{rel}","templated":true}]}}