{"id":1983,"date":"2014-03-03T17:10:36","date_gmt":"2014-03-03T16:10:36","guid":{"rendered":"http:\/\/curlydemo.staging.wpengine.com\/equestrian-v2\/?page_id=1983"},"modified":"2021-01-29T18:31:50","modified_gmt":"2021-01-29T17:31:50","slug":"accueil","status":"publish","type":"page","link":"https:\/\/jeunes-ailes.asso.fr\/site\/index.php\/accueil\/","title":{"rendered":"Accueil"},"content":{"rendered":"[vc_row css=&#8221;.vc_custom_1594212525524{background-color: rgba(255,255,255,0.65) !important;*background-color: rgb(255,255,255) !important;border-radius: 20px !important;}&#8221;][vc_column video_bg=&#8221;yes&#8221;][vc_column_text css=&#8221;.vc_custom_1611915792454{padding-top: 20px !important;padding-right: 20px !important;padding-bottom: 20px !important;padding-left: 20px !important;}&#8221;]<span style=\"font-size: 14pt;\"><strong>Association de loi 1901 \u00e0 but non lucratif<\/strong>, <span style=\"color: #0074b3;\"><strong>Jeunes Ailes<\/strong><\/span> rassemble aujourd\u2019hui des passionn\u00e9s de l\u2019a\u00e9ronautique de tous \u00e2ges.<\/span><\/p>\n<p><span style=\"font-size: 14pt;\">Ses membres sont tous des passionn\u00e9s d\u2019a\u00e9ronautique, amateurs de l\u2019air en g\u00e9n\u00e9ral mais \u00e9galement des professionnels du milieu a\u00e9ronautique : pilotes de transport et pilotes de chasse dans l\u2019Arm\u00e9e de l\u2019Air, contr\u00f4leurs a\u00e9riens civils, techniciens et ing\u00e9nieurs a\u00e9ronautiques, pilotes de lignes et d\u2019aviation d\u2019affaire, pilotes de voltige de haut niveau, instructeurs, etc..<\/span><\/p>\n<p><span style=\"font-size: 14pt;\">Jeunes Ailes est d&#8217;une part un moyen de communication virtuel, mais \u00e9galement un vecteur de rencontres r\u00e9el par les diff\u00e9rents \u00e9v\u00e8nements organis\u00e9s tout au long de l&#8217;ann\u00e9e :<\/span><br \/>\n<span style=\"font-size: 14pt;\">&#8211; Week-ends de d\u00e9couverte du vol montagne en hiver et en \u00e9t\u00e9 (atterrissages sur altiports, altisurfaces et glaciers en Mousquetaire, Abeille et D119).<\/span><br \/>\n<span style=\"font-size: 14pt;\">&#8211; Vols de printemps (rassemblements a\u00e9riens printaniers sur deux a\u00e9rodromes).<\/span><br \/>\n<span style=\"font-size: 14pt;\">&#8211; Rencontres lors de divers salons et meetings a\u00e9riens.<\/span><br \/>\n<span style=\"font-size: 14pt;\">&#8211; Voyages A\u00e9ronautique (en Corse avec une grande travers\u00e9e maritime \u00e0 bord d\u2019avions d\u2019a\u00e9roclubs, Ile d&#8217;Yeu, Ol\u00e9ron, etc..).<\/span><br \/>\n<span style=\"font-size: 14pt;\">&#8211; Rassemblement annuel national des Jeunes Ailes \u00ab JAssemblement \u00bb.<\/span><br \/>\n<span style=\"font-size: 14pt;\">&#8211; Stages de planeur, parapente, vol montagne, etc&#8230;<\/span><br \/>\n<span style=\"font-size: 14pt;\">&#8211; Visites de centres de contr\u00f4les et d&#8217;installations civiles \u00e0 caract\u00e8re a\u00e9ronautique (S\u00e9curit\u00e9 Civile, Bases A\u00e9riennes, SAF, Pilatus, A\u00e9roports de Lyon et Gen\u00e8ve, etc..).<\/span><\/p>\n<p><span style=\"font-size: 14pt;\">Ces rassemblements a\u00e9riens permettent aux diff\u00e9rents passionn\u00e9s de se rencontrer, de discuter et d&#8217;\u00e9changer sur leur passion commune, tout en profitant des agr\u00e9ments d&#8217;un vol pour s&#8217;y rendre.<\/span><\/p>\n<p><span style=\"font-size: 14pt;\">Les plus jeunes membres sont \u00e2g\u00e9s de 12 ans, et notre doyen est \u00e2g\u00e9 de 85 ans ! Il n&#8217;y a aucune autre condition pour \u00eatre membre que d&#8217;\u00eatre passionn\u00e9 d&#8217;a\u00e9ronautique.<\/span><\/p>\n<p><span style=\"font-size: 14pt;\">Ainsi, pilotes d&#8217;avion, de planeur, d&#8217;ULM, de parachute, d&#8217;h\u00e9licopt\u00e8re, de voltige, \u00e9l\u00e8ve pilote, instructeur&#8230; se c\u00f4toient dans un lieu commun afin de partager leurs exp\u00e9riences, ce qui est unique en France et en Europe.<\/span><\/p>\n<p><span style=\"font-size: 14pt;\">L\u2019association compte d\u2019ailleurs parmi ses membres des belges, des suisses, des luxembourgeois, des canadiens, etc..<\/span>[\/vc_column_text][tm_image align=&#8221;center&#8221; image=&#8221;2377&#8243;][tm_spacer size=&#8221;lg:20&#8243;][vc_btn title=&#8221;EN SAVOIR PLUS&#8221; style=&#8221;outline-custom&#8221; outline_custom_color=&#8221;#1e73be&#8221; outline_custom_hover_background=&#8221;#324b6b&#8221; outline_custom_hover_text=&#8221;#ffffff&#8221; shape=&#8221;round&#8221; size=&#8221;sm&#8221; align=&#8221;center&#8221; i_align=&#8221;right&#8221; i_icon_fontawesome=&#8221;fas fa-paper-plane&#8221; css_animation=&#8221;bounceInLeft&#8221; add_icon=&#8221;true&#8221; link=&#8221;url:http%3A%2F%2Fjeunes-ailes.asso.fr%2Fsite%2Findex.php%2Fpresentation%2F|title:Pr%C3%A9sentation||&#8221; css=&#8221;.vc_custom_1611941276064{margin-bottom: 15px !important;}&#8221;][tm_spacer size=&#8221;lg:30&#8243;][\/vc_column][\/vc_row][vc_row][vc_column][vc_text_separator title=&#8221;Acc\u00e8s Rapide&#8221; i_icon_fontawesome=&#8221;fas fa-external-link-alt&#8221; i_color=&#8221;custom&#8221; i_size=&#8221;lg&#8221; style=&#8221;shadow&#8221; css_animation=&#8221;fadeIn&#8221; add_icon=&#8221;true&#8221; i_custom_color=&#8221;#00599e&#8221;][vc_column_text]\n<h5 style=\"text-align: center;\"><span style=\"font-size: 12pt;\">Ci-dessous un acc\u00e8s direct aux diff\u00e9rents lieux d&#8217;\u00e9change incontournables de Jeunes Ailes sur la toile :<\/span><\/h5>\n[\/vc_column_text][tm_spacer size=&#8221;lg:30&#8243;][\/vc_column][\/vc_row][vc_row css=&#8221;.vc_custom_1588774766267{margin-top: -60px !important;}&#8221;][vc_column width=&#8221;1\/4&#8243;][tm_image image=&#8221;2376&#8243;][vc_column_text]\n<h4 class=\"special-title\"><a href=\"http:\/\/www.jeunes-ailes.org\">Le Forum de discussion<\/a><\/h4>\n<p>Plus de 7000 membres, 120 000 messages et 10 000 sujets. Une vraie mine d&#8217;informations et un lieu d&#8217;\u00e9changes incontournable ! C&#8217;est ici que Jeunes Ailes a vu le jour. <a href=\"http:\/\/www.jeunes-ailes.org\">Cap sur le forum !<\/a>[\/vc_column_text][\/vc_column][vc_column parallax=&#8221;content-moving&#8221; width=&#8221;1\/4&#8243; css=&#8221;.vc_custom_1584804060463{margin-top: 10px !important;}&#8221;][tm_image image=&#8221;2374&#8243;][vc_column_text]\n<h4 class=\"special-title\"><a href=\"https:\/\/fr-fr.facebook.com\/groups\/jeunesailes\">Le Groupe Facebook<\/a><\/h4>\n<p>Il rassemble plus de 2400 membres qui \u00e9changent autour d&#8217;une passion commune. Visiter la page <a href=\"https:\/\/fr-fr.facebook.com\/groups\/jeunesailes\">Facebook des Jeunes Ailes.<\/a>[\/vc_column_text][\/vc_column][vc_column parallax=&#8221;content-moving&#8221; width=&#8221;1\/4&#8243; css=&#8221;.vc_custom_1584804078231{margin-top: -25px !important;}&#8221;][tm_image image=&#8221;2433&#8243;][vc_column_text]\n<h4 class=\"special-title\"><a href=\"https:\/\/www.instagram.com\/jeunes_ailes_association\/\">Instagram<\/a><\/h4>\n<p>Fan d&#8217;insta ? Venez visiter la page<a href=\"https:\/\/www.instagram.com\/jeunes_ailes_association\/\" target=\"_blank\" rel=\"noopener noreferrer\"> Instagram des Jeunes Ailes<\/a>. Vous y trouverez les principales photos et vid\u00e9os de nos diff\u00e9rents \u00e9v\u00e8nements.[\/vc_column_text][\/vc_column][vc_column parallax=&#8221;content-moving&#8221; width=&#8221;1\/4&#8243; css=&#8221;.vc_custom_1584804130600{margin-top: 45px !important;}&#8221;][tm_image image=&#8221;2434&#8243;][vc_column_text]\n<h4 class=\"special-title\"><a href=\"https:\/\/www.linkedin.com\/company\/jeunes-ailes\">LinkedIn<\/a><\/h4>\n<p>Nous sommes \u00e9galement pr\u00e9sent sur le r\u00e9seau professionnel n\u00b01 o\u00f9 nous remercions les entreprises qui nous ont re\u00e7ues ! Alors venez visiter la page <a href=\"https:\/\/www.linkedin.com\/company\/jeunes-ailes\" target=\"_blank\" rel=\"noopener noreferrer\">LinkedIn des Jeunes Ailes<\/a>.[\/vc_column_text][\/vc_column][\/vc_row][vc_row css=&#8221;.vc_custom_1588780057160{margin-top: -20px !important;}&#8221;][vc_column width=&#8221;1\/4&#8243;][tm_image image=&#8221;3159&#8243;][vc_column_text]\n<h4 class=\"special-title\"><a href=\"http:\/\/jeunes-ailes.asso.fr\/site\/index.php\/2020\/04\/09\/le-bar-des-pilotes-fait-son-grand-retour\/\">Le Bar des Pilotes<\/a><\/h4>\n<p>Initialement sous TeamSpeak, le Bar des Pilotes a \u00e9volu\u00e9 et migr\u00e9 sur <strong>Discord App<\/strong> qui dispose de diff\u00e9rents salons vocaux et textuels o\u00f9 vous pourrez \u00e9changer et participer au live!, conf\u00e9rences, r\u00e9unions JA, parties de simulation en r\u00e9seaux sur les diff\u00e9rents simulateurs, etc&#8230;<br \/>\n<a href=\"http:\/\/jeunes-ailes.asso.fr\/site\/index.php\/2020\/04\/09\/le-bar-des-pilotes-fait-son-grand-retour\/\">D\u00e9couvrir le nouveau Bar des Pilotes<\/a>[\/vc_column_text][\/vc_column][vc_column parallax=&#8221;content-moving&#8221; width=&#8221;1\/4&#8243; css=&#8221;.vc_custom_1584804060463{margin-top: 10px !important;}&#8221;][tm_image image=&#8221;3167&#8243;][vc_column_text]\n<h4 class=\"special-title\">Jeunes Ailes Simulation<\/h4>\n<p>La section simulation occupe une bonne partie de nos activit\u00e9s avec des soir\u00e9es \u00e0 th\u00eames sur les diff\u00e9rents simulateurs de vols : Flight Simulator 2020, P3D v4, DCS World, IL2, Deadstick simulator, Condor Soaring, etc&#8230;[\/vc_column_text][\/vc_column][vc_column parallax=&#8221;content-moving&#8221; width=&#8221;1\/4&#8243; css=&#8221;.vc_custom_1584804078231{margin-top: -25px !important;}&#8221;][tm_image image=&#8221;3168&#8243;][vc_column_text]\n<h4 class=\"special-title\"><a href=\"https:\/\/www.youtube.com\/channel\/UCGgfmoiZC9VebWsVi0MKsaA\">La Cha\u00eene Youtube<\/a><\/h4>\n<p>Vous y retrouverez une s\u00e9lection de vid\u00e9os des diff\u00e9rents contributeurs Jeunes Ailes ainsi que celles des diff\u00e9rents \u00e9v\u00e8nements.[\/vc_column_text][\/vc_column][vc_column parallax=&#8221;content-moving&#8221; width=&#8221;1\/4&#8243; css=&#8221;.vc_custom_1584804130600{margin-top: 45px !important;}&#8221;][tm_image image=&#8221;2443&#8243;][vc_column_text]\n<h4 class=\"special-title\"><a href=\"https:\/\/jeunes-ailes.asso.fr\/site\/index.php\/trombinair\/\">Le Trombin&#8217;Air<\/a><\/h4>\n<p>Le Trombinoscope des membres Jeunes Ailes depuis 2004.[\/vc_column_text][\/vc_column][\/vc_row][vc_row css=&#8221;.vc_custom_1588780134410{margin-top: -20px !important;}&#8221;][vc_column width=&#8221;1\/3&#8243; css=&#8221;.vc_custom_1584804209441{margin-top: 13px !important;}&#8221;][tm_image image=&#8221;2278&#8243;][vc_column_text]\n<h4 class=\"special-title\"><a href=\"http:\/\/jeunes-ailes.asso.fr\/site\/index.php\/about-us\/presentation\/\">L&#8217;Association Jeunes Ailes<\/a><\/h4>\n<p>Cr\u00e9\u00e9e en 2005, l&#8217;association Jeunes Ailes de loi 1901 \u00e0 but non lucratif, rassemble aujourd\u2019hui des passionn\u00e9s d&#8217;a\u00e9ronautique de tous \u00e2ges, dans le but de la promouvoir aupr\u00e8s des jeunes. Jeunes Ailes est d&#8217;une part un moyen de communication virtuel, mais \u00e9galement un vecteur de rencontres r\u00e9el par les diff\u00e9rents \u00e9v\u00e8nements organis\u00e9s tout au long de l&#8217;ann\u00e9e en France mais \u00e9galement hors de nos fronti\u00e8res.<\/p>\n<p><a href=\"http:\/\/jeunes-ailes.asso.fr\/site\/index.php\/presentation\/\">Lire la suite de la pr\u00e9sentation<\/a>[\/vc_column_text][\/vc_column][vc_column width=&#8221;1\/3&#8243; css=&#8221;.vc_custom_1584804177742{margin-top: 35px !important;}&#8221;][tm_image image=&#8221;2377&#8243;][vc_column_text]\n<h4 class=\"special-title\"><a href=\"http:\/\/jeunes-ailes.asso.fr\/site\/index.php\/about-us\/team\/\">L&#8217;\u00e9quipe Jeunes Ailes<\/a><\/h4>\n<p>Des b\u00e9n\u00e9voles, passionn\u00e9s d&#8217;a\u00e9ronautique de tous les horizons.<\/p>\n<p><a href=\"http:\/\/jeunes-ailes.asso.fr\/site\/index.php\/about-us\/team\/\">Rencontrer l&#8217;\u00e9quipe Jeunes Ailes<\/a>[\/vc_column_text][\/vc_column][vc_column width=&#8221;1\/3&#8243;][tm_image image=&#8221;2389&#8243;][vc_column_text]\n<h4 class=\"special-title\"><a href=\"http:\/\/jeunes-ailes.asso.fr\/site\/index.php\/media-press\/\">Revue de Presse<\/a><\/h4>\n<p>Nos amis de la presse a\u00e9ro (InfoPilote, A\u00e9robuzz, Piloter!, etc..) ainsi que la presse r\u00e9gionale et locale (Le Dauphin\u00e9, Le Progr\u00e8s, etc..) parlent de Jeunes Ailes.<\/p>\n<p><a href=\"http:\/\/jeunes-ailes.asso.fr\/site\/index.php\/media-press\/\">Acc\u00e9der \u00e0 l&#8217;espace presse<\/a>[\/vc_column_text][\/vc_column][\/vc_row][vc_row][vc_column][vc_text_separator title=&#8221;L&#8217;\u00e9quipe Jeunes Ailes&#8221; i_icon_fontawesome=&#8221;fas fa-users&#8221; i_color=&#8221;custom&#8221; i_size=&#8221;lg&#8221; style=&#8221;shadow&#8221; css_animation=&#8221;fadeIn&#8221; add_icon=&#8221;true&#8221; i_custom_color=&#8221;#00599e&#8221;][vc_raw_html]JTVCd3BtX3RlYW1fc2hvd2Nhc2UlMjBpZCUzRCUyMjMlMjIlNUQ=[\/vc_raw_html][tm_spacer size=&#8221;lg:30&#8243;][vc_btn title=&#8221;EN SAVOIR PLUS&#8221; style=&#8221;outline-custom&#8221; outline_custom_color=&#8221;#1e73be&#8221; outline_custom_hover_background=&#8221;#324b6b&#8221; outline_custom_hover_text=&#8221;#ffffff&#8221; shape=&#8221;round&#8221; size=&#8221;sm&#8221; align=&#8221;center&#8221; i_align=&#8221;right&#8221; i_icon_fontawesome=&#8221;fas fa-user-plus&#8221; css_animation=&#8221;bounceInLeft&#8221; add_icon=&#8221;true&#8221; link=&#8221;url:https%3A%2F%2Fjeunes-ailes.asso.fr%2Fsite%2Findex.php%2Fteam%2F|title:Equipe%20Jeunes%20Ailes&#8221; css=&#8221;.vc_custom_1611941508666{margin-bottom: 15px !important;}&#8221;][\/vc_column][\/vc_row]\n","protected":false},"excerpt":{"rendered":"<p>[vc_row css=&#8221;.vc_custom_1594212525524{background-color: rgba(255,255,255,0.65) !important;*background-color: rgb(255,255,255) !important;border-radius: 20px !important;}&#8221;][vc_column video_bg=&#8221;yes&#8221;][vc_column_text css=&#8221;.vc_custom_1611915792454{padding-top: 20px !important;padding-right: 20px !important;padding-bottom: 20px !important;padding-left: 20px !important;}&#8221;]Association de loi 1901 \u00e0 but non lucratif, Jeunes Ailes rassemble aujourd\u2019hui des passionn\u00e9s de l\u2019a\u00e9ronautique de tous \u00e2ges. Ses membres sont tous des passionn\u00e9s d\u2019a\u00e9ronautique, amateurs de l\u2019air en g\u00e9n\u00e9ral mais \u00e9galement des professionnels du milieu a\u00e9ronautique : pilotes de transport et pilotes de chasse dans l\u2019Arm\u00e9e de l\u2019Air, contr\u00f4leurs a\u00e9riens civils, techniciens et ing\u00e9nieurs a\u00e9ronautiques, pilotes de lignes et d\u2019aviation d\u2019affaire, pilotes de voltige de haut niveau, instructeurs, etc.. Jeunes Ailes est d&#8217;une part un moyen de communication virtuel, mais \u00e9galement un vecteur de rencontres r\u00e9el par les diff\u00e9rents \u00e9v\u00e8nements organis\u00e9s tout au long de l&#8217;ann\u00e9e : &#8211; Week-ends de d\u00e9couverte du vol montagne en hiver et en \u00e9t\u00e9 (atterrissages sur altiports, altisurfaces et glaciers en Mousquetaire, Abeille et D119). &#8211; Vols de printemps (rassemblements a\u00e9riens printaniers sur deux a\u00e9rodromes). &#8211; Rencontres lors de divers salons et meetings a\u00e9riens. &#8211; Voyages A\u00e9ronautique (en Corse avec une grande travers\u00e9e maritime \u00e0 bord d\u2019avions d\u2019a\u00e9roclubs, Ile d&#8217;Yeu, Ol\u00e9ron, etc..). &#8211; Rassemblement annuel national des Jeunes Ailes \u00ab JAssemblement \u00bb. &#8211; Stages de planeur, parapente, vol montagne, etc&#8230; &#8211; Visites de centres de contr\u00f4les et d&#8217;installations civiles \u00e0 caract\u00e8re a\u00e9ronautique (S\u00e9curit\u00e9 Civile, Bases A\u00e9riennes, SAF, Pilatus, A\u00e9roports de Lyon et Gen\u00e8ve, etc..). Ces rassemblements a\u00e9riens permettent aux diff\u00e9rents passionn\u00e9s de se rencontrer, de discuter et d&#8217;\u00e9changer sur leur passion commune, tout en profitant des agr\u00e9ments d&#8217;un vol pour s&#8217;y rendre. Les plus jeunes membres sont \u00e2g\u00e9s de 12 ans, et notre doyen est \u00e2g\u00e9 de 85 ans ! Il n&#8217;y a aucune autre condition pour \u00eatre membre que d&#8217;\u00eatre passionn\u00e9 d&#8217;a\u00e9ronautique. Ainsi, pilotes d&#8217;avion, de planeur, d&#8217;ULM, de parachute, d&#8217;h\u00e9licopt\u00e8re, de voltige, \u00e9l\u00e8ve pilote, instructeur&#8230; se c\u00f4toient dans un lieu commun afin de partager leurs exp\u00e9riences, ce qui est unique en France et en Europe. L\u2019association compte d\u2019ailleurs parmi ses membres des belges, des suisses, des luxembourgeois, des canadiens, etc..[\/vc_column_text][tm_image align=&#8221;center&#8221; image=&#8221;2377&#8243;][tm_spacer size=&#8221;lg:20&#8243;][vc_btn title=&#8221;EN SAVOIR PLUS&#8221; style=&#8221;outline-custom&#8221; outline_custom_color=&#8221;#1e73be&#8221; outline_custom_hover_background=&#8221;#324b6b&#8221; outline_custom_hover_text=&#8221;#ffffff&#8221; shape=&#8221;round&#8221; size=&#8221;sm&#8221; align=&#8221;center&#8221; i_align=&#8221;right&#8221; i_icon_fontawesome=&#8221;fas fa-paper-plane&#8221; css_animation=&#8221;bounceInLeft&#8221; add_icon=&#8221;true&#8221; link=&#8221;url:http%3A%2F%2Fjeunes-ailes.asso.fr%2Fsite%2Findex.php%2Fpresentation%2F|title:Pr%C3%A9sentation||&#8221; css=&#8221;.vc_custom_1611941276064{margin-bottom: 15px !important;}&#8221;][tm_spacer size=&#8221;lg:30&#8243;][\/vc_column][\/vc_row][vc_row][vc_column][vc_text_separator title=&#8221;Acc\u00e8s Rapide&#8221; i_icon_fontawesome=&#8221;fas fa-external-link-alt&#8221; i_color=&#8221;custom&#8221; i_size=&#8221;lg&#8221; style=&#8221;shadow&#8221; css_animation=&#8221;fadeIn&#8221; add_icon=&#8221;true&#8221; i_custom_color=&#8221;#00599e&#8221;][vc_column_text] Ci-dessous un acc\u00e8s direct aux diff\u00e9rents lieux d&#8217;\u00e9change incontournables de Jeunes Ailes sur la toile : [\/vc_column_text][tm_spacer size=&#8221;lg:30&#8243;][\/vc_column][\/vc_row][vc_row css=&#8221;.vc_custom_1588774766267{margin-top: -60px !important;}&#8221;][vc_column width=&#8221;1\/4&#8243;][tm_image image=&#8221;2376&#8243;][vc_column_text] Le Forum de discussion Plus de 7000 membres, 120 000 messages et 10 000 sujets. Une vraie mine d&#8217;informations et un lieu d&#8217;\u00e9changes incontournable ! C&#8217;est ici que Jeunes Ailes a vu le jour. Cap sur le forum ![\/vc_column_text][\/vc_column][vc_column parallax=&#8221;content-moving&#8221; width=&#8221;1\/4&#8243; css=&#8221;.vc_custom_1584804060463{margin-top: 10px !important;}&#8221;][tm_image image=&#8221;2374&#8243;][vc_column_text] Le Groupe Facebook Il rassemble plus de 2400 membres qui \u00e9changent autour d&#8217;une passion commune. Visiter la page Facebook des Jeunes Ailes.[\/vc_column_text][\/vc_column][vc_column parallax=&#8221;content-moving&#8221; width=&#8221;1\/4&#8243; css=&#8221;.vc_custom_1584804078231{margin-top: -25px !important;}&#8221;][tm_image image=&#8221;2433&#8243;][vc_column_text] Instagram Fan d&#8217;insta ? Venez visiter la page Instagram des Jeunes Ailes. Vous y trouverez les principales photos et vid\u00e9os de nos diff\u00e9rents \u00e9v\u00e8nements.[\/vc_column_text][\/vc_column][vc_column parallax=&#8221;content-moving&#8221; width=&#8221;1\/4&#8243; css=&#8221;.vc_custom_1584804130600{margin-top: 45px !important;}&#8221;][tm_image image=&#8221;2434&#8243;][vc_column_text] LinkedIn Nous sommes \u00e9galement pr\u00e9sent sur le r\u00e9seau professionnel n\u00b01 o\u00f9 nous remercions les entreprises qui nous ont re\u00e7ues ! Alors venez visiter la page LinkedIn des Jeunes Ailes.[\/vc_column_text][\/vc_column][\/vc_row][vc_row css=&#8221;.vc_custom_1588780057160{margin-top: -20px !important;}&#8221;][vc_column width=&#8221;1\/4&#8243;][tm_image image=&#8221;3159&#8243;][vc_column_text] Le Bar des Pilotes Initialement sous TeamSpeak, le Bar des Pilotes a \u00e9volu\u00e9 et migr\u00e9 sur Discord App qui dispose de diff\u00e9rents salons vocaux et textuels o\u00f9 vous pourrez \u00e9changer et participer au live!, conf\u00e9rences, r\u00e9unions JA, parties de simulation en r\u00e9seaux sur les diff\u00e9rents simulateurs, etc&#8230; D\u00e9couvrir le nouveau Bar des Pilotes[\/vc_column_text][\/vc_column][vc_column parallax=&#8221;content-moving&#8221; width=&#8221;1\/4&#8243; css=&#8221;.vc_custom_1584804060463{margin-top: 10px !important;}&#8221;][tm_image image=&#8221;3167&#8243;][vc_column_text] Jeunes Ailes Simulation La section simulation occupe une bonne partie de nos activit\u00e9s avec des soir\u00e9es \u00e0 th\u00eames sur les diff\u00e9rents simulateurs de vols : Flight Simulator 2020, P3D v4, DCS World, IL2, Deadstick simulator, Condor Soaring, etc&#8230;[\/vc_column_text][\/vc_column][vc_column parallax=&#8221;content-moving&#8221; width=&#8221;1\/4&#8243; css=&#8221;.vc_custom_1584804078231{margin-top: -25px !important;}&#8221;][tm_image image=&#8221;3168&#8243;][vc_column_text] La Cha\u00eene Youtube Vous y retrouverez une s\u00e9lection de vid\u00e9os des diff\u00e9rents contributeurs Jeunes Ailes ainsi que celles des diff\u00e9rents \u00e9v\u00e8nements.[\/vc_column_text][\/vc_column][vc_column parallax=&#8221;content-moving&#8221; width=&#8221;1\/4&#8243; css=&#8221;.vc_custom_1584804130600{margin-top: 45px !important;}&#8221;][tm_image image=&#8221;2443&#8243;][vc_column_text] Le Trombin&#8217;Air Le Trombinoscope des membres Jeunes Ailes depuis 2004.[\/vc_column_text][\/vc_column][\/vc_row][vc_row css=&#8221;.vc_custom_1588780134410{margin-top: -20px !important;}&#8221;][vc_column width=&#8221;1\/3&#8243; css=&#8221;.vc_custom_1584804209441{margin-top: 13px !important;}&#8221;][tm_image image=&#8221;2278&#8243;][vc_column_text] L&#8217;Association Jeunes Ailes Cr\u00e9\u00e9e en 2005, l&#8217;association Jeunes Ailes de loi 1901 \u00e0 but non lucratif, rassemble aujourd\u2019hui des passionn\u00e9s d&#8217;a\u00e9ronautique de tous \u00e2ges, dans le but de la promouvoir aupr\u00e8s des jeunes. Jeunes Ailes est d&#8217;une part un moyen de communication virtuel, mais \u00e9galement un vecteur de rencontres r\u00e9el par les diff\u00e9rents \u00e9v\u00e8nements organis\u00e9s tout au long de l&#8217;ann\u00e9e en France mais \u00e9galement hors de nos fronti\u00e8res. Lire la suite de la pr\u00e9sentation[\/vc_column_text][\/vc_column][vc_column width=&#8221;1\/3&#8243; css=&#8221;.vc_custom_1584804177742{margin-top: 35px !important;}&#8221;][tm_image image=&#8221;2377&#8243;][vc_column_text] L&#8217;\u00e9quipe Jeunes Ailes Des b\u00e9n\u00e9voles, passionn\u00e9s d&#8217;a\u00e9ronautique de tous les horizons. Rencontrer l&#8217;\u00e9quipe Jeunes Ailes[\/vc_column_text][\/vc_column][vc_column width=&#8221;1\/3&#8243;][tm_image image=&#8221;2389&#8243;][vc_column_text] Revue de Presse Nos amis de la presse a\u00e9ro (InfoPilote, A\u00e9robuzz, Piloter!, etc..) ainsi que la presse r\u00e9gionale et locale (Le Dauphin\u00e9, Le Progr\u00e8s, etc..) parlent de Jeunes Ailes. Acc\u00e9der \u00e0 l&#8217;espace presse[\/vc_column_text][\/vc_column][\/vc_row][vc_row][vc_column][vc_text_separator title=&#8221;L&#8217;\u00e9quipe Jeunes Ailes&#8221; i_icon_fontawesome=&#8221;fas fa-users&#8221; i_color=&#8221;custom&#8221; i_size=&#8221;lg&#8221; style=&#8221;shadow&#8221; css_animation=&#8221;fadeIn&#8221; add_icon=&#8221;true&#8221; i_custom_color=&#8221;#00599e&#8221;][vc_raw_html]JTVCd3BtX3RlYW1fc2hvd2Nhc2UlMjBpZCUzRCUyMjMlMjIlNUQ=[\/vc_raw_html][tm_spacer size=&#8221;lg:30&#8243;][vc_btn title=&#8221;EN SAVOIR PLUS&#8221; style=&#8221;outline-custom&#8221; outline_custom_color=&#8221;#1e73be&#8221; outline_custom_hover_background=&#8221;#324b6b&#8221; outline_custom_hover_text=&#8221;#ffffff&#8221; shape=&#8221;round&#8221; size=&#8221;sm&#8221; align=&#8221;center&#8221; i_align=&#8221;right&#8221; i_icon_fontawesome=&#8221;fas fa-user-plus&#8221; css_animation=&#8221;bounceInLeft&#8221; add_icon=&#8221;true&#8221; link=&#8221;url:https%3A%2F%2Fjeunes-ailes.asso.fr%2Fsite%2Findex.php%2Fteam%2F|title:Equipe%20Jeunes%20Ailes&#8221; css=&#8221;.vc_custom_1611941508666{margin-bottom: 15px !important;}&#8221;][\/vc_column][\/vc_row]<\/p>\n","protected":false},"author":1,"featured_media":2278,"parent":0,"menu_order":0,"comment_status":"closed","ping_status":"closed","template":"","meta":{"_mi_skip_tracking":false,"footnotes":""},"class_list":["post-1983","page","type-page","status-publish","has-post-thumbnail","hentry"],"yoast_head":"<!-- This site is optimized with the Yoast SEO plugin v17.8 - https:\/\/yoast.com\/wordpress\/plugins\/seo\/ -->\n<title>Jeunes Ailes : le site officiel de l&#039;association<\/title>\n<meta name=\"description\" content=\"Association de loi 1901 \u00e0 but non lucratif, Jeunes Ailes rassemble aujourd\u2019hui des passionn\u00e9s de l\u2019a\u00e9ronautique de tous \u00e2ges.Ses membres sont tous des passionn\u00e9s d\u2019a\u00e9ronautique, amateurs de l\u2019air en g\u00e9n\u00e9ral mais \u00e9galement des professionnels du milieu a\u00e9ronautique : pilotes de transport et pilotes de chasse dans l\u2019Arm\u00e9e de l\u2019Air, contr\u00f4leurs a\u00e9riens civils, techniciens et ing\u00e9nieurs a\u00e9ronautiques, pilotes de lignes et d\u2019aviation d\u2019affaire, pilotes de voltige de haut niveau, instructeurs, etc..\" \/>\n<meta name=\"robots\" content=\"index, follow, max-snippet:-1, max-image-preview:large, max-video-preview:-1\" \/>\n<link rel=\"canonical\" href=\"https:\/\/jeunes-ailes.asso.fr\/site\/index.php\/accueil\/\" \/>\n<meta property=\"og:locale\" content=\"fr_FR\" \/>\n<meta property=\"og:type\" content=\"article\" \/>\n<meta property=\"og:title\" content=\"Jeunes Ailes : le site officiel de l&#039;association\" \/>\n<meta property=\"og:description\" content=\"Association de loi 1901 \u00e0 but non lucratif, Jeunes Ailes rassemble aujourd\u2019hui des passionn\u00e9s de l\u2019a\u00e9ronautique de tous \u00e2ges.Ses membres sont tous des passionn\u00e9s d\u2019a\u00e9ronautique, amateurs de l\u2019air en g\u00e9n\u00e9ral mais \u00e9galement des professionnels du milieu a\u00e9ronautique : pilotes de transport et pilotes de chasse dans l\u2019Arm\u00e9e de l\u2019Air, contr\u00f4leurs a\u00e9riens civils, techniciens et ing\u00e9nieurs a\u00e9ronautiques, pilotes de lignes et d\u2019aviation d\u2019affaire, pilotes de voltige de haut niveau, instructeurs, etc..\" \/>\n<meta property=\"og:url\" content=\"https:\/\/jeunes-ailes.asso.fr\/site\/index.php\/accueil\/\" \/>\n<meta property=\"og:site_name\" content=\"Jeunes Ailes\" \/>\n<meta property=\"article:publisher\" content=\"https:\/\/fr-fr.facebook.com\/groups\/jeunesailes\" \/>\n<meta property=\"article:modified_time\" content=\"2021-01-29T17:31:50+00:00\" \/>\n<meta property=\"og:image\" content=\"https:\/\/jeunes-ailes.asso.fr\/site\/wp-content\/uploads\/2018\/05\/avion-JA.jpg\" \/>\n\t<meta property=\"og:image:width\" content=\"500\" \/>\n\t<meta property=\"og:image:height\" content=\"315\" \/>\n<meta name=\"twitter:card\" content=\"summary_large_image\" \/>\n<meta name=\"twitter:label1\" content=\"Dur\u00e9e de lecture estim\u00e9e\" \/>\n\t<meta name=\"twitter:data1\" content=\"4 minutes\" \/>\n<script type=\"application\/ld+json\" class=\"yoast-schema-graph\">{\"@context\":\"https:\/\/schema.org\",\"@graph\":[{\"@type\":\"Organization\",\"@id\":\"https:\/\/jeunes-ailes.asso.fr\/site\/#organization\",\"name\":\"Jeunes Ailes\",\"url\":\"https:\/\/jeunes-ailes.asso.fr\/site\/\",\"sameAs\":[\"https:\/\/fr-fr.facebook.com\/groups\/jeunesailes\",\"https:\/\/www.instagram.com\/jeunes_ailes_association\/\",\"https:\/\/www.linkedin.com\/company\/jeunes-ailes\",\"https:\/\/www.youtube.com\/playlist?list=PLMEx60-fXLQt8yMxQ0iUZznXvUdgvr6WR\",\"https:\/\/fr.wikipedia.org\/wiki\/JA\"],\"logo\":{\"@type\":\"ImageObject\",\"@id\":\"https:\/\/jeunes-ailes.asso.fr\/site\/#logo\",\"inLanguage\":\"fr-FR\",\"url\":\"https:\/\/jeunes-ailes.asso.fr\/site\/wp-content\/uploads\/2018\/05\/logo-jeunes-ailes.png\",\"contentUrl\":\"https:\/\/jeunes-ailes.asso.fr\/site\/wp-content\/uploads\/2018\/05\/logo-jeunes-ailes.png\",\"width\":500,\"height\":464,\"caption\":\"Jeunes Ailes\"},\"image\":{\"@id\":\"https:\/\/jeunes-ailes.asso.fr\/site\/#logo\"}},{\"@type\":\"WebSite\",\"@id\":\"https:\/\/jeunes-ailes.asso.fr\/site\/#website\",\"url\":\"https:\/\/jeunes-ailes.asso.fr\/site\/\",\"name\":\"Jeunes Ailes\",\"description\":\"le site officiel de l&#039;association Jeunes Ailes, les passionn\\u00e9s d&#039;a\\u00e9ronautique\",\"publisher\":{\"@id\":\"https:\/\/jeunes-ailes.asso.fr\/site\/#organization\"},\"potentialAction\":[{\"@type\":\"SearchAction\",\"target\":{\"@type\":\"EntryPoint\",\"urlTemplate\":\"https:\/\/jeunes-ailes.asso.fr\/site\/?s={search_term_string}\"},\"query-input\":\"required name=search_term_string\"}],\"inLanguage\":\"fr-FR\"},{\"@type\":\"ImageObject\",\"@id\":\"https:\/\/jeunes-ailes.asso.fr\/site\/index.php\/accueil\/#primaryimage\",\"inLanguage\":\"fr-FR\",\"url\":\"https:\/\/jeunes-ailes.asso.fr\/site\/wp-content\/uploads\/2018\/05\/avion-JA.jpg\",\"contentUrl\":\"https:\/\/jeunes-ailes.asso.fr\/site\/wp-content\/uploads\/2018\/05\/avion-JA.jpg\",\"width\":500,\"height\":315},{\"@type\":\"WebPage\",\"@id\":\"https:\/\/jeunes-ailes.asso.fr\/site\/index.php\/accueil\/#webpage\",\"url\":\"https:\/\/jeunes-ailes.asso.fr\/site\/index.php\/accueil\/\",\"name\":\"Jeunes Ailes : le site officiel de l'association\",\"isPartOf\":{\"@id\":\"https:\/\/jeunes-ailes.asso.fr\/site\/#website\"},\"primaryImageOfPage\":{\"@id\":\"https:\/\/jeunes-ailes.asso.fr\/site\/index.php\/accueil\/#primaryimage\"},\"datePublished\":\"2014-03-03T16:10:36+00:00\",\"dateModified\":\"2021-01-29T17:31:50+00:00\",\"description\":\"Association de loi 1901 \\u00e0 but non lucratif, Jeunes Ailes rassemble aujourd\\u2019hui des passionn\\u00e9s de l\\u2019a\\u00e9ronautique de tous \\u00e2ges.Ses membres sont tous des passionn\\u00e9s d\\u2019a\\u00e9ronautique, amateurs de l\\u2019air en g\\u00e9n\\u00e9ral mais \\u00e9galement des professionnels du milieu a\\u00e9ronautique : pilotes de transport et pilotes de chasse dans l\\u2019Arm\\u00e9e de l\\u2019Air, contr\\u00f4leurs a\\u00e9riens civils, techniciens et ing\\u00e9nieurs a\\u00e9ronautiques, pilotes de lignes et d\\u2019aviation d\\u2019affaire, pilotes de voltige de haut niveau, instructeurs, etc..\",\"breadcrumb\":{\"@id\":\"https:\/\/jeunes-ailes.asso.fr\/site\/index.php\/accueil\/#breadcrumb\"},\"inLanguage\":\"fr-FR\",\"potentialAction\":[{\"@type\":\"ReadAction\",\"target\":[\"https:\/\/jeunes-ailes.asso.fr\/site\/index.php\/accueil\/\"]}]},{\"@type\":\"BreadcrumbList\",\"@id\":\"https:\/\/jeunes-ailes.asso.fr\/site\/index.php\/accueil\/#breadcrumb\",\"itemListElement\":[{\"@type\":\"ListItem\",\"position\":1,\"name\":\"Home\",\"item\":\"https:\/\/jeunes-ailes.asso.fr\/site\/\"},{\"@type\":\"ListItem\",\"position\":2,\"name\":\"Accueil\"}]}]}<\/script>\n<!-- \/ Yoast SEO plugin. -->","yoast_head_json":{"title":"Jeunes Ailes : le site officiel de l'association","description":"Association de loi 1901 \u00e0 but non lucratif, Jeunes Ailes rassemble aujourd\u2019hui des passionn\u00e9s de l\u2019a\u00e9ronautique de tous \u00e2ges.Ses membres sont tous des passionn\u00e9s d\u2019a\u00e9ronautique, amateurs de l\u2019air en g\u00e9n\u00e9ral mais \u00e9galement des professionnels du milieu a\u00e9ronautique : pilotes de transport et pilotes de chasse dans l\u2019Arm\u00e9e de l\u2019Air, contr\u00f4leurs a\u00e9riens civils, techniciens et ing\u00e9nieurs a\u00e9ronautiques, pilotes de lignes et d\u2019aviation d\u2019affaire, pilotes de voltige de haut niveau, instructeurs, etc..","robots":{"index":"index","follow":"follow","max-snippet":"max-snippet:-1","max-image-preview":"max-image-preview:large","max-video-preview":"max-video-preview:-1"},"canonical":"https:\/\/jeunes-ailes.asso.fr\/site\/index.php\/accueil\/","og_locale":"fr_FR","og_type":"article","og_title":"Jeunes Ailes : le site officiel de l'association","og_description":"Association de loi 1901 \u00e0 but non lucratif, Jeunes Ailes rassemble aujourd\u2019hui des passionn\u00e9s de l\u2019a\u00e9ronautique de tous \u00e2ges.Ses membres sont tous des passionn\u00e9s d\u2019a\u00e9ronautique, amateurs de l\u2019air en g\u00e9n\u00e9ral mais \u00e9galement des professionnels du milieu a\u00e9ronautique : pilotes de transport et pilotes de chasse dans l\u2019Arm\u00e9e de l\u2019Air, contr\u00f4leurs a\u00e9riens civils, techniciens et ing\u00e9nieurs a\u00e9ronautiques, pilotes de lignes et d\u2019aviation d\u2019affaire, pilotes de voltige de haut niveau, instructeurs, etc..","og_url":"https:\/\/jeunes-ailes.asso.fr\/site\/index.php\/accueil\/","og_site_name":"Jeunes Ailes","article_publisher":"https:\/\/fr-fr.facebook.com\/groups\/jeunesailes","article_modified_time":"2021-01-29T17:31:50+00:00","og_image":[{"width":500,"height":315,"url":"https:\/\/jeunes-ailes.asso.fr\/site\/wp-content\/uploads\/2018\/05\/avion-JA.jpg","type":"image\/jpeg"}],"twitter_card":"summary_large_image","twitter_misc":{"Dur\u00e9e de lecture estim\u00e9e":"4 minutes"},"schema":{"@context":"https:\/\/schema.org","@graph":[{"@type":"Organization","@id":"https:\/\/jeunes-ailes.asso.fr\/site\/#organization","name":"Jeunes Ailes","url":"https:\/\/jeunes-ailes.asso.fr\/site\/","sameAs":["https:\/\/fr-fr.facebook.com\/groups\/jeunesailes","https:\/\/www.instagram.com\/jeunes_ailes_association\/","https:\/\/www.linkedin.com\/company\/jeunes-ailes","https:\/\/www.youtube.com\/playlist?list=PLMEx60-fXLQt8yMxQ0iUZznXvUdgvr6WR","https:\/\/fr.wikipedia.org\/wiki\/JA"],"logo":{"@type":"ImageObject","@id":"https:\/\/jeunes-ailes.asso.fr\/site\/#logo","inLanguage":"fr-FR","url":"https:\/\/jeunes-ailes.asso.fr\/site\/wp-content\/uploads\/2018\/05\/logo-jeunes-ailes.png","contentUrl":"https:\/\/jeunes-ailes.asso.fr\/site\/wp-content\/uploads\/2018\/05\/logo-jeunes-ailes.png","width":500,"height":464,"caption":"Jeunes Ailes"},"image":{"@id":"https:\/\/jeunes-ailes.asso.fr\/site\/#logo"}},{"@type":"WebSite","@id":"https:\/\/jeunes-ailes.asso.fr\/site\/#website","url":"https:\/\/jeunes-ailes.asso.fr\/site\/","name":"Jeunes Ailes","description":"le site officiel de l&#039;association Jeunes Ailes, les passionn\u00e9s d&#039;a\u00e9ronautique","publisher":{"@id":"https:\/\/jeunes-ailes.asso.fr\/site\/#organization"},"potentialAction":[{"@type":"SearchAction","target":{"@type":"EntryPoint","urlTemplate":"https:\/\/jeunes-ailes.asso.fr\/site\/?s={search_term_string}"},"query-input":"required name=search_term_string"}],"inLanguage":"fr-FR"},{"@type":"ImageObject","@id":"https:\/\/jeunes-ailes.asso.fr\/site\/index.php\/accueil\/#primaryimage","inLanguage":"fr-FR","url":"https:\/\/jeunes-ailes.asso.fr\/site\/wp-content\/uploads\/2018\/05\/avion-JA.jpg","contentUrl":"https:\/\/jeunes-ailes.asso.fr\/site\/wp-content\/uploads\/2018\/05\/avion-JA.jpg","width":500,"height":315},{"@type":"WebPage","@id":"https:\/\/jeunes-ailes.asso.fr\/site\/index.php\/accueil\/#webpage","url":"https:\/\/jeunes-ailes.asso.fr\/site\/index.php\/accueil\/","name":"Jeunes Ailes : le site officiel de l'association","isPartOf":{"@id":"https:\/\/jeunes-ailes.asso.fr\/site\/#website"},"primaryImageOfPage":{"@id":"https:\/\/jeunes-ailes.asso.fr\/site\/index.php\/accueil\/#primaryimage"},"datePublished":"2014-03-03T16:10:36+00:00","dateModified":"2021-01-29T17:31:50+00:00","description":"Association de loi 1901 \u00e0 but non lucratif, Jeunes Ailes rassemble aujourd\u2019hui des passionn\u00e9s de l\u2019a\u00e9ronautique de tous \u00e2ges.Ses membres sont tous des passionn\u00e9s d\u2019a\u00e9ronautique, amateurs de l\u2019air en g\u00e9n\u00e9ral mais \u00e9galement des professionnels du milieu a\u00e9ronautique : pilotes de transport et pilotes de chasse dans l\u2019Arm\u00e9e de l\u2019Air, contr\u00f4leurs a\u00e9riens civils, techniciens et ing\u00e9nieurs a\u00e9ronautiques, pilotes de lignes et d\u2019aviation d\u2019affaire, pilotes de voltige de haut niveau, instructeurs, etc..","breadcrumb":{"@id":"https:\/\/jeunes-ailes.asso.fr\/site\/index.php\/accueil\/#breadcrumb"},"inLanguage":"fr-FR","potentialAction":[{"@type":"ReadAction","target":["https:\/\/jeunes-ailes.asso.fr\/site\/index.php\/accueil\/"]}]},{"@type":"BreadcrumbList","@id":"https:\/\/jeunes-ailes.asso.fr\/site\/index.php\/accueil\/#breadcrumb","itemListElement":[{"@type":"ListItem","position":1,"name":"Home","item":"https:\/\/jeunes-ailes.asso.fr\/site\/"},{"@type":"ListItem","position":2,"name":"Accueil"}]}]}},"_links":{"self":[{"href":"https:\/\/jeunes-ailes.asso.fr\/site\/index.php\/wp-json\/wp\/v2\/pages\/1983","targetHints":{"allow":["GET"]}}],"collection":[{"href":"https:\/\/jeunes-ailes.asso.fr\/site\/index.php\/wp-json\/wp\/v2\/pages"}],"about":[{"href":"https:\/\/jeunes-ailes.asso.fr\/site\/index.php\/wp-json\/wp\/v2\/types\/page"}],"author":[{"embeddable":true,"href":"https:\/\/jeunes-ailes.asso.fr\/site\/index.php\/wp-json\/wp\/v2\/users\/1"}],"replies":[{"embeddable":true,"href":"https:\/\/jeunes-ailes.asso.fr\/site\/index.php\/wp-json\/wp\/v2\/comments?post=1983"}],"version-history":[{"count":14,"href":"https:\/\/jeunes-ailes.asso.fr\/site\/index.php\/wp-json\/wp\/v2\/pages\/1983\/revisions"}],"predecessor-version":[{"id":4419,"href":"https:\/\/jeunes-ailes.asso.fr\/site\/index.php\/wp-json\/wp\/v2\/pages\/1983\/revisions\/4419"}],"wp:featuredmedia":[{"embeddable":true,"href":"https:\/\/jeunes-ailes.asso.fr\/site\/index.php\/wp-json\/wp\/v2\/media\/2278"}],"wp:attachment":[{"href":"https:\/\/jeunes-ailes.asso.fr\/site\/index.php\/wp-json\/wp\/v2\/media?parent=1983"}],"curies":[{"name":"wp","href":"https:\/\/api.w.org\/{rel}","templated":true}]}}